{"id":54,"date":"2018-09-05T14:31:04","date_gmt":"2018-09-05T14:31:04","guid":{"rendered":"https:\/\/www.meblekukulka.pl\/bloghestia-front\/"},"modified":"2022-08-08T16:22:41","modified_gmt":"2022-08-08T16:22:41","slug":"index","status":"publish","type":"page","link":"https:\/\/meblekukulka.pl\/blog\/","title":{"rendered":"Front Page"},"content":{"rendered":"<!--themify_builder_content-->\n<div id=\"themify_builder_content-54\" data-postid=\"54\" class=\"themify_builder_content themify_builder_content-54 themify_builder tf_clear\">\n    \t<!-- module_row -->\n\t<div  data-lazy=\"1\" class=\"module_row themify_builder_row tb_mtl3724 tb_first tf_clearfix\">\n\t    \t\t<div class=\"row_inner col_align_top col-count-1 tf_box tf_w tf_rel\">\n\t\t\t<div  data-lazy=\"1\" class=\"module_column tb-column col-full first tb_hd9m725 tf_box\">\n\t\t\t    \t        <div class=\"tb-column-inner tf_box tf_w\">\n\t\t    <!-- module text -->\n<div  class=\"module module-text tb_9utt127   \" data-lazy=\"1\">\n        <div  class=\"tb_text_wrap\">\n    <h1>Blog Meble Kuku\u0142ka<\/h1>    <\/div>\n<\/div>\n<!-- \/module text -->\t        <\/div>\n\t    \t<\/div>\n\t\t    <\/div>\n\t    <!-- \/row_inner -->\n\t<\/div>\n\t<!-- \/module_row -->\n\t\t<!-- module_row -->\n\t<div  data-lazy=\"1\" class=\"module_row themify_builder_row tb_k4fw62 tf_clearfix\">\n\t    \t\t<div class=\"row_inner col_align_top col-count-1 tf_box tf_w tf_rel\">\n\t\t\t<div  data-lazy=\"1\" class=\"module_column tb-column col-full first tb_pxwq62 tf_box\">\n\t\t\t    \t        <div class=\"tb-column-inner tf_box tf_w\">\n\t\t        <!-- module post -->\n    <div  class=\"module module-post tb_soks65 \">\n                <div  class=\"builder-posts-wrap loops-wrapper list-thumb-image tf_clear tf_clearfix\" data-lazy=\"1\">\n            \n<article id=\"post-857\" class=\"post tf_clearfix post-857 type-post status-publish format-standard has-post-thumbnail hentry category-inspiracje has-post-title no-post-date has-post-category has-post-tag has-post-comment has-post-author \">\n\t\n\t\t\t\t<figure class=\"post-image tf_clearfix\">\n\t\t\t    \t\t\t\t\t\t\t\t<a href=\"https:\/\/meblekukulka.pl\/blog\/pokoj-chlopca-jak-urzadzic\/\">\n\t\t\t\t\t\t\t\t<img loading=\"lazy\" decoding=\"async\" src=\"https:\/\/meblekukulka.pl\/blog\/wp-content\/uploads\/2019\/04\/pokoj-dla-chlopca-jak-urzadzic-300x250.png\" width=\"300\" height=\"250\" class=\"wp-post-image wp-image-858\" title=\"pokoj-dla-chlopca-jak-urzadzic\" alt=\"pokoj-dla-chlopca-jak-urzadzic\">\t\t\t\t\t\t\t\t    \t\t\t\t<\/a>\n\t\t\t\t\t\t\t    \t\t\t<\/figure>\n\t\t\t\n\t<div class=\"post-content\">\n        \t\t<div class=\"post-content-inner-wrapper\">\n\t\t\t<div class=\"post-content-inner\">\n\t\n\t\t\t\t<span class=\"post-cat-tag-wrap\">\n\t\t<span class=\"post-category\"><a href=\"https:\/\/meblekukulka.pl\/blog\/category\/inspiracje\/\" rel=\"tag\" class=\"term-inspiracje\">Inspiracje<\/a><\/span>\t<\/span>\n\t\n\t\t\t\n\t\t\t<h2 class=\"post-title entry-title\"><a href=\"https:\/\/meblekukulka.pl\/blog\/pokoj-chlopca-jak-urzadzic\/\">Pok\u00f3j ch\u0142opca &#8211; Jak urz\u0105dzi\u0107?<\/a><\/h2>\t\t\t\n\t\t\t\t\t\t\t<p class=\"post-meta entry-meta\">\n\t\t\t\t\t\t\t\t\t\t\t<span class=\"post-author\"><span class=\"author vcard\"><a class=\"url fn n\" href=\"\" rel=\"author\"><\/a><\/span><\/span>\n\t\t\t\t\t\t\t\t\t\t\n\t\t\t\t\t        <span class=\"post-comment\">\n\t       <a href=\"https:\/\/meblekukulka.pl\/blog\/pokoj-chlopca-jak-urzadzic\/#comments\">2 komentarze<\/a>\t    <\/span>\n\t\t\t\t\t\t\t\n\t\t\t\t\t\t\t\t\t<\/p>\n\t\t\t\n\t\t\t\t\t\t\n\t\t\t\t<div class=\"entry-content\">\n\n        \n\t\t<p>Tw\u00f3j syn zaczyna dorasta\u0107. Wraz z wiekiem zmieniaj\u0105 si\u0119 jego zainteresowania i potrzeby. Nie wiesz od czego zacz\u0105\u0107 urz\u0105dzanie pokoju dla ch\u0142opca? Najlepsze pomys\u0142y na urz\u0105dzenie pokoju ma Tw\u00f3j ch\u0142opiec. Zacznij od rzeczy, kt\u00f3re kocha i dodaj du\u017co miejsca do przechowywania i nauki. Cokolwiek wybierzesz, pami\u0119taj aby skupi\u0107 si\u0119 na zabawie. W ko\u0144cu to dzieci, [&hellip;]<\/p>\n\n\t\t\n\t    \n\t<\/div><!-- \/.entry-content -->\n\t\t\t\t<\/div>\n\t\t<\/div>\n\t<\/div>\n\t<!-- \/.post-content -->\n\t\n<\/article>\n<!-- \/.post -->\n\n<article id=\"post-1439\" class=\"post tf_clearfix post-1439 type-post status-publish format-standard has-post-thumbnail hentry category-inspiracje category-porady has-post-title no-post-date has-post-category has-post-tag has-post-comment has-post-author \">\n\t\n\t\t\t\t<figure class=\"post-image tf_clearfix\">\n\t\t\t    \t\t\t\t\t\t\t\t<a href=\"https:\/\/meblekukulka.pl\/blog\/wnetrze-w-stylu-klasycznym-czym-sie-charakteryzuje\/\">\n\t\t\t\t\t\t\t\t<img loading=\"lazy\" decoding=\"async\" src=\"https:\/\/meblekukulka.pl\/blog\/wp-content\/uploads\/2023\/02\/couch-gd46efc7ab_1280-1024x768-300x250.jpg\" width=\"300\" height=\"250\" class=\"wp-post-image wp-image-1445\" title=\"styl klasyczny\" alt=\"styl klasyczny\">\t\t\t\t\t\t\t\t    \t\t\t\t<\/a>\n\t\t\t\t\t\t\t    \t\t\t<\/figure>\n\t\t\t\n\t<div class=\"post-content\">\n        \t\t<div class=\"post-content-inner-wrapper\">\n\t\t\t<div class=\"post-content-inner\">\n\t\n\t\t\t\t<span class=\"post-cat-tag-wrap\">\n\t\t<span class=\"post-category\"><a href=\"https:\/\/meblekukulka.pl\/blog\/category\/inspiracje\/\" rel=\"tag\" class=\"term-inspiracje\">Inspiracje<\/a><span class=\"post-meta-separator\">,<\/span> <a href=\"https:\/\/meblekukulka.pl\/blog\/category\/porady\/\" rel=\"tag\" class=\"term-porady\">Porady<\/a><\/span>\t<\/span>\n\t\n\t\t\t\n\t\t\t<h2 class=\"post-title entry-title\"><a href=\"https:\/\/meblekukulka.pl\/blog\/wnetrze-w-stylu-klasycznym-czym-sie-charakteryzuje\/\">Wn\u0119trze w stylu klasycznym \u2013 czym si\u0119 charakteryzuje?<\/a><\/h2>\t\t\t\n\t\t\t\t\t\t\t<p class=\"post-meta entry-meta\">\n\t\t\t\t\t\t\t\t\t\t\t<span class=\"post-author\"><span class=\"author vcard\"><a class=\"url fn n\" href=\"\" rel=\"author\"><\/a><\/span><\/span>\n\t\t\t\t\t\t\t\t\t\t\n\t\t\t\t\t        <span class=\"post-comment\">\n\t       <a href=\"https:\/\/meblekukulka.pl\/blog\/wnetrze-w-stylu-klasycznym-czym-sie-charakteryzuje\/#respond\">0 Comments<\/a>\t    <\/span>\n\t\t\t\t\t\t\t\n\t\t\t\t\t\t\t\t\t<\/p>\n\t\t\t\n\t\t\t\t\t\t\n\t\t\t\t<div class=\"entry-content\">\n\n        \n\t\t<p>Ile razy odwo\u0142ujemy si\u0119 do klasyki? Bez wzgl\u0119du na to jakie nowo\u015bci i trendy si\u0119 pojawiaj\u0105, zawsze znajd\u0105 si\u0119 fani najbardziej klasycznych rozwi\u0105za\u0144. I to w\u0142a\u015bnie styl klasyczny chcemy przedstawi\u0107 w poni\u017cszym artykule. Jakie s\u0105 jego podstawowe elementy, czym wyr\u00f3\u017cnia si\u0119 klasyczny styl wn\u0119trz oraz sk\u0105d si\u0119 on wywodzi? Zapraszamy do lektury! Sprawd\u017a najlepsze meble [&hellip;]<\/p>\n\n\t\t\n\t    \n\t<\/div><!-- \/.entry-content -->\n\t\t\t\t<\/div>\n\t\t<\/div>\n\t<\/div>\n\t<!-- \/.post-content -->\n\t\n<\/article>\n<!-- \/.post -->\n    <\/div><!-- .builder-posts-wrap -->\n    <\/div>\n    <!-- \/module post -->\n<!-- module template_part -->\n<div  class=\"module module-layout-part tb_l23189 \">\n    <div class=\"tb_layout_part_wrap tf_w\"><!--themify_builder_content-->\n    <div  class=\"themify_builder_content themify_builder_content-1291 themify_builder not_editable_builder in_the_loop\" data-postid=\"1291\">\n        \t<!-- module_row -->\n\t<div  data-lazy=\"1\" class=\"module_row themify_builder_row tb_7met93 tf_clearfix\">\n\t    \t\t<div class=\"row_inner col_align_top col-count-1 tf_box tf_w tf_rel\">\n\t\t\t<div  data-lazy=\"1\" class=\"module_column tb-column col-full first tb_hxqr94 tf_box\">\n\t\t\t    \t        <div class=\"tb-column-inner tf_box tf_w\">\n\t\t    <!-- module text -->\n<div  class=\"module module-text tb_2w0g783   \" data-lazy=\"1\">\n        <div  class=\"tb_text_wrap\">\n    <h2>Sprawd\u017a najlepsze meble w naszym sklepie meblekukulka.pl<\/h2>    <\/div>\n<\/div>\n<!-- \/module text -->\t        <\/div>\n\t    \t<\/div>\n\t\t    <\/div>\n\t    <!-- \/row_inner -->\n\t<\/div>\n\t<!-- \/module_row -->\n\t    <\/div>\n<!--\/themify_builder_content--><\/div>\n<\/div>\n<!-- \/module template_part -->\n\t        <\/div>\n\t    \t<\/div>\n\t\t    <\/div>\n\t    <!-- \/row_inner -->\n\t<\/div>\n\t<!-- \/module_row -->\n\t\t<!-- module_row -->\n\t<div  data-lazy=\"1\" class=\"module_row themify_builder_row tb_ldad235 tf_clearfix\">\n\t    \t\t<div class=\"row_inner col_align_top col-count-1 tf_box tf_w tf_rel\">\n\t\t\t<div  data-lazy=\"1\" class=\"module_column tb-column col-full first tb_5ksl235 tf_box\">\n\t\t\t    \t        <div class=\"tb-column-inner tf_box tf_w\">\n\t\t    <!-- module template_part -->\n<div  class=\"module module-layout-part tb_20v187 \">\n    <div class=\"tb_layout_part_wrap tf_w\"><!--themify_builder_content-->\n    <div  class=\"themify_builder_content themify_builder_content-1299 themify_builder not_editable_builder in_the_loop\" data-postid=\"1299\">\n        \t<!-- module_row -->\n\t<div  data-lazy=\"1\" class=\"module_row themify_builder_row tb_zp8g073 tf_clearfix\" >\n\t    \t\t<div class=\"row_inner col_align_top col-count-4 tf_box tf_w tf_rel\">\n\t\t\t<div  data-lazy=\"1\" class=\"module_column tb-column col4-1 first tb_e5kr993 tf_box\">\n\t\t\t    \t        <div class=\"tb-column-inner tf_box tf_w\">\n\t\t    <!-- module image -->\n<div  class=\"module module-image tb_yegy093   image-full-overlay auto_fullwidth tf_mw\" data-lazy=\"1\">\n        <div class=\"image-wrap tf_rel tf_mw\">\n\t\t    <a href=\"https:\/\/meblekukulka.pl\/30-sofy-tapicerowane\"\n\t       \t       >\n\t\t   \t\t<img loading=\"lazy\" decoding=\"async\" src=\"https:\/\/www.meblekukulka.pl\/blog\/wp-content\/uploads\/2022\/02\/living-room-g4f220dce2_1920.jpg\" width=\"200\" height=\"160\" title=\"Sofy\" alt=\"Sofy tapicerowane\">\t    <\/a>\n\t\n\t\t<\/div>\n\t<!-- \/image-wrap -->\n    \n    \t<div class=\"image-content tf_overflow\">\n\t    \t\t\t<h3 class=\"image-title\">\n\t\t\t\t\t\t\t\t\t<a href=\"https:\/\/meblekukulka.pl\/30-sofy-tapicerowane\" \n\t\t\t\t\t   \t\t\t\t\t   >\n\t\t\t\t\t\t   Sofy\t\t\t\t\t<\/a>\n\t\t\t\t\t\t\t<\/h3>\n\t    \n\t    \t<\/div>\n\t<!-- \/image-content -->\n    \t<\/div>\n<!-- \/module image -->\t        <\/div>\n\t    \t<\/div>\n\t\t<div  data-lazy=\"1\" class=\"module_column tb-column col4-1 second tb_lbdz113 tf_box\">\n\t\t\t    \t        <div class=\"tb-column-inner tf_box tf_w\">\n\t\t    <!-- module image -->\n<div  class=\"module module-image tb_7kxw330   image-full-overlay auto_fullwidth tf_mw\" data-lazy=\"1\">\n        <div class=\"image-wrap tf_rel tf_mw\">\n\t\t    <a href=\"https:\/\/meblekukulka.pl\/16-kanapy-tapicerowane\"\n\t       \t       >\n\t\t   \t\t<img loading=\"lazy\" decoding=\"async\" src=\"https:\/\/www.meblekukulka.pl\/blog\/wp-content\/uploads\/2022\/02\/sofa-ge04f51e67_1920.jpg\" width=\"200\" height=\"160\" title=\"Kanapy\" alt=\"Kanapy tapicerowane\">\t    <\/a>\n\t\n\t\t<\/div>\n\t<!-- \/image-wrap -->\n    \n    \t<div class=\"image-content tf_overflow\">\n\t    \t\t\t<h3 class=\"image-title\">\n\t\t\t\t\t\t\t\t\t<a href=\"https:\/\/meblekukulka.pl\/16-kanapy-tapicerowane\" \n\t\t\t\t\t   \t\t\t\t\t   >\n\t\t\t\t\t\t   Kanapy\t\t\t\t\t<\/a>\n\t\t\t\t\t\t\t<\/h3>\n\t    \n\t    \t<\/div>\n\t<!-- \/image-content -->\n    \t<\/div>\n<!-- \/module image -->\t        <\/div>\n\t    \t<\/div>\n\t\t<div  data-lazy=\"1\" class=\"module_column tb-column col4-1 third tb_snaw999 tf_box\">\n\t\t\t    \t        <div class=\"tb-column-inner tf_box tf_w\">\n\t\t    <!-- module image -->\n<div  class=\"module module-image tb_tm2i600   image-full-overlay auto_fullwidth tf_mw\" data-lazy=\"1\">\n        <div class=\"image-wrap tf_rel tf_mw\">\n\t\t    <a href=\"https:\/\/meblekukulka.pl\/22-lozka\"\n\t       \t       >\n\t\t   \t\t<img loading=\"lazy\" decoding=\"async\" src=\"https:\/\/www.meblekukulka.pl\/blog\/wp-content\/uploads\/2022\/02\/reside-ga3051e18d_1920.jpg\" width=\"200\" height=\"160\" title=\"\u0141\u00f3\u017cka\" alt=\"\u0141\u00f3\u017cka tapicerowane\">\t    <\/a>\n\t\n\t\t<\/div>\n\t<!-- \/image-wrap -->\n    \n    \t<div class=\"image-content tf_overflow\">\n\t    \t\t\t<h3 class=\"image-title\">\n\t\t\t\t\t\t\t\t\t<a href=\"https:\/\/meblekukulka.pl\/22-lozka\" \n\t\t\t\t\t   \t\t\t\t\t   >\n\t\t\t\t\t\t   \u0141\u00f3\u017cka\t\t\t\t\t<\/a>\n\t\t\t\t\t\t\t<\/h3>\n\t    \n\t    \t<\/div>\n\t<!-- \/image-content -->\n    \t<\/div>\n<!-- \/module image -->\t        <\/div>\n\t    \t<\/div>\n\t\t<div  data-lazy=\"1\" class=\"module_column tb-column col4-1 last tb_qle1936 tf_box\">\n\t\t\t    \t        <div class=\"tb-column-inner tf_box tf_w\">\n\t\t    <!-- module image -->\n<div  class=\"module module-image tb_96y7394   image-full-overlay auto_fullwidth tf_mw\" data-lazy=\"1\">\n        <div class=\"image-wrap tf_rel tf_mw\">\n\t\t    <a href=\"https:\/\/meblekukulka.pl\/12-fotele-tapicerowane\"\n\t       \t       >\n\t\t   \t\t<img loading=\"lazy\" decoding=\"async\" src=\"https:\/\/www.meblekukulka.pl\/blog\/wp-content\/uploads\/2022\/02\/design-g97ccecc88_1920.jpg\" width=\"200\" height=\"160\" title=\"Fotele\" alt=\"Fotele tapicerowane\">\t    <\/a>\n\t\n\t\t<\/div>\n\t<!-- \/image-wrap -->\n    \n    \t<div class=\"image-content tf_overflow\">\n\t    \t\t\t<h3 class=\"image-title\">\n\t\t\t\t\t\t\t\t\t<a href=\"https:\/\/meblekukulka.pl\/12-fotele-tapicerowane\" \n\t\t\t\t\t   \t\t\t\t\t   >\n\t\t\t\t\t\t   Fotele\t\t\t\t\t<\/a>\n\t\t\t\t\t\t\t<\/h3>\n\t    \n\t    \t<\/div>\n\t<!-- \/image-content -->\n    \t<\/div>\n<!-- \/module image -->\t        <\/div>\n\t    \t<\/div>\n\t\t    <\/div>\n\t    <!-- \/row_inner -->\n\t<\/div>\n\t<!-- \/module_row -->\n\t    <\/div>\n<!--\/themify_builder_content--><\/div>\n<\/div>\n<!-- \/module template_part -->\n\t        <\/div>\n\t    \t<\/div>\n\t\t    <\/div>\n\t    <!-- \/row_inner -->\n\t<\/div>\n\t<!-- \/module_row -->\n\t\t<!-- module_row -->\n\t<div  data-lazy=\"1\" class=\"module_row themify_builder_row tb_xw8u792 tf_clearfix\">\n\t    \t\t<div class=\"row_inner col_align_top col-count-1 tf_box tf_w tf_rel\">\n\t\t\t<div  data-lazy=\"1\" class=\"module_column tb-column col-full first tb_wp16792 tf_box\">\n\t\t\t    \t        <div class=\"tb-column-inner tf_box tf_w\">\n\t\t        <!-- module post -->\n    <div  class=\"module module-post tb_3i7p794  tb_fullwidth_image\">\n                <div  class=\"builder-posts-wrap loops-wrapper list-thumb-image tf_clear tf_clearfix\" data-lazy=\"1\">\n            \n<article id=\"post-277\" class=\"post tf_clearfix post-277 type-post status-publish format-standard has-post-thumbnail hentry category-inspiracje category-nowinki-swiata-designu has-post-title no-post-date has-post-category has-post-tag has-post-comment has-post-author \">\n\t\n\t\t\t\t<figure class=\"post-image tf_clearfix\">\n\t\t\t    \t\t\t\t\t\t\t\t<a href=\"https:\/\/meblekukulka.pl\/blog\/kolor-scian-w-salonie-2025\/\">\n\t\t\t\t\t\t\t\t<img loading=\"lazy\" decoding=\"async\" src=\"https:\/\/meblekukulka.pl\/blog\/wp-content\/uploads\/2025\/03\/honey-spiced-kolor-scian-salon-1-300x250.png\" width=\"300\" height=\"250\" class=\"wp-post-image wp-image-1991\" title=\"honey-spiced-kolor-scian-salon (1)\" alt=\"kolor-na-scainy-w-salonie-2019-najmodniejsze-jak-pomalowac (1)\">\t\t\t\t\t\t\t\t    \t\t\t\t<\/a>\n\t\t\t\t\t\t\t    \t\t\t<\/figure>\n\t\t\t\n\t<div class=\"post-content\">\n        \t\t<div class=\"post-content-inner-wrapper\">\n\t\t\t<div class=\"post-content-inner\">\n\t\n\t\t\t\t<span class=\"post-cat-tag-wrap\">\n\t\t<span class=\"post-category\"><a href=\"https:\/\/meblekukulka.pl\/blog\/category\/inspiracje\/\" rel=\"tag\" class=\"term-inspiracje\">Inspiracje<\/a><span class=\"post-meta-separator\">,<\/span> <a href=\"https:\/\/meblekukulka.pl\/blog\/category\/nowinki-swiata-designu\/\" rel=\"tag\" class=\"term-nowinki-swiata-designu\">Nowinki \u015awiata Designu<\/a><\/span>\t<\/span>\n\t\n\t\t\t\n\t\t\t<h2 class=\"post-title entry-title\"><a href=\"https:\/\/meblekukulka.pl\/blog\/kolor-scian-w-salonie-2025\/\">Kolor \u015bcian w salonie w 2025 r. &#8211; jak pomalowa\u0107, by mie\u0107 modny salon?<\/a><\/h2>\t\t\t\n\t\t\t\t\t\t\t<p class=\"post-meta entry-meta\">\n\t\t\t\t\t\t\t\t\t\t\t<span class=\"post-author\"><span class=\"author vcard\"><a class=\"url fn n\" href=\"\" rel=\"author\"><\/a><\/span><\/span>\n\t\t\t\t\t\t\t\t\t\t\n\t\t\t\t\t        <span class=\"post-comment\">\n\t       <a href=\"https:\/\/meblekukulka.pl\/blog\/kolor-scian-w-salonie-2025\/#comments\">3 komentarze<\/a>\t    <\/span>\n\t\t\t\t\t\t\t\n\t\t\t\t\t\t\t\t\t<\/p>\n\t\t\t\n\t\t\t\t\t\t\n\t\t\t\t<div class=\"entry-content\">\n\n        \n\t\t<p>Kolor \u015bcian w salonie to dla Ciebie twardy orzech do zgryzienia? Nie wiesz jakie kolory we wn\u0119trzach b\u0119d\u0105 modne w 2025 roku? Przygotowali\u015bmy dla Ciebie gar\u015b\u0107 nowinek ze \u015bwiata wn\u0119trzarskich trend\u00f3w i 4 palety kolor\u00f3w wg typ\u00f3w osobowo\u015bci. Trendy kolorystyczne na 2025 rok we wn\u0119trzach W 2017 roku na kolor roku wybrany zosta\u0142 orze\u017awiaj\u0105cy Greenery [&hellip;]<\/p>\n\n\t\t\n\t    \n\t<\/div><!-- \/.entry-content -->\n\t\t\t\t<\/div>\n\t\t<\/div>\n\t<\/div>\n\t<!-- \/.post-content -->\n\t\n<\/article>\n<!-- \/.post -->\n\n<article id=\"post-1858\" class=\"post tf_clearfix post-1858 type-post status-publish format-standard has-post-thumbnail hentry category-porady category-przewodniki tag-kanapa has-post-title no-post-date has-post-category has-post-tag has-post-comment has-post-author \">\n\t\n\t\t\t\t<figure class=\"post-image tf_clearfix\">\n\t\t\t    \t\t\t\t\t\t\t\t<a href=\"https:\/\/meblekukulka.pl\/blog\/jaka-kanapa-przy-psie\/\">\n\t\t\t\t\t\t\t\t<img loading=\"lazy\" decoding=\"async\" src=\"https:\/\/meblekukulka.pl\/blog\/wp-content\/uploads\/2024\/07\/jaka-kanapa-przy-psie-1024x682-300x250.jpg\" width=\"300\" height=\"250\" class=\"wp-post-image wp-image-1863\" title=\"jaka-kanapa-przy-psie\" alt=\"Jaka kanapa przy psie\">\t\t\t\t\t\t\t\t    \t\t\t\t<\/a>\n\t\t\t\t\t\t\t    \t\t\t<\/figure>\n\t\t\t\n\t<div class=\"post-content\">\n        \t\t<div class=\"post-content-inner-wrapper\">\n\t\t\t<div class=\"post-content-inner\">\n\t\n\t\t\t\t<span class=\"post-cat-tag-wrap\">\n\t\t<span class=\"post-category\"><a href=\"https:\/\/meblekukulka.pl\/blog\/category\/porady\/\" rel=\"tag\" class=\"term-porady\">Porady<\/a><span class=\"post-meta-separator\">,<\/span> <a href=\"https:\/\/meblekukulka.pl\/blog\/category\/porady\/przewodniki\/\" rel=\"tag\" class=\"term-przewodniki\">Przewodniki<\/a><\/span> <span class=\"post-tag\"><a href=\"https:\/\/meblekukulka.pl\/blog\/tag\/kanapa\/\" rel=\"tag\">kanapa<\/a><\/span>\t<\/span>\n\t\n\t\t\t\n\t\t\t<h2 class=\"post-title entry-title\"><a href=\"https:\/\/meblekukulka.pl\/blog\/jaka-kanapa-przy-psie\/\">Jaka kanapa przy psie?<\/a><\/h2>\t\t\t\n\t\t\t\t\t\t\t<p class=\"post-meta entry-meta\">\n\t\t\t\t\t\t\t\t\t\t\t<span class=\"post-author\"><span class=\"author vcard\"><a class=\"url fn n\" href=\"\" rel=\"author\"><\/a><\/span><\/span>\n\t\t\t\t\t\t\t\t\t\t\n\t\t\t\t\t        <span class=\"post-comment\">\n\t       <a href=\"https:\/\/meblekukulka.pl\/blog\/jaka-kanapa-przy-psie\/#respond\">0 Comments<\/a>\t    <\/span>\n\t\t\t\t\t\t\t\n\t\t\t\t\t\t\t\t\t<\/p>\n\t\t\t\n\t\t\t\t\t\t\n\t\t\t\t<div class=\"entry-content\">\n\n        \n\t\t<p>Wyb\u00f3r odpowiednich mebli do domu to zawsze wyzwanie. Kiedy jeste\u015b w\u0142a\u015bcicielem psa, trudno\u015b\u0107 ta wzrasta &#8211; musisz wybra\u0107 meble, kt\u00f3re b\u0119d\u0105 zar\u00f3wno stylowe, jak i odporne na r\u00f3\u017cne psie &#8222;incydenty&#8221;. W zwi\u0105zku z tym przedstawiamy szczeg\u00f3\u0142owy artyku\u0142, kt\u00f3ry pomo\u017ce Ci wybra\u0107 kanap\u0119 idealn\u0105 do domu z psem. Sprawd\u017a najlepsze meble w naszym sklepie meblekukulka.pl Sofy [&hellip;]<\/p>\n\n\t\t\n\t    \n\t<\/div><!-- \/.entry-content -->\n\t\t\t\t<\/div>\n\t\t<\/div>\n\t<\/div>\n\t<!-- \/.post-content -->\n\t\n<\/article>\n<!-- \/.post -->\n\n<article id=\"post-1850\" class=\"post tf_clearfix post-1850 type-post status-publish format-standard has-post-thumbnail hentry category-porady category-przewodniki tag-kanapa has-post-title no-post-date has-post-category has-post-tag has-post-comment has-post-author \">\n\t\n\t\t\t\t<figure class=\"post-image tf_clearfix\">\n\t\t\t    \t\t\t\t\t\t\t\t<a href=\"https:\/\/meblekukulka.pl\/blog\/przypalona-kanapa-co-zrobic\/\">\n\t\t\t\t\t\t\t\t<img loading=\"lazy\" decoding=\"async\" src=\"https:\/\/meblekukulka.pl\/blog\/wp-content\/uploads\/2024\/07\/przypalona-kanapa-co-zrobic-1024x682-300x250.jpg\" width=\"300\" height=\"250\" class=\"wp-post-image wp-image-1855\" title=\"przypalona-kanapa-co-zrobic\" alt=\"Przypalona kanapa - co zrobi\u0107?\">\t\t\t\t\t\t\t\t    \t\t\t\t<\/a>\n\t\t\t\t\t\t\t    \t\t\t<\/figure>\n\t\t\t\n\t<div class=\"post-content\">\n        \t\t<div class=\"post-content-inner-wrapper\">\n\t\t\t<div class=\"post-content-inner\">\n\t\n\t\t\t\t<span class=\"post-cat-tag-wrap\">\n\t\t<span class=\"post-category\"><a href=\"https:\/\/meblekukulka.pl\/blog\/category\/porady\/\" rel=\"tag\" class=\"term-porady\">Porady<\/a><span class=\"post-meta-separator\">,<\/span> <a href=\"https:\/\/meblekukulka.pl\/blog\/category\/porady\/przewodniki\/\" rel=\"tag\" class=\"term-przewodniki\">Przewodniki<\/a><\/span> <span class=\"post-tag\"><a href=\"https:\/\/meblekukulka.pl\/blog\/tag\/kanapa\/\" rel=\"tag\">kanapa<\/a><\/span>\t<\/span>\n\t\n\t\t\t\n\t\t\t<h2 class=\"post-title entry-title\"><a href=\"https:\/\/meblekukulka.pl\/blog\/przypalona-kanapa-co-zrobic\/\">Przypalona kanapa &#8211; co zrobi\u0107?<\/a><\/h2>\t\t\t\n\t\t\t\t\t\t\t<p class=\"post-meta entry-meta\">\n\t\t\t\t\t\t\t\t\t\t\t<span class=\"post-author\"><span class=\"author vcard\"><a class=\"url fn n\" href=\"\" rel=\"author\"><\/a><\/span><\/span>\n\t\t\t\t\t\t\t\t\t\t\n\t\t\t\t\t        <span class=\"post-comment\">\n\t       <a href=\"https:\/\/meblekukulka.pl\/blog\/przypalona-kanapa-co-zrobic\/#respond\">0 Comments<\/a>\t    <\/span>\n\t\t\t\t\t\t\t\n\t\t\t\t\t\t\t\t\t<\/p>\n\t\t\t\n\t\t\t\t\t\t\n\t\t\t\t<div class=\"entry-content\">\n\n        \n\t\t<p>Przypalona kanapa to problem, kt\u00f3ry mo\u017ce przytrafi\u0107 si\u0119 ka\u017cdemu. Niezale\u017cnie od tego, czy przypalenie powsta\u0142o w wyniku przypadkowego dotkni\u0119cia \u017celazkiem, czy te\u017c innego niefortunnego zdarzenia, uszkodzona powierzchnia kanapy mo\u017ce znacz\u0105co wp\u0142yn\u0105\u0107 na estetyk\u0119 ca\u0142ego wn\u0119trza. W tym artykule podpowiemy, jak usun\u0105\u0107 przypalenie z kanapy i przywr\u00f3ci\u0107 jej dawny blask.\u00a0 Sprawd\u017a najlepsze meble w naszym sklepie [&hellip;]<\/p>\n\n\t\t\n\t    \n\t<\/div><!-- \/.entry-content -->\n\t\t\t\t<\/div>\n\t\t<\/div>\n\t<\/div>\n\t<!-- \/.post-content -->\n\t\n<\/article>\n<!-- \/.post -->\n\n<article id=\"post-1837\" class=\"post tf_clearfix post-1837 type-post status-publish format-standard has-post-thumbnail hentry category-porady category-przewodniki has-post-title no-post-date has-post-category has-post-tag has-post-comment has-post-author \">\n\t\n\t\t\t\t<figure class=\"post-image tf_clearfix\">\n\t\t\t    \t\t\t\t\t\t\t\t<a href=\"https:\/\/meblekukulka.pl\/blog\/jaka-kanapa-przy-kotach\/\">\n\t\t\t\t\t\t\t\t<img loading=\"lazy\" decoding=\"async\" src=\"https:\/\/meblekukulka.pl\/blog\/wp-content\/uploads\/2024\/07\/jaka-kanapa-przy-kotach-1024x683-300x250.jpg\" width=\"300\" height=\"250\" class=\"wp-post-image wp-image-1841\" title=\"jaka-kanapa-przy-kotach\" alt=\"Jaka kanapa przy kotach\">\t\t\t\t\t\t\t\t    \t\t\t\t<\/a>\n\t\t\t\t\t\t\t    \t\t\t<\/figure>\n\t\t\t\n\t<div class=\"post-content\">\n        \t\t<div class=\"post-content-inner-wrapper\">\n\t\t\t<div class=\"post-content-inner\">\n\t\n\t\t\t\t<span class=\"post-cat-tag-wrap\">\n\t\t<span class=\"post-category\"><a href=\"https:\/\/meblekukulka.pl\/blog\/category\/porady\/\" rel=\"tag\" class=\"term-porady\">Porady<\/a><span class=\"post-meta-separator\">,<\/span> <a href=\"https:\/\/meblekukulka.pl\/blog\/category\/porady\/przewodniki\/\" rel=\"tag\" class=\"term-przewodniki\">Przewodniki<\/a><\/span>\t<\/span>\n\t\n\t\t\t\n\t\t\t<h2 class=\"post-title entry-title\"><a href=\"https:\/\/meblekukulka.pl\/blog\/jaka-kanapa-przy-kotach\/\">Jaka kanapa przy kotach?<\/a><\/h2>\t\t\t\n\t\t\t\t\t\t\t<p class=\"post-meta entry-meta\">\n\t\t\t\t\t\t\t\t\t\t\t<span class=\"post-author\"><span class=\"author vcard\"><a class=\"url fn n\" href=\"\" rel=\"author\"><\/a><\/span><\/span>\n\t\t\t\t\t\t\t\t\t\t\n\t\t\t\t\t        <span class=\"post-comment\">\n\t       <a href=\"https:\/\/meblekukulka.pl\/blog\/jaka-kanapa-przy-kotach\/#respond\">0 Comments<\/a>\t    <\/span>\n\t\t\t\t\t\t\t\n\t\t\t\t\t\t\t\t\t<\/p>\n\t\t\t\n\t\t\t\t\t\t\n\t\t\t\t<div class=\"entry-content\">\n\n        \n\t\t<p>Posiadanie kota to niew\u0105tpliwie ogromna rado\u015b\u0107, ale r\u00f3wnie\u017c wyzwanie, zw\u0142aszcza je\u015bli chodzi o utrzymanie mebli w dobrym stanie. Koty uwielbiaj\u0105 drapa\u0107, wspina\u0107 si\u0119 i zostawia\u0107 wsz\u0119dzie swoj\u0105 sier\u015b\u0107. Dlatego, wybieraj\u0105c kanap\u0119, warto zwr\u00f3ci\u0107 uwag\u0119 na materia\u0142y, z jakich jest wykonana. W firmie Meble Kuku\u0142ka doskonale rozumiemy potrzeby w\u0142a\u015bcicieli kot\u00f3w i przygotowali\u015bmy kompleksowy przewodnik, kt\u00f3ry pomo\u017ce [&hellip;]<\/p>\n\n\t\t\n\t    \n\t<\/div><!-- \/.entry-content -->\n\t\t\t\t<\/div>\n\t\t<\/div>\n\t<\/div>\n\t<!-- \/.post-content -->\n\t\n<\/article>\n<!-- \/.post -->\n\n<article id=\"post-1830\" class=\"post tf_clearfix post-1830 type-post status-publish format-standard has-post-thumbnail hentry category-porady category-przewodniki has-post-title no-post-date has-post-category has-post-tag has-post-comment has-post-author \">\n\t\n\t\t\t\t<figure class=\"post-image tf_clearfix\">\n\t\t\t    \t\t\t\t\t\t\t\t<a href=\"https:\/\/meblekukulka.pl\/blog\/jak-zmyc-lakier-do-paznokci-z-tkaniny\/\">\n\t\t\t\t\t\t\t\t<img loading=\"lazy\" decoding=\"async\" src=\"https:\/\/meblekukulka.pl\/blog\/wp-content\/uploads\/2024\/07\/jak-zmyc-lakier-do-paznkoci-z-tkaniny-1024x682-300x250.jpg\" width=\"300\" height=\"250\" class=\"wp-post-image wp-image-1834\" title=\"jak-zmyc-lakier-do-paznkoci-z-tkaniny\" alt=\"Jak zmy\u0107 lakier do paznokci z tkaniny\">\t\t\t\t\t\t\t\t    \t\t\t\t<\/a>\n\t\t\t\t\t\t\t    \t\t\t<\/figure>\n\t\t\t\n\t<div class=\"post-content\">\n        \t\t<div class=\"post-content-inner-wrapper\">\n\t\t\t<div class=\"post-content-inner\">\n\t\n\t\t\t\t<span class=\"post-cat-tag-wrap\">\n\t\t<span class=\"post-category\"><a href=\"https:\/\/meblekukulka.pl\/blog\/category\/porady\/\" rel=\"tag\" class=\"term-porady\">Porady<\/a><span class=\"post-meta-separator\">,<\/span> <a href=\"https:\/\/meblekukulka.pl\/blog\/category\/porady\/przewodniki\/\" rel=\"tag\" class=\"term-przewodniki\">Przewodniki<\/a><\/span>\t<\/span>\n\t\n\t\t\t\n\t\t\t<h2 class=\"post-title entry-title\"><a href=\"https:\/\/meblekukulka.pl\/blog\/jak-zmyc-lakier-do-paznokci-z-tkaniny\/\">Jak zmy\u0107 lakier do paznokci z tkaniny?<\/a><\/h2>\t\t\t\n\t\t\t\t\t\t\t<p class=\"post-meta entry-meta\">\n\t\t\t\t\t\t\t\t\t\t\t<span class=\"post-author\"><span class=\"author vcard\"><a class=\"url fn n\" href=\"\" rel=\"author\"><\/a><\/span><\/span>\n\t\t\t\t\t\t\t\t\t\t\n\t\t\t\t\t        <span class=\"post-comment\">\n\t       <a href=\"https:\/\/meblekukulka.pl\/blog\/jak-zmyc-lakier-do-paznokci-z-tkaniny\/#respond\">0 Comments<\/a>\t    <\/span>\n\t\t\t\t\t\t\t\n\t\t\t\t\t\t\t\t\t<\/p>\n\t\t\t\n\t\t\t\t\t\t\n\t\t\t\t<div class=\"entry-content\">\n\n        \n\t\t<p>Lakier do paznokci dodaje nam stylu i elegancji, ale niestety, czasem mo\u017ce zdarzy\u0107 si\u0119 wypadek, w wyniku kt\u00f3rego ulubiony lakier wyl\u0105duje na kanapie. Doskonale rozumiemy, jak frustruj\u0105ce mog\u0105 by\u0107 takie sytuacje, zw\u0142aszcza gdy nasza ulubiona kanapa z tkaniny zostanie ubrudzona. Dlatego przygotowali\u015bmy dla Was kompleksowy przewodnik dotycz\u0105cy tego jak usun\u0105\u0107 lakier do paznokci z kanapy. [&hellip;]<\/p>\n\n\t\t\n\t    \n\t<\/div><!-- \/.entry-content -->\n\t\t\t\t<\/div>\n\t\t<\/div>\n\t<\/div>\n\t<!-- \/.post-content -->\n\t\n<\/article>\n<!-- \/.post -->\n\n<article id=\"post-1823\" class=\"post tf_clearfix post-1823 type-post status-publish format-standard has-post-thumbnail hentry category-porady category-przewodniki has-post-title no-post-date has-post-category has-post-tag has-post-comment has-post-author \">\n\t\n\t\t\t\t<figure class=\"post-image tf_clearfix\">\n\t\t\t    \t\t\t\t\t\t\t\t<a href=\"https:\/\/meblekukulka.pl\/blog\/jak-wyczyscic-tapicerke-kanapy\/\">\n\t\t\t\t\t\t\t\t<img loading=\"lazy\" decoding=\"async\" src=\"https:\/\/meblekukulka.pl\/blog\/wp-content\/uploads\/2024\/07\/jak-wyczyscic-tapicerke-kanapy-1024x682-300x250.jpg\" width=\"300\" height=\"250\" class=\"wp-post-image wp-image-1827\" title=\"jak-wyczyscic-tapicerke-kanapy\" alt=\"Jak wyczy\u015bci\u0107 tapicerk\u0119 kanapy\">\t\t\t\t\t\t\t\t    \t\t\t\t<\/a>\n\t\t\t\t\t\t\t    \t\t\t<\/figure>\n\t\t\t\n\t<div class=\"post-content\">\n        \t\t<div class=\"post-content-inner-wrapper\">\n\t\t\t<div class=\"post-content-inner\">\n\t\n\t\t\t\t<span class=\"post-cat-tag-wrap\">\n\t\t<span class=\"post-category\"><a href=\"https:\/\/meblekukulka.pl\/blog\/category\/porady\/\" rel=\"tag\" class=\"term-porady\">Porady<\/a><span class=\"post-meta-separator\">,<\/span> <a href=\"https:\/\/meblekukulka.pl\/blog\/category\/porady\/przewodniki\/\" rel=\"tag\" class=\"term-przewodniki\">Przewodniki<\/a><\/span>\t<\/span>\n\t\n\t\t\t\n\t\t\t<h2 class=\"post-title entry-title\"><a href=\"https:\/\/meblekukulka.pl\/blog\/jak-wyczyscic-tapicerke-kanapy\/\">Jak wyczy\u015bci\u0107 tapicerk\u0119 kanapy?<\/a><\/h2>\t\t\t\n\t\t\t\t\t\t\t<p class=\"post-meta entry-meta\">\n\t\t\t\t\t\t\t\t\t\t\t<span class=\"post-author\"><span class=\"author vcard\"><a class=\"url fn n\" href=\"\" rel=\"author\"><\/a><\/span><\/span>\n\t\t\t\t\t\t\t\t\t\t\n\t\t\t\t\t        <span class=\"post-comment\">\n\t       <a href=\"https:\/\/meblekukulka.pl\/blog\/jak-wyczyscic-tapicerke-kanapy\/#respond\">0 Comments<\/a>\t    <\/span>\n\t\t\t\t\t\t\t\n\t\t\t\t\t\t\t\t\t<\/p>\n\t\t\t\n\t\t\t\t\t\t\n\t\t\t\t<div class=\"entry-content\">\n\n        \n\t\t<p>Kanapa to serce ka\u017cdego salonu \u2013 miejsce, gdzie odpoczywamy, sp\u0119dzamy czas z rodzin\u0105 i przyjaci\u00f3\u0142mi, a czasem nawet pracujemy. Nic dziwnego, \u017ce jest nara\u017cona na liczne zabrudzenia: plamy z jedzenia, napoj\u00f3w, kurz czy sier\u015b\u0107 zwierz\u0105t to tylko niekt\u00f3re z wyzwa\u0144. W firmie Meble Kuku\u0142ka doskonale rozumiemy, jak wa\u017cne jest utrzymanie kanapy w nienagannym stanie. Dlatego [&hellip;]<\/p>\n\n\t\t\n\t    \n\t<\/div><!-- \/.entry-content -->\n\t\t\t\t<\/div>\n\t\t<\/div>\n\t<\/div>\n\t<!-- \/.post-content -->\n\t\n<\/article>\n<!-- \/.post -->\n\n<article id=\"post-1813\" class=\"post tf_clearfix post-1813 type-post status-publish format-standard has-post-thumbnail hentry category-porady category-przewodniki has-post-title no-post-date has-post-category has-post-tag has-post-comment has-post-author \">\n\t\n\t\t\t\t<figure class=\"post-image tf_clearfix\">\n\t\t\t    \t\t\t\t\t\t\t\t<a href=\"https:\/\/meblekukulka.pl\/blog\/jak-wyczyscic-fotel\/\">\n\t\t\t\t\t\t\t\t<img loading=\"lazy\" decoding=\"async\" src=\"https:\/\/meblekukulka.pl\/blog\/wp-content\/uploads\/2024\/06\/jak-wyczyscic-fotel-300x250.jpg\" width=\"300\" height=\"250\" class=\"wp-post-image wp-image-1817\" title=\"jak-wyczyscic-fotel\" alt=\"Jak wyczy\u015bci\u0107 fotel\">\t\t\t\t\t\t\t\t    \t\t\t\t<\/a>\n\t\t\t\t\t\t\t    \t\t\t<\/figure>\n\t\t\t\n\t<div class=\"post-content\">\n        \t\t<div class=\"post-content-inner-wrapper\">\n\t\t\t<div class=\"post-content-inner\">\n\t\n\t\t\t\t<span class=\"post-cat-tag-wrap\">\n\t\t<span class=\"post-category\"><a href=\"https:\/\/meblekukulka.pl\/blog\/category\/porady\/\" rel=\"tag\" class=\"term-porady\">Porady<\/a><span class=\"post-meta-separator\">,<\/span> <a href=\"https:\/\/meblekukulka.pl\/blog\/category\/porady\/przewodniki\/\" rel=\"tag\" class=\"term-przewodniki\">Przewodniki<\/a><\/span>\t<\/span>\n\t\n\t\t\t\n\t\t\t<h2 class=\"post-title entry-title\"><a href=\"https:\/\/meblekukulka.pl\/blog\/jak-wyczyscic-fotel\/\">Jak wyczy\u015bci\u0107 fotel?<\/a><\/h2>\t\t\t\n\t\t\t\t\t\t\t<p class=\"post-meta entry-meta\">\n\t\t\t\t\t\t\t\t\t\t\t<span class=\"post-author\"><span class=\"author vcard\"><a class=\"url fn n\" href=\"\" rel=\"author\"><\/a><\/span><\/span>\n\t\t\t\t\t\t\t\t\t\t\n\t\t\t\t\t        <span class=\"post-comment\">\n\t       <a href=\"https:\/\/meblekukulka.pl\/blog\/jak-wyczyscic-fotel\/#respond\">0 Comments<\/a>\t    <\/span>\n\t\t\t\t\t\t\t\n\t\t\t\t\t\t\t\t\t<\/p>\n\t\t\t\n\t\t\t\t\t\t\n\t\t\t\t<div class=\"entry-content\">\n\n        \n\t\t\n\t\t\n\t    \n\t<\/div><!-- \/.entry-content -->\n\t\t\t\t<\/div>\n\t\t<\/div>\n\t<\/div>\n\t<!-- \/.post-content -->\n\t\n<\/article>\n<!-- \/.post -->\n\n<article id=\"post-1805\" class=\"post tf_clearfix post-1805 type-post status-publish format-standard has-post-thumbnail hentry category-porady category-przewodniki has-post-title no-post-date has-post-category has-post-tag has-post-comment has-post-author \">\n\t\n\t\t\t\t<figure class=\"post-image tf_clearfix\">\n\t\t\t    \t\t\t\t\t\t\t\t<a href=\"https:\/\/meblekukulka.pl\/blog\/jak-usunac-zmechacenia-z-kanapy\/\">\n\t\t\t\t\t\t\t\t<img loading=\"lazy\" decoding=\"async\" src=\"https:\/\/meblekukulka.pl\/blog\/wp-content\/uploads\/2024\/06\/jak-usunac-zmechacenia-z-kanapy-300x250.jpg\" width=\"300\" height=\"250\" class=\"wp-post-image wp-image-1809\" title=\"jak-usunac-zmechacenia-z-kanapy\" alt=\"Jak usun\u0105\u0107 zmechacenia z kanapy\">\t\t\t\t\t\t\t\t    \t\t\t\t<\/a>\n\t\t\t\t\t\t\t    \t\t\t<\/figure>\n\t\t\t\n\t<div class=\"post-content\">\n        \t\t<div class=\"post-content-inner-wrapper\">\n\t\t\t<div class=\"post-content-inner\">\n\t\n\t\t\t\t<span class=\"post-cat-tag-wrap\">\n\t\t<span class=\"post-category\"><a href=\"https:\/\/meblekukulka.pl\/blog\/category\/porady\/\" rel=\"tag\" class=\"term-porady\">Porady<\/a><span class=\"post-meta-separator\">,<\/span> <a href=\"https:\/\/meblekukulka.pl\/blog\/category\/porady\/przewodniki\/\" rel=\"tag\" class=\"term-przewodniki\">Przewodniki<\/a><\/span>\t<\/span>\n\t\n\t\t\t\n\t\t\t<h2 class=\"post-title entry-title\"><a href=\"https:\/\/meblekukulka.pl\/blog\/jak-usunac-zmechacenia-z-kanapy\/\">Jak usun\u0105\u0107 zmechacenia z kanapy?<\/a><\/h2>\t\t\t\n\t\t\t\t\t\t\t<p class=\"post-meta entry-meta\">\n\t\t\t\t\t\t\t\t\t\t\t<span class=\"post-author\"><span class=\"author vcard\"><a class=\"url fn n\" href=\"\" rel=\"author\"><\/a><\/span><\/span>\n\t\t\t\t\t\t\t\t\t\t\n\t\t\t\t\t        <span class=\"post-comment\">\n\t       <a href=\"https:\/\/meblekukulka.pl\/blog\/jak-usunac-zmechacenia-z-kanapy\/#respond\">0 Comments<\/a>\t    <\/span>\n\t\t\t\t\t\t\t\n\t\t\t\t\t\t\t\t\t<\/p>\n\t\t\t\n\t\t\t\t\t\t\n\t\t\t\t<div class=\"entry-content\">\n\n        \n\t\t\n\t\t\n\t    \n\t<\/div><!-- \/.entry-content -->\n\t\t\t\t<\/div>\n\t\t<\/div>\n\t<\/div>\n\t<!-- \/.post-content -->\n\t\n<\/article>\n<!-- \/.post -->\n\n<article id=\"post-1797\" class=\"post tf_clearfix post-1797 type-post status-publish format-standard has-post-thumbnail hentry category-porady category-przewodniki has-post-title no-post-date has-post-category has-post-tag has-post-comment has-post-author \">\n\t\n\t\t\t\t<figure class=\"post-image tf_clearfix\">\n\t\t\t    \t\t\t\t\t\t\t\t<a href=\"https:\/\/meblekukulka.pl\/blog\/jak-usunac-zacieki-z-kanapy\/\">\n\t\t\t\t\t\t\t\t<img loading=\"lazy\" decoding=\"async\" src=\"https:\/\/meblekukulka.pl\/blog\/wp-content\/uploads\/2024\/06\/jak-usunac-zacieki-z-kanapy-300x250.jpg\" width=\"300\" height=\"250\" class=\"wp-post-image wp-image-1802\" title=\"jak-usunac-zacieki-z-kanapy\" alt=\"Jak usun\u0105\u0107 zacieki z kanapy\">\t\t\t\t\t\t\t\t    \t\t\t\t<\/a>\n\t\t\t\t\t\t\t    \t\t\t<\/figure>\n\t\t\t\n\t<div class=\"post-content\">\n        \t\t<div class=\"post-content-inner-wrapper\">\n\t\t\t<div class=\"post-content-inner\">\n\t\n\t\t\t\t<span class=\"post-cat-tag-wrap\">\n\t\t<span class=\"post-category\"><a href=\"https:\/\/meblekukulka.pl\/blog\/category\/porady\/\" rel=\"tag\" class=\"term-porady\">Porady<\/a><span class=\"post-meta-separator\">,<\/span> <a href=\"https:\/\/meblekukulka.pl\/blog\/category\/porady\/przewodniki\/\" rel=\"tag\" class=\"term-przewodniki\">Przewodniki<\/a><\/span>\t<\/span>\n\t\n\t\t\t\n\t\t\t<h2 class=\"post-title entry-title\"><a href=\"https:\/\/meblekukulka.pl\/blog\/jak-usunac-zacieki-z-kanapy\/\">Jak usun\u0105\u0107 zacieki z kanapy?<\/a><\/h2>\t\t\t\n\t\t\t\t\t\t\t<p class=\"post-meta entry-meta\">\n\t\t\t\t\t\t\t\t\t\t\t<span class=\"post-author\"><span class=\"author vcard\"><a class=\"url fn n\" href=\"\" rel=\"author\"><\/a><\/span><\/span>\n\t\t\t\t\t\t\t\t\t\t\n\t\t\t\t\t        <span class=\"post-comment\">\n\t       <a href=\"https:\/\/meblekukulka.pl\/blog\/jak-usunac-zacieki-z-kanapy\/#respond\">0 Comments<\/a>\t    <\/span>\n\t\t\t\t\t\t\t\n\t\t\t\t\t\t\t\t\t<\/p>\n\t\t\t\n\t\t\t\t\t\t\n\t\t\t\t<div class=\"entry-content\">\n\n        \n\t\t\n\t\t\n\t    \n\t<\/div><!-- \/.entry-content -->\n\t\t\t\t<\/div>\n\t\t<\/div>\n\t<\/div>\n\t<!-- \/.post-content -->\n\t\n<\/article>\n<!-- \/.post -->\n\n<article id=\"post-1789\" class=\"post tf_clearfix post-1789 type-post status-publish format-standard has-post-thumbnail hentry category-porady category-przewodniki has-post-title no-post-date has-post-category has-post-tag has-post-comment has-post-author \">\n\t\n\t\t\t\t<figure class=\"post-image tf_clearfix\">\n\t\t\t    \t\t\t\t\t\t\t\t<a href=\"https:\/\/meblekukulka.pl\/blog\/jak-usunac-tluste-plamy-z-tapicerki-kanapy\/\">\n\t\t\t\t\t\t\t\t<img loading=\"lazy\" decoding=\"async\" src=\"https:\/\/meblekukulka.pl\/blog\/wp-content\/uploads\/2024\/06\/jak-usunac-tluste-plamy-z-tapicerki-kanapy-300x250.jpg\" width=\"300\" height=\"250\" class=\"wp-post-image wp-image-1794\" title=\"jak-usunac-tluste-plamy-z-tapicerki-kanapy\" alt=\"Jak usun\u0105\u0107 t\u0142uste plamy z tapicerki kanapy?\">\t\t\t\t\t\t\t\t    \t\t\t\t<\/a>\n\t\t\t\t\t\t\t    \t\t\t<\/figure>\n\t\t\t\n\t<div class=\"post-content\">\n        \t\t<div class=\"post-content-inner-wrapper\">\n\t\t\t<div class=\"post-content-inner\">\n\t\n\t\t\t\t<span class=\"post-cat-tag-wrap\">\n\t\t<span class=\"post-category\"><a href=\"https:\/\/meblekukulka.pl\/blog\/category\/porady\/\" rel=\"tag\" class=\"term-porady\">Porady<\/a><span class=\"post-meta-separator\">,<\/span> <a href=\"https:\/\/meblekukulka.pl\/blog\/category\/porady\/przewodniki\/\" rel=\"tag\" class=\"term-przewodniki\">Przewodniki<\/a><\/span>\t<\/span>\n\t\n\t\t\t\n\t\t\t<h2 class=\"post-title entry-title\"><a href=\"https:\/\/meblekukulka.pl\/blog\/jak-usunac-tluste-plamy-z-tapicerki-kanapy\/\">Jak usun\u0105\u0107 t\u0142uste plamy z tapicerki kanapy?<\/a><\/h2>\t\t\t\n\t\t\t\t\t\t\t<p class=\"post-meta entry-meta\">\n\t\t\t\t\t\t\t\t\t\t\t<span class=\"post-author\"><span class=\"author vcard\"><a class=\"url fn n\" href=\"\" rel=\"author\"><\/a><\/span><\/span>\n\t\t\t\t\t\t\t\t\t\t\n\t\t\t\t\t        <span class=\"post-comment\">\n\t       <a href=\"https:\/\/meblekukulka.pl\/blog\/jak-usunac-tluste-plamy-z-tapicerki-kanapy\/#respond\">0 Comments<\/a>\t    <\/span>\n\t\t\t\t\t\t\t\n\t\t\t\t\t\t\t\t\t<\/p>\n\t\t\t\n\t\t\t\t\t\t\n\t\t\t\t<div class=\"entry-content\">\n\n        \n\t\t\n\t\t\n\t    \n\t<\/div><!-- \/.entry-content -->\n\t\t\t\t<\/div>\n\t\t<\/div>\n\t<\/div>\n\t<!-- \/.post-content -->\n\t\n<\/article>\n<!-- \/.post -->\n\n<article id=\"post-1781\" class=\"post tf_clearfix post-1781 type-post status-publish format-standard has-post-thumbnail hentry category-porady category-przewodniki has-post-title no-post-date has-post-category has-post-tag has-post-comment has-post-author \">\n\t\n\t\t\t\t<figure class=\"post-image tf_clearfix\">\n\t\t\t    \t\t\t\t\t\t\t\t<a href=\"https:\/\/meblekukulka.pl\/blog\/jak-usunac-wosk-z-kanapy\/\">\n\t\t\t\t\t\t\t\t<img loading=\"lazy\" decoding=\"async\" src=\"https:\/\/meblekukulka.pl\/blog\/wp-content\/uploads\/2024\/06\/jak-usunac-wosk-z-kanapy-1024x681-300x250.jpg\" width=\"300\" height=\"250\" class=\"wp-post-image wp-image-1786\" title=\"jak-usunac-wosk-z-kanapy\" alt=\"Jak usun\u0105\u0107 wosk z kanapy\">\t\t\t\t\t\t\t\t    \t\t\t\t<\/a>\n\t\t\t\t\t\t\t    \t\t\t<\/figure>\n\t\t\t\n\t<div class=\"post-content\">\n        \t\t<div class=\"post-content-inner-wrapper\">\n\t\t\t<div class=\"post-content-inner\">\n\t\n\t\t\t\t<span class=\"post-cat-tag-wrap\">\n\t\t<span class=\"post-category\"><a href=\"https:\/\/meblekukulka.pl\/blog\/category\/porady\/\" rel=\"tag\" class=\"term-porady\">Porady<\/a><span class=\"post-meta-separator\">,<\/span> <a href=\"https:\/\/meblekukulka.pl\/blog\/category\/porady\/przewodniki\/\" rel=\"tag\" class=\"term-przewodniki\">Przewodniki<\/a><\/span>\t<\/span>\n\t\n\t\t\t\n\t\t\t<h2 class=\"post-title entry-title\"><a href=\"https:\/\/meblekukulka.pl\/blog\/jak-usunac-wosk-z-kanapy\/\">Jak usun\u0105\u0107 wosk z kanapy?<\/a><\/h2>\t\t\t\n\t\t\t\t\t\t\t<p class=\"post-meta entry-meta\">\n\t\t\t\t\t\t\t\t\t\t\t<span class=\"post-author\"><span class=\"author vcard\"><a class=\"url fn n\" href=\"\" rel=\"author\"><\/a><\/span><\/span>\n\t\t\t\t\t\t\t\t\t\t\n\t\t\t\t\t        <span class=\"post-comment\">\n\t       <a href=\"https:\/\/meblekukulka.pl\/blog\/jak-usunac-wosk-z-kanapy\/#respond\">0 Comments<\/a>\t    <\/span>\n\t\t\t\t\t\t\t\n\t\t\t\t\t\t\t\t\t<\/p>\n\t\t\t\n\t\t\t\t\t\t\n\t\t\t\t<div class=\"entry-content\">\n\n        \n\t\t\n\t\t\n\t    \n\t<\/div><!-- \/.entry-content -->\n\t\t\t\t<\/div>\n\t\t<\/div>\n\t<\/div>\n\t<!-- \/.post-content -->\n\t\n<\/article>\n<!-- \/.post -->\n\n<article id=\"post-1764\" class=\"post tf_clearfix post-1764 type-post status-publish format-standard has-post-thumbnail hentry category-porady has-post-title no-post-date has-post-category has-post-tag has-post-comment has-post-author \">\n\t\n\t\t\t\t<figure class=\"post-image tf_clearfix\">\n\t\t\t    \t\t\t\t\t\t\t\t<a href=\"https:\/\/meblekukulka.pl\/blog\/jak-usunac-siersc-z-kanapy\/\">\n\t\t\t\t\t\t\t\t<img loading=\"lazy\" decoding=\"async\" src=\"https:\/\/meblekukulka.pl\/blog\/wp-content\/uploads\/2024\/01\/pies-na-kanapie-1024x682-300x250.jpg\" width=\"300\" height=\"250\" class=\"wp-post-image wp-image-1768\" title=\"pies-na-kanapie\" alt=\"Pies na kanapie\">\t\t\t\t\t\t\t\t    \t\t\t\t<\/a>\n\t\t\t\t\t\t\t    \t\t\t<\/figure>\n\t\t\t\n\t<div class=\"post-content\">\n        \t\t<div class=\"post-content-inner-wrapper\">\n\t\t\t<div class=\"post-content-inner\">\n\t\n\t\t\t\t<span class=\"post-cat-tag-wrap\">\n\t\t<span class=\"post-category\"><a href=\"https:\/\/meblekukulka.pl\/blog\/category\/porady\/\" rel=\"tag\" class=\"term-porady\">Porady<\/a><\/span>\t<\/span>\n\t\n\t\t\t\n\t\t\t<h2 class=\"post-title entry-title\"><a href=\"https:\/\/meblekukulka.pl\/blog\/jak-usunac-siersc-z-kanapy\/\">Jak usun\u0105\u0107 sier\u015b\u0107 z kanapy?<\/a><\/h2>\t\t\t\n\t\t\t\t\t\t\t<p class=\"post-meta entry-meta\">\n\t\t\t\t\t\t\t\t\t\t\t<span class=\"post-author\"><span class=\"author vcard\"><a class=\"url fn n\" href=\"\" rel=\"author\"><\/a><\/span><\/span>\n\t\t\t\t\t\t\t\t\t\t\n\t\t\t\t\t        <span class=\"post-comment\">\n\t       <a href=\"https:\/\/meblekukulka.pl\/blog\/jak-usunac-siersc-z-kanapy\/#respond\">0 Comments<\/a>\t    <\/span>\n\t\t\t\t\t\t\t\n\t\t\t\t\t\t\t\t\t<\/p>\n\t\t\t\n\t\t\t\t\t\t\n\t\t\t\t<div class=\"entry-content\">\n\n        \n\t\t<p>Wielbiciele zwierz\u0105t doskonale zdaj\u0105 sobie spraw\u0119 z wyzwa\u0144 zwi\u0105zanych z utrzymaniem czysto\u015bci w domu, zw\u0142aszcza je\u015bli w rodzinie mamy pupila, kt\u00f3ry rozkoszuje si\u0119 odpoczynkiem na naszej ulubionej kanapie. W dzisiejszym artykule przyjrzymy si\u0119, jak skutecznie pozby\u0107 si\u0119 sier\u015bci z kanapy, by zachowa\u0107 nie tylko estetyk\u0119, ale tak\u017ce higien\u0119 naszych mebli. Meble Kuku\u0142ka, jako ekspert w [&hellip;]<\/p>\n\n\t\t\n\t    \n\t<\/div><!-- \/.entry-content -->\n\t\t\t\t<\/div>\n\t\t<\/div>\n\t<\/div>\n\t<!-- \/.post-content -->\n\t\n<\/article>\n<!-- \/.post -->\n\n<article id=\"post-1758\" class=\"post tf_clearfix post-1758 type-post status-publish format-standard has-post-thumbnail hentry category-porady has-post-title no-post-date has-post-category has-post-tag has-post-comment has-post-author \">\n\t\n\t\t\t\t<figure class=\"post-image tf_clearfix\">\n\t\t\t    \t\t\t\t\t\t\t\t<a href=\"https:\/\/meblekukulka.pl\/blog\/jak-usunac-plamy-z-wymiocin-z-kanapy\/\">\n\t\t\t\t\t\t\t\t<img loading=\"lazy\" decoding=\"async\" src=\"https:\/\/meblekukulka.pl\/blog\/wp-content\/uploads\/2024\/01\/czyszczenie-kanapy-300x250.jpg\" width=\"300\" height=\"250\" class=\"wp-post-image wp-image-1761\" title=\"czyszczenie-kanapy\" alt=\"Czyszczenie kanapy\">\t\t\t\t\t\t\t\t    \t\t\t\t<\/a>\n\t\t\t\t\t\t\t    \t\t\t<\/figure>\n\t\t\t\n\t<div class=\"post-content\">\n        \t\t<div class=\"post-content-inner-wrapper\">\n\t\t\t<div class=\"post-content-inner\">\n\t\n\t\t\t\t<span class=\"post-cat-tag-wrap\">\n\t\t<span class=\"post-category\"><a href=\"https:\/\/meblekukulka.pl\/blog\/category\/porady\/\" rel=\"tag\" class=\"term-porady\">Porady<\/a><\/span>\t<\/span>\n\t\n\t\t\t\n\t\t\t<h2 class=\"post-title entry-title\"><a href=\"https:\/\/meblekukulka.pl\/blog\/jak-usunac-plamy-z-wymiocin-z-kanapy\/\">Jak usun\u0105\u0107 plamy z wymiocin z kanapy?<\/a><\/h2>\t\t\t\n\t\t\t\t\t\t\t<p class=\"post-meta entry-meta\">\n\t\t\t\t\t\t\t\t\t\t\t<span class=\"post-author\"><span class=\"author vcard\"><a class=\"url fn n\" href=\"\" rel=\"author\"><\/a><\/span><\/span>\n\t\t\t\t\t\t\t\t\t\t\n\t\t\t\t\t        <span class=\"post-comment\">\n\t       <a href=\"https:\/\/meblekukulka.pl\/blog\/jak-usunac-plamy-z-wymiocin-z-kanapy\/#respond\">0 Comments<\/a>\t    <\/span>\n\t\t\t\t\t\t\t\n\t\t\t\t\t\t\t\t\t<\/p>\n\t\t\t\n\t\t\t\t\t\t\n\t\t\t\t<div class=\"entry-content\">\n\n        \n\t\t<p>Marzy\u0142e\u015b o spokojnym wieczorze w gronie przyjaci\u00f3\u0142, ale niestety, spontaniczne chwile rado\u015bci mog\u0105 czasem prowadzi\u0107 do niechcianych konsekwencji. Jednym z takich przypadk\u00f3w mo\u017ce by\u0107 plama z wymiocin na Twojej ulubionej kanapie. Zamiast jednak panikowa\u0107, postanowili\u015bmy przyj\u015b\u0107 z pomoc\u0105! W tym artykule podzielimy si\u0119 sprawdzonymi metodami, kt\u00f3re pozwol\u0105 Ci skutecznie usun\u0105\u0107 plamy i nieprzyjemny zapach wymiocin [&hellip;]<\/p>\n\n\t\t\n\t    \n\t<\/div><!-- \/.entry-content -->\n\t\t\t\t<\/div>\n\t\t<\/div>\n\t<\/div>\n\t<!-- \/.post-content -->\n\t\n<\/article>\n<!-- \/.post -->\n\n<article id=\"post-1731\" class=\"post tf_clearfix post-1731 type-post status-publish format-standard has-post-thumbnail hentry category-porady has-post-title no-post-date has-post-category has-post-tag has-post-comment has-post-author \">\n\t\n\t\t\t\t<figure class=\"post-image tf_clearfix\">\n\t\t\t    \t\t\t\t\t\t\t\t<a href=\"https:\/\/meblekukulka.pl\/blog\/jak-usunac-plamy-z-tapicerki-kanapy-2\/\">\n\t\t\t\t\t\t\t\t<img loading=\"lazy\" decoding=\"async\" src=\"https:\/\/meblekukulka.pl\/blog\/wp-content\/uploads\/2023\/12\/plesn-na-tkaninie-300x250.jpg\" width=\"300\" height=\"250\" class=\"wp-post-image wp-image-1729\" title=\"plesn-na-tkaninie\" alt=\"Usuwanie ple\u015bni z tkaniny\">\t\t\t\t\t\t\t\t    \t\t\t\t<\/a>\n\t\t\t\t\t\t\t    \t\t\t<\/figure>\n\t\t\t\n\t<div class=\"post-content\">\n        \t\t<div class=\"post-content-inner-wrapper\">\n\t\t\t<div class=\"post-content-inner\">\n\t\n\t\t\t\t<span class=\"post-cat-tag-wrap\">\n\t\t<span class=\"post-category\"><a href=\"https:\/\/meblekukulka.pl\/blog\/category\/porady\/\" rel=\"tag\" class=\"term-porady\">Porady<\/a><\/span>\t<\/span>\n\t\n\t\t\t\n\t\t\t<h2 class=\"post-title entry-title\"><a href=\"https:\/\/meblekukulka.pl\/blog\/jak-usunac-plamy-z-tapicerki-kanapy-2\/\">Jak usun\u0105\u0107 ple\u015b\u0144 z tkaniny?<\/a><\/h2>\t\t\t\n\t\t\t\t\t\t\t<p class=\"post-meta entry-meta\">\n\t\t\t\t\t\t\t\t\t\t\t<span class=\"post-author\"><span class=\"author vcard\"><a class=\"url fn n\" href=\"\" rel=\"author\"><\/a><\/span><\/span>\n\t\t\t\t\t\t\t\t\t\t\n\t\t\t\t\t        <span class=\"post-comment\">\n\t       <a href=\"https:\/\/meblekukulka.pl\/blog\/jak-usunac-plamy-z-tapicerki-kanapy-2\/#respond\">0 Comments<\/a>\t    <\/span>\n\t\t\t\t\t\t\t\n\t\t\t\t\t\t\t\t\t<\/p>\n\t\t\t\n\t\t\t\t\t\t\n\t\t\t\t<div class=\"entry-content\">\n\n        \n\t\t<p>Ple\u015b\u0144 na tkaninie to problem, kt\u00f3ry mo\u017ce zepsu\u0107 wygl\u0105d i funkcjonalno\u015b\u0107 Twoich ulubionych mebli. W artykule tym dowiesz si\u0119, jak skutecznie pozby\u0107 si\u0119 tego uci\u0105\u017cliwego problemu, przywracaj\u0105c swoim meblom dawny blask. Niezale\u017cnie od tego, czy masz do czynienia z meblami tapicerowanymi, czy mo\u017ce chcesz ochroni\u0107 swoj\u0105 ulubion\u0105 kanap\u0119 przed atakiem ple\u015bni, mamy dla Ciebie praktyczne [&hellip;]<\/p>\n\n\t\t\n\t    \n\t<\/div><!-- \/.entry-content -->\n\t\t\t\t<\/div>\n\t\t<\/div>\n\t<\/div>\n\t<!-- \/.post-content -->\n\t\n<\/article>\n<!-- \/.post -->\n\n<article id=\"post-1718\" class=\"post tf_clearfix post-1718 type-post status-publish format-standard has-post-thumbnail hentry category-porady has-post-title no-post-date has-post-category has-post-tag has-post-comment has-post-author \">\n\t\n\t\t\t\t<figure class=\"post-image tf_clearfix\">\n\t\t\t    \t\t\t\t\t\t\t\t<a href=\"https:\/\/meblekukulka.pl\/blog\/styl-boho-w-twoim-domu\/\">\n\t\t\t\t\t\t\t\t<img loading=\"lazy\" decoding=\"async\" src=\"https:\/\/meblekukulka.pl\/blog\/wp-content\/uploads\/2023\/10\/St\u00f3\u0142-do-jadalni-SOL-w-stylu-boho-z-efektem-surowego-d\u0119bu-1024x683-300x250.jpg\" width=\"300\" height=\"250\" class=\"wp-post-image wp-image-1716\" title=\"St\u00f3\u0142 do jadalni SOL w stylu boho z efektem surowego d\u0119bu\" alt=\"St\u00f3\u0142 do jadalni SOL w stylu boho z efektem surowego d\u0119bu\">\t\t\t\t\t\t\t\t    \t\t\t\t<\/a>\n\t\t\t\t\t\t\t    \t\t\t<\/figure>\n\t\t\t\n\t<div class=\"post-content\">\n        \t\t<div class=\"post-content-inner-wrapper\">\n\t\t\t<div class=\"post-content-inner\">\n\t\n\t\t\t\t<span class=\"post-cat-tag-wrap\">\n\t\t<span class=\"post-category\"><a href=\"https:\/\/meblekukulka.pl\/blog\/category\/porady\/\" rel=\"tag\" class=\"term-porady\">Porady<\/a><\/span>\t<\/span>\n\t\n\t\t\t\n\t\t\t<h2 class=\"post-title entry-title\"><a href=\"https:\/\/meblekukulka.pl\/blog\/styl-boho-w-twoim-domu\/\">Styl boho w Twoim domu &#8211; inspiracje oraz pomys\u0142y na dekoracje<\/a><\/h2>\t\t\t\n\t\t\t\t\t\t\t<p class=\"post-meta entry-meta\">\n\t\t\t\t\t\t\t\t\t\t\t<span class=\"post-author\"><span class=\"author vcard\"><a class=\"url fn n\" href=\"\" rel=\"author\"><\/a><\/span><\/span>\n\t\t\t\t\t\t\t\t\t\t\n\t\t\t\t\t        <span class=\"post-comment\">\n\t       <a href=\"https:\/\/meblekukulka.pl\/blog\/styl-boho-w-twoim-domu\/#respond\">0 Comments<\/a>\t    <\/span>\n\t\t\t\t\t\t\t\n\t\t\t\t\t\t\t\t\t<\/p>\n\t\t\t\n\t\t\t\t\t\t\n\t\t\t\t<div class=\"entry-content\">\n\n        \n\t\t<p>W dzisiejszych czasach, kiedy \u017cycie cz\u0119sto jest pe\u0142ne po\u015bpiechu i stresu, coraz wi\u0119cej os\u00f3b szuka sposob\u00f3w na stworzenie w swoim domu miejsca, w kt\u00f3rym mog\u0105 odpocz\u0105\u0107, zrelaksowa\u0107 si\u0119 oraz wyrazi\u0107 swoj\u0105 kreatywno\u015b\u0107. W\u0142a\u015bnie w tym kontek\u015bcie styl boho, czyli boho chic, zyskuje coraz wi\u0119ksz\u0105 popularno\u015b\u0107. To nie tylko spos\u00f3b na urz\u0105dzenie przestrzeni, ale tak\u017ce filozofia [&hellip;]<\/p>\n\n\t\t\n\t    \n\t<\/div><!-- \/.entry-content -->\n\t\t\t\t<\/div>\n\t\t<\/div>\n\t<\/div>\n\t<!-- \/.post-content -->\n\t\n<\/article>\n<!-- \/.post -->\n\n<article id=\"post-1700\" class=\"post tf_clearfix post-1700 type-post status-publish format-standard has-post-thumbnail hentry category-porady has-post-title no-post-date has-post-category has-post-tag has-post-comment has-post-author \">\n\t\n\t\t\t\t<figure class=\"post-image tf_clearfix\">\n\t\t\t    \t\t\t\t\t\t\t\t<a href=\"https:\/\/meblekukulka.pl\/blog\/jak-usunac-plamy-z-tapicerki-kanapy\/\">\n\t\t\t\t\t\t\t\t<img loading=\"lazy\" decoding=\"async\" src=\"https:\/\/meblekukulka.pl\/blog\/wp-content\/uploads\/2023\/09\/usuwanie-plam-z-tapicerki-kanapy-300x250.jpg\" width=\"300\" height=\"250\" class=\"wp-post-image wp-image-1696\" title=\"usuwanie-plam-z-tapicerki-kanapy\" alt=\"Kobieta czyszcz\u0105ca tapicerk\u0119 kanapy\">\t\t\t\t\t\t\t\t    \t\t\t\t<\/a>\n\t\t\t\t\t\t\t    \t\t\t<\/figure>\n\t\t\t\n\t<div class=\"post-content\">\n        \t\t<div class=\"post-content-inner-wrapper\">\n\t\t\t<div class=\"post-content-inner\">\n\t\n\t\t\t\t<span class=\"post-cat-tag-wrap\">\n\t\t<span class=\"post-category\"><a href=\"https:\/\/meblekukulka.pl\/blog\/category\/porady\/\" rel=\"tag\" class=\"term-porady\">Porady<\/a><\/span>\t<\/span>\n\t\n\t\t\t\n\t\t\t<h2 class=\"post-title entry-title\"><a href=\"https:\/\/meblekukulka.pl\/blog\/jak-usunac-plamy-z-tapicerki-kanapy\/\">Jak usun\u0105\u0107 plamy z tapicerki kanapy?<\/a><\/h2>\t\t\t\n\t\t\t\t\t\t\t<p class=\"post-meta entry-meta\">\n\t\t\t\t\t\t\t\t\t\t\t<span class=\"post-author\"><span class=\"author vcard\"><a class=\"url fn n\" href=\"\" rel=\"author\"><\/a><\/span><\/span>\n\t\t\t\t\t\t\t\t\t\t\n\t\t\t\t\t        <span class=\"post-comment\">\n\t       <a href=\"https:\/\/meblekukulka.pl\/blog\/jak-usunac-plamy-z-tapicerki-kanapy\/#respond\">0 Comments<\/a>\t    <\/span>\n\t\t\t\t\t\t\t\n\t\t\t\t\t\t\t\t\t<\/p>\n\t\t\t\n\t\t\t\t\t\t\n\t\t\t\t<div class=\"entry-content\">\n\n        \n\t\t<p>Tapicerowane meble, takie jak kanapy, s\u0105 wa\u017cnym elementem wystroju naszych dom\u00f3w. Jednak zdarza si\u0119, \u017ce na ich powierzchni pojawiaj\u0105 si\u0119 uporczywe plamy, kt\u00f3re mog\u0105 nieco zepsu\u0107 estetyk\u0119 mebla. W tym artykule podpowiemy, jak skutecznie pozby\u0107 si\u0119 plam z tapicerki kanapy, korzystaj\u0105c z prostych i domowych sposob\u00f3w. Sprawd\u017a nasze praktyczne wskaz\u00f3wki i ciesz si\u0119 pi\u0119knym, czystym [&hellip;]<\/p>\n\n\t\t\n\t    \n\t<\/div><!-- \/.entry-content -->\n\t\t\t\t<\/div>\n\t\t<\/div>\n\t<\/div>\n\t<!-- \/.post-content -->\n\t\n<\/article>\n<!-- \/.post -->\n\n<article id=\"post-1692\" class=\"post tf_clearfix post-1692 type-post status-publish format-standard has-post-thumbnail hentry category-porady has-post-title no-post-date has-post-category has-post-tag has-post-comment has-post-author \">\n\t\n\t\t\t\t<figure class=\"post-image tf_clearfix\">\n\t\t\t    \t\t\t\t\t\t\t\t<a href=\"https:\/\/meblekukulka.pl\/blog\/jak-usunac-nieprzyjemny-zapach-z-kanapy\/\">\n\t\t\t\t\t\t\t\t<img loading=\"lazy\" decoding=\"async\" src=\"https:\/\/meblekukulka.pl\/blog\/wp-content\/uploads\/2023\/09\/jak-usunac-nieprzyjemny-zapach-kanapy-300x250.jpg\" width=\"300\" height=\"250\" class=\"wp-post-image wp-image-1697\" title=\"jak-usunac-nieprzyjemny-zapach-kanapy\" alt=\"Usuwanie nieprzyjemnego zapachu z kanapy\">\t\t\t\t\t\t\t\t    \t\t\t\t<\/a>\n\t\t\t\t\t\t\t    \t\t\t<\/figure>\n\t\t\t\n\t<div class=\"post-content\">\n        \t\t<div class=\"post-content-inner-wrapper\">\n\t\t\t<div class=\"post-content-inner\">\n\t\n\t\t\t\t<span class=\"post-cat-tag-wrap\">\n\t\t<span class=\"post-category\"><a href=\"https:\/\/meblekukulka.pl\/blog\/category\/porady\/\" rel=\"tag\" class=\"term-porady\">Porady<\/a><\/span>\t<\/span>\n\t\n\t\t\t\n\t\t\t<h2 class=\"post-title entry-title\"><a href=\"https:\/\/meblekukulka.pl\/blog\/jak-usunac-nieprzyjemny-zapach-z-kanapy\/\">Jak usun\u0105\u0107 nieprzyjemny zapach z kanapy?<\/a><\/h2>\t\t\t\n\t\t\t\t\t\t\t<p class=\"post-meta entry-meta\">\n\t\t\t\t\t\t\t\t\t\t\t<span class=\"post-author\"><span class=\"author vcard\"><a class=\"url fn n\" href=\"\" rel=\"author\"><\/a><\/span><\/span>\n\t\t\t\t\t\t\t\t\t\t\n\t\t\t\t\t        <span class=\"post-comment\">\n\t       <a href=\"https:\/\/meblekukulka.pl\/blog\/jak-usunac-nieprzyjemny-zapach-z-kanapy\/#respond\">0 Comments<\/a>\t    <\/span>\n\t\t\t\t\t\t\t\n\t\t\t\t\t\t\t\t\t<\/p>\n\t\t\t\n\t\t\t\t\t\t\n\t\t\t\t<div class=\"entry-content\">\n\n        \n\t\t<p>Nieprzyjemny zapach kanapy mo\u017ce znacz\u0105co wp\u0142yn\u0105\u0107 na komfort i atmosfer\u0119 w naszym domu. Szukaj\u0105c sposob\u00f3w na pozbycie si\u0119 brzydkiego zapachu z mebla, warto zwr\u00f3ci\u0107 uwag\u0119 na kilka skutecznych i prostych rozwi\u0105za\u0144. W artykule tym om\u00f3wimy, jak skutecznie usun\u0105\u0107 nieprzyjemny zapach kanapy, aby od\u015bwie\u017cy\u0107 wn\u0119trze i cieszy\u0107 si\u0119 \u015bwie\u017co\u015bci\u0105 w swoim domu.<\/p>\n\n\t\t\n\t    \n\t<\/div><!-- \/.entry-content -->\n\t\t\t\t<\/div>\n\t\t<\/div>\n\t<\/div>\n\t<!-- \/.post-content -->\n\t\n<\/article>\n<!-- \/.post -->\n\n<article id=\"post-1684\" class=\"post tf_clearfix post-1684 type-post status-publish format-standard has-post-thumbnail hentry category-porady has-post-title no-post-date has-post-category has-post-tag has-post-comment has-post-author \">\n\t\n\t\t\t\t<figure class=\"post-image tf_clearfix\">\n\t\t\t    \t\t\t\t\t\t\t\t<a href=\"https:\/\/meblekukulka.pl\/blog\/jak-usunac-krew-z-kanapy\/\">\n\t\t\t\t\t\t\t\t<img loading=\"lazy\" decoding=\"async\" src=\"https:\/\/meblekukulka.pl\/blog\/wp-content\/uploads\/2023\/08\/mycie-kanapy-300x250.jpg\" width=\"300\" height=\"250\" class=\"wp-post-image wp-image-1688\" title=\"mycie-kanapy\" alt=\"Czyszczenie kanapy\">\t\t\t\t\t\t\t\t    \t\t\t\t<\/a>\n\t\t\t\t\t\t\t    \t\t\t<\/figure>\n\t\t\t\n\t<div class=\"post-content\">\n        \t\t<div class=\"post-content-inner-wrapper\">\n\t\t\t<div class=\"post-content-inner\">\n\t\n\t\t\t\t<span class=\"post-cat-tag-wrap\">\n\t\t<span class=\"post-category\"><a href=\"https:\/\/meblekukulka.pl\/blog\/category\/porady\/\" rel=\"tag\" class=\"term-porady\">Porady<\/a><\/span>\t<\/span>\n\t\n\t\t\t\n\t\t\t<h2 class=\"post-title entry-title\"><a href=\"https:\/\/meblekukulka.pl\/blog\/jak-usunac-krew-z-kanapy\/\">Jak usun\u0105\u0107 krew z kanapy?<\/a><\/h2>\t\t\t\n\t\t\t\t\t\t\t<p class=\"post-meta entry-meta\">\n\t\t\t\t\t\t\t\t\t\t\t<span class=\"post-author\"><span class=\"author vcard\"><a class=\"url fn n\" href=\"\" rel=\"author\"><\/a><\/span><\/span>\n\t\t\t\t\t\t\t\t\t\t\n\t\t\t\t\t        <span class=\"post-comment\">\n\t       <a href=\"https:\/\/meblekukulka.pl\/blog\/jak-usunac-krew-z-kanapy\/#respond\">0 Comments<\/a>\t    <\/span>\n\t\t\t\t\t\t\t\n\t\t\t\t\t\t\t\t\t<\/p>\n\t\t\t\n\t\t\t\t\t\t\n\t\t\t\t<div class=\"entry-content\">\n\n        \n\t\t<p>Kanapy s\u0105 sercem naszych salon\u00f3w. To na nich relaksujemy si\u0119 po d\u0142ugim dniu pracy, sp\u0119dzamy czas z rodzin\u0105 i przyjaci\u00f3\u0142mi, czytamy ksi\u0105\u017cki, ogl\u0105damy ulubione filmy i wiele innych. Ale co si\u0119 dzieje, gdy na naszej ukochanej kanapie pojawi si\u0119 niechciana plama z krwi? Nie martw si\u0119, istniej\u0105 skuteczne metody, kt\u00f3re pomog\u0105 Ci usun\u0105\u0107 t\u0119 trudn\u0105 [&hellip;]<\/p>\n\n\t\t\n\t    \n\t<\/div><!-- \/.entry-content -->\n\t\t\t\t<\/div>\n\t\t<\/div>\n\t<\/div>\n\t<!-- \/.post-content -->\n\t\n<\/article>\n<!-- \/.post -->\n\n<article id=\"post-1677\" class=\"post tf_clearfix post-1677 type-post status-publish format-standard has-post-thumbnail hentry category-porady has-post-title no-post-date has-post-category has-post-tag has-post-comment has-post-author \">\n\t\n\t\t\t\t<figure class=\"post-image tf_clearfix\">\n\t\t\t    \t\t\t\t\t\t\t\t<a href=\"https:\/\/meblekukulka.pl\/blog\/jak-usunac-klej-z-kanapy\/\">\n\t\t\t\t\t\t\t\t<img loading=\"lazy\" decoding=\"async\" src=\"https:\/\/meblekukulka.pl\/blog\/wp-content\/uploads\/2023\/08\/czyszczenie-kanapy-300x250.jpg\" width=\"300\" height=\"250\" class=\"wp-post-image wp-image-1681\" title=\"czyszczenie-kanapy\" alt=\"Czyszczenie kanapy szmatk\u0105 i wod\u0105\">\t\t\t\t\t\t\t\t    \t\t\t\t<\/a>\n\t\t\t\t\t\t\t    \t\t\t<\/figure>\n\t\t\t\n\t<div class=\"post-content\">\n        \t\t<div class=\"post-content-inner-wrapper\">\n\t\t\t<div class=\"post-content-inner\">\n\t\n\t\t\t\t<span class=\"post-cat-tag-wrap\">\n\t\t<span class=\"post-category\"><a href=\"https:\/\/meblekukulka.pl\/blog\/category\/porady\/\" rel=\"tag\" class=\"term-porady\">Porady<\/a><\/span>\t<\/span>\n\t\n\t\t\t\n\t\t\t<h2 class=\"post-title entry-title\"><a href=\"https:\/\/meblekukulka.pl\/blog\/jak-usunac-klej-z-kanapy\/\">Jak usun\u0105\u0107 klej z kanapy?<\/a><\/h2>\t\t\t\n\t\t\t\t\t\t\t<p class=\"post-meta entry-meta\">\n\t\t\t\t\t\t\t\t\t\t\t<span class=\"post-author\"><span class=\"author vcard\"><a class=\"url fn n\" href=\"\" rel=\"author\"><\/a><\/span><\/span>\n\t\t\t\t\t\t\t\t\t\t\n\t\t\t\t\t        <span class=\"post-comment\">\n\t       <a href=\"https:\/\/meblekukulka.pl\/blog\/jak-usunac-klej-z-kanapy\/#respond\">0 Comments<\/a>\t    <\/span>\n\t\t\t\t\t\t\t\n\t\t\t\t\t\t\t\t\t<\/p>\n\t\t\t\n\t\t\t\t\t\t\n\t\t\t\t<div class=\"entry-content\">\n\n        \n\t\t<p>Ka\u017cdy z nas ma czasem do czynienia z przypadkowym zachlapaniem mebli, w tym naszych ukochanych kanap. Klej mo\u017ce by\u0107 trudny do usuni\u0119cia i stanowi\u0107 prawdziwe wyzwanie. W tym artykule przyjrzymy si\u0119 r\u00f3\u017cnym sposobom, jakie mo\u017cna zastosowa\u0107, aby skutecznie pozby\u0107 si\u0119 kleju z kanapy. Meble Kuku\u0142ka, jako producent mebli tapicerowanych, podzielimy si\u0119 z Wami naszymi sprawdzonymi [&hellip;]<\/p>\n\n\t\t\n\t    \n\t<\/div><!-- \/.entry-content -->\n\t\t\t\t<\/div>\n\t\t<\/div>\n\t<\/div>\n\t<!-- \/.post-content -->\n\t\n<\/article>\n<!-- \/.post -->\n\n<article id=\"post-1670\" class=\"post tf_clearfix post-1670 type-post status-publish format-standard has-post-thumbnail hentry category-porady has-post-title no-post-date has-post-category has-post-tag has-post-comment has-post-author \">\n\t\n\t\t\t\t<figure class=\"post-image tf_clearfix\">\n\t\t\t    \t\t\t\t\t\t\t\t<a href=\"https:\/\/meblekukulka.pl\/blog\/jak-usunac-gume-do-zucia-z-kanapy\/\">\n\t\t\t\t\t\t\t\t<img loading=\"lazy\" decoding=\"async\" src=\"https:\/\/meblekukulka.pl\/blog\/wp-content\/uploads\/2023\/08\/dziecko-z-guma-do-zucia-1024x682-300x250.jpg\" width=\"300\" height=\"250\" class=\"wp-post-image wp-image-1674\" title=\"dziecko-z-guma-do-zucia\" alt=\"Dziecko z gum\u0105 do \u017cucia\">\t\t\t\t\t\t\t\t    \t\t\t\t<\/a>\n\t\t\t\t\t\t\t    \t\t\t<\/figure>\n\t\t\t\n\t<div class=\"post-content\">\n        \t\t<div class=\"post-content-inner-wrapper\">\n\t\t\t<div class=\"post-content-inner\">\n\t\n\t\t\t\t<span class=\"post-cat-tag-wrap\">\n\t\t<span class=\"post-category\"><a href=\"https:\/\/meblekukulka.pl\/blog\/category\/porady\/\" rel=\"tag\" class=\"term-porady\">Porady<\/a><\/span>\t<\/span>\n\t\n\t\t\t\n\t\t\t<h2 class=\"post-title entry-title\"><a href=\"https:\/\/meblekukulka.pl\/blog\/jak-usunac-gume-do-zucia-z-kanapy\/\">Jak usun\u0105\u0107 gum\u0119 do \u017cucia z kanapy?<\/a><\/h2>\t\t\t\n\t\t\t\t\t\t\t<p class=\"post-meta entry-meta\">\n\t\t\t\t\t\t\t\t\t\t\t<span class=\"post-author\"><span class=\"author vcard\"><a class=\"url fn n\" href=\"\" rel=\"author\"><\/a><\/span><\/span>\n\t\t\t\t\t\t\t\t\t\t\n\t\t\t\t\t        <span class=\"post-comment\">\n\t       <a href=\"https:\/\/meblekukulka.pl\/blog\/jak-usunac-gume-do-zucia-z-kanapy\/#respond\">0 Comments<\/a>\t    <\/span>\n\t\t\t\t\t\t\t\n\t\t\t\t\t\t\t\t\t<\/p>\n\t\t\t\n\t\t\t\t\t\t\n\t\t\t\t<div class=\"entry-content\">\n\n        \n\t\t<p>Guma do \u017cucia jest pyszn\u0105 przek\u0105sk\u0105, ale niestety potrafi sprawi\u0107 nam sporo k\u0142opot\u00f3w, gdy wyl\u0105duje na naszej ukochanej kanapie. Niezale\u017cnie od tego, czy jeste\u015b rodzicem ma\u0142ego odkrywcy, kt\u00f3ry cz\u0119sto przynosi ze sob\u0105 gum\u0119, czy po prostu sam przypadkowo utkn\u0105\u0142e\u015b w niej, to usuwanie gumy z kanapy mo\u017ce wydawa\u0107 si\u0119 trudne. Jednak nie martw si\u0119! W [&hellip;]<\/p>\n\n\t\t\n\t    \n\t<\/div><!-- \/.entry-content -->\n\t\t\t\t<\/div>\n\t\t<\/div>\n\t<\/div>\n\t<!-- \/.post-content -->\n\t\n<\/article>\n<!-- \/.post -->\n\n<article id=\"post-1658\" class=\"post tf_clearfix post-1658 type-post status-publish format-standard has-post-thumbnail hentry category-porady has-post-title no-post-date has-post-category has-post-tag has-post-comment has-post-author \">\n\t\n\t\t\t\t<figure class=\"post-image tf_clearfix\">\n\t\t\t    \t\t\t\t\t\t\t\t<a href=\"https:\/\/meblekukulka.pl\/blog\/jak-usunac-dlugopis-z-kanapy\/\">\n\t\t\t\t\t\t\t\t<img loading=\"lazy\" decoding=\"async\" src=\"https:\/\/meblekukulka.pl\/blog\/wp-content\/uploads\/2023\/08\/plama-z-markera-na-kanapie-300x250.jpg\" width=\"300\" height=\"250\" class=\"wp-post-image wp-image-1663\" title=\"plama-z-markera-na-kanapie\" alt=\"Plama z pisak\u00f3w na kanapie\">\t\t\t\t\t\t\t\t    \t\t\t\t<\/a>\n\t\t\t\t\t\t\t    \t\t\t<\/figure>\n\t\t\t\n\t<div class=\"post-content\">\n        \t\t<div class=\"post-content-inner-wrapper\">\n\t\t\t<div class=\"post-content-inner\">\n\t\n\t\t\t\t<span class=\"post-cat-tag-wrap\">\n\t\t<span class=\"post-category\"><a href=\"https:\/\/meblekukulka.pl\/blog\/category\/porady\/\" rel=\"tag\" class=\"term-porady\">Porady<\/a><\/span>\t<\/span>\n\t\n\t\t\t\n\t\t\t<h2 class=\"post-title entry-title\"><a href=\"https:\/\/meblekukulka.pl\/blog\/jak-usunac-dlugopis-z-kanapy\/\">Jak usun\u0105\u0107 d\u0142ugopis z kanapy?<\/a><\/h2>\t\t\t\n\t\t\t\t\t\t\t<p class=\"post-meta entry-meta\">\n\t\t\t\t\t\t\t\t\t\t\t<span class=\"post-author\"><span class=\"author vcard\"><a class=\"url fn n\" href=\"\" rel=\"author\"><\/a><\/span><\/span>\n\t\t\t\t\t\t\t\t\t\t\n\t\t\t\t\t        <span class=\"post-comment\">\n\t       <a href=\"https:\/\/meblekukulka.pl\/blog\/jak-usunac-dlugopis-z-kanapy\/#respond\">0 Comments<\/a>\t    <\/span>\n\t\t\t\t\t\t\t\n\t\t\t\t\t\t\t\t\t<\/p>\n\t\t\t\n\t\t\t\t\t\t\n\t\t\t\t<div class=\"entry-content\">\n\n        \n\t\t<p>D\u0142ugopis na kanapie to sytuacja, kt\u00f3rej chyba nikt nie chcia\u0142by do\u015bwiadczy\u0107. Cho\u0107 dzieci i doro\u015bli mog\u0105 by\u0107 niezwykle kreatywni, czasami efekty ich tw\u00f3rczo\u015bci mog\u0105 pozostawi\u0107 niechciane \u015blady na naszych meblach tapicerowanych. Nie martw si\u0119 jednak! W dzisiejszym artykule podpowiemy Ci, jak sprawnie pozby\u0107 si\u0119 plamy po d\u0142ugopisie z Twojej kanapy, zachowuj\u0105c jej nieskaziteln\u0105 urod\u0119. Przedstawimy [&hellip;]<\/p>\n\n\t\t\n\t    \n\t<\/div><!-- \/.entry-content -->\n\t\t\t\t<\/div>\n\t\t<\/div>\n\t<\/div>\n\t<!-- \/.post-content -->\n\t\n<\/article>\n<!-- \/.post -->\n\n<article id=\"post-1650\" class=\"post tf_clearfix post-1650 type-post status-publish format-standard has-post-thumbnail hentry category-porady has-post-title no-post-date has-post-category has-post-tag has-post-comment has-post-author \">\n\t\n\t\t\t\t<figure class=\"post-image tf_clearfix\">\n\t\t\t    \t\t\t\t\t\t\t\t<a href=\"https:\/\/meblekukulka.pl\/blog\/jak-usunac-dlugopis-i-marker-z-kanapy\/\">\n\t\t\t\t\t\t\t\t<img loading=\"lazy\" decoding=\"async\" src=\"https:\/\/meblekukulka.pl\/blog\/wp-content\/uploads\/2023\/07\/plama-z-markera-na-kanapie-300x250.jpg\" width=\"300\" height=\"250\" class=\"wp-post-image wp-image-1654\" title=\"plama-z-markera-na-kanapie\" alt=\"Plama z markera na tapicerce\">\t\t\t\t\t\t\t\t    \t\t\t\t<\/a>\n\t\t\t\t\t\t\t    \t\t\t<\/figure>\n\t\t\t\n\t<div class=\"post-content\">\n        \t\t<div class=\"post-content-inner-wrapper\">\n\t\t\t<div class=\"post-content-inner\">\n\t\n\t\t\t\t<span class=\"post-cat-tag-wrap\">\n\t\t<span class=\"post-category\"><a href=\"https:\/\/meblekukulka.pl\/blog\/category\/porady\/\" rel=\"tag\" class=\"term-porady\">Porady<\/a><\/span>\t<\/span>\n\t\n\t\t\t\n\t\t\t<h2 class=\"post-title entry-title\"><a href=\"https:\/\/meblekukulka.pl\/blog\/jak-usunac-dlugopis-i-marker-z-kanapy\/\">Jak usun\u0105\u0107 d\u0142ugopis i marker z kanapy? Skuteczne sposoby na uporanie si\u0119 z plam\u0105<\/a><\/h2>\t\t\t\n\t\t\t\t\t\t\t<p class=\"post-meta entry-meta\">\n\t\t\t\t\t\t\t\t\t\t\t<span class=\"post-author\"><span class=\"author vcard\"><a class=\"url fn n\" href=\"\" rel=\"author\"><\/a><\/span><\/span>\n\t\t\t\t\t\t\t\t\t\t\n\t\t\t\t\t        <span class=\"post-comment\">\n\t       <a href=\"https:\/\/meblekukulka.pl\/blog\/jak-usunac-dlugopis-i-marker-z-kanapy\/#respond\">0 Comments<\/a>\t    <\/span>\n\t\t\t\t\t\t\t\n\t\t\t\t\t\t\t\t\t<\/p>\n\t\t\t\n\t\t\t\t\t\t\n\t\t\t\t<div class=\"entry-content\">\n\n        \n\t\t<p>D\u0142ugopis to jeden z tych rzeczy, kt\u00f3re potrafi\u0105 sprawi\u0107 nam niema\u0142e k\u0142opoty, zw\u0142aszcza je\u015bli zdarzy si\u0119, \u017ce spadnie na nasz\u0105 ukochan\u0105 kanap\u0119. Plama d\u0142ugopisu na tkaninie potrafi wygl\u0105da\u0107 nieestetycznie i by\u0107 trudna do usuni\u0119cia. Ale nie martwcie si\u0119! W tym artykule podpowiemy Wam kilka skutecznych sposob\u00f3w, jak poradzi\u0107 sobie z tym problemem, nawet je\u015bli kanapa [&hellip;]<\/p>\n\n\t\t\n\t    \n\t<\/div><!-- \/.entry-content -->\n\t\t\t\t<\/div>\n\t\t<\/div>\n\t<\/div>\n\t<!-- \/.post-content -->\n\t\n<\/article>\n<!-- \/.post -->\n\n<article id=\"post-1643\" class=\"post tf_clearfix post-1643 type-post status-publish format-standard has-post-thumbnail hentry category-porady has-post-title no-post-date has-post-category has-post-tag has-post-comment has-post-author \">\n\t\n\t\t\t\t<figure class=\"post-image tf_clearfix\">\n\t\t\t    \t\t\t\t\t\t\t\t<a href=\"https:\/\/meblekukulka.pl\/blog\/jak-naprawic-tapicerke-kanapy\/\">\n\t\t\t\t\t\t\t\t<img loading=\"lazy\" decoding=\"async\" src=\"https:\/\/meblekukulka.pl\/blog\/wp-content\/uploads\/2023\/07\/naprawa-kanapy-tapicerowanej-300x250.jpg\" width=\"300\" height=\"250\" class=\"wp-post-image wp-image-1613\" title=\"naprawa-kanapy-tapicerowanej\" alt=\"M\u0119\u017cczyzna naprawiaj\u0105cy tapicerk\u0119\">\t\t\t\t\t\t\t\t    \t\t\t\t<\/a>\n\t\t\t\t\t\t\t    \t\t\t<\/figure>\n\t\t\t\n\t<div class=\"post-content\">\n        \t\t<div class=\"post-content-inner-wrapper\">\n\t\t\t<div class=\"post-content-inner\">\n\t\n\t\t\t\t<span class=\"post-cat-tag-wrap\">\n\t\t<span class=\"post-category\"><a href=\"https:\/\/meblekukulka.pl\/blog\/category\/porady\/\" rel=\"tag\" class=\"term-porady\">Porady<\/a><\/span>\t<\/span>\n\t\n\t\t\t\n\t\t\t<h2 class=\"post-title entry-title\"><a href=\"https:\/\/meblekukulka.pl\/blog\/jak-naprawic-tapicerke-kanapy\/\">Jak naprawi\u0107 tapicerk\u0119 kanapy?<\/a><\/h2>\t\t\t\n\t\t\t\t\t\t\t<p class=\"post-meta entry-meta\">\n\t\t\t\t\t\t\t\t\t\t\t<span class=\"post-author\"><span class=\"author vcard\"><a class=\"url fn n\" href=\"\" rel=\"author\"><\/a><\/span><\/span>\n\t\t\t\t\t\t\t\t\t\t\n\t\t\t\t\t        <span class=\"post-comment\">\n\t       <a href=\"https:\/\/meblekukulka.pl\/blog\/jak-naprawic-tapicerke-kanapy\/#respond\">0 Comments<\/a>\t    <\/span>\n\t\t\t\t\t\t\t\n\t\t\t\t\t\t\t\t\t<\/p>\n\t\t\t\n\t\t\t\t\t\t\n\t\t\t\t<div class=\"entry-content\">\n\n        \n\t\t<p>Tapicerka kanapy jest nie tylko ozdob\u0105 wn\u0119trza, ale tak\u017ce pozostaje nara\u017cona na codzienny u\u017cytkowanie i wszelkiego rodzaju uszkodzenia. Przebarwienia, przetarcia czy plamy potrafi\u0105 znacznie zniszczy\u0107 estetyk\u0119 mebla. Je\u015bli zastanawiasz si\u0119, jak przywr\u00f3ci\u0107 swojej kanapie dawny blask i \u015bwie\u017co\u015b\u0107, mamy dla Ciebie praktyczne wskaz\u00f3wki i inspiracje dotycz\u0105ce naprawy tapicerki kanapy. Sprawd\u017a najlepsze meble w naszym sklepie [&hellip;]<\/p>\n\n\t\t\n\t    \n\t<\/div><!-- \/.entry-content -->\n\t\t\t\t<\/div>\n\t\t<\/div>\n\t<\/div>\n\t<!-- \/.post-content -->\n\t\n<\/article>\n<!-- \/.post -->\n\n<article id=\"post-1631\" class=\"post tf_clearfix post-1631 type-post status-publish format-standard has-post-thumbnail hentry category-porady has-post-title no-post-date has-post-category has-post-tag has-post-comment has-post-author \">\n\t\n\t\t\t\t<figure class=\"post-image tf_clearfix\">\n\t\t\t    \t\t\t\t\t\t\t\t<a href=\"https:\/\/meblekukulka.pl\/blog\/jak-pozbyc-sie-zapachu-i-plam-moczu-z-kanapy\/\">\n\t\t\t\t\t\t\t\t<img loading=\"lazy\" decoding=\"async\" src=\"https:\/\/meblekukulka.pl\/blog\/wp-content\/uploads\/2023\/07\/plama-na-kanapie-300x250.jpg\" width=\"300\" height=\"250\" class=\"wp-post-image wp-image-1635\" title=\"plama-na-kanapie\" alt=\"Plama na kanapie tapicerowanej\">\t\t\t\t\t\t\t\t    \t\t\t\t<\/a>\n\t\t\t\t\t\t\t    \t\t\t<\/figure>\n\t\t\t\n\t<div class=\"post-content\">\n        \t\t<div class=\"post-content-inner-wrapper\">\n\t\t\t<div class=\"post-content-inner\">\n\t\n\t\t\t\t<span class=\"post-cat-tag-wrap\">\n\t\t<span class=\"post-category\"><a href=\"https:\/\/meblekukulka.pl\/blog\/category\/porady\/\" rel=\"tag\" class=\"term-porady\">Porady<\/a><\/span>\t<\/span>\n\t\n\t\t\t\n\t\t\t<h2 class=\"post-title entry-title\"><a href=\"https:\/\/meblekukulka.pl\/blog\/jak-pozbyc-sie-zapachu-i-plam-moczu-z-kanapy\/\">Jak pozby\u0107 si\u0119 zapachu i plam moczu z kanapy?<\/a><\/h2>\t\t\t\n\t\t\t\t\t\t\t<p class=\"post-meta entry-meta\">\n\t\t\t\t\t\t\t\t\t\t\t<span class=\"post-author\"><span class=\"author vcard\"><a class=\"url fn n\" href=\"\" rel=\"author\"><\/a><\/span><\/span>\n\t\t\t\t\t\t\t\t\t\t\n\t\t\t\t\t        <span class=\"post-comment\">\n\t       <a href=\"https:\/\/meblekukulka.pl\/blog\/jak-pozbyc-sie-zapachu-i-plam-moczu-z-kanapy\/#respond\">0 Comments<\/a>\t    <\/span>\n\t\t\t\t\t\t\t\n\t\t\t\t\t\t\t\t\t<\/p>\n\t\t\t\n\t\t\t\t\t\t\n\t\t\t\t<div class=\"entry-content\">\n\n        \n\t\t<p>Moczenie kanapy przez domowe zwierz\u0119ta, takie jak koty, mo\u017ce by\u0107 frustruj\u0105cym problemem dla wielu w\u0142a\u015bcicieli. Zapach i plamy pozostawione przez mocz mog\u0105 by\u0107 trudne do usuni\u0119cia, szczeg\u00f3lnie je\u015bli nie wiemy, jak si\u0119 do tego zabra\u0107. W tym artykule dowiesz si\u0119, jak skutecznie pozby\u0107 si\u0119 zapachu i plam moczu z kanapy, zwi\u0119kszaj\u0105c jej \u017cywotno\u015b\u0107 i wygl\u0105d. [&hellip;]<\/p>\n\n\t\t\n\t    \n\t<\/div><!-- \/.entry-content -->\n\t\t\t\t<\/div>\n\t\t<\/div>\n\t<\/div>\n\t<!-- \/.post-content -->\n\t\n<\/article>\n<!-- \/.post -->\n\n<article id=\"post-1624\" class=\"post tf_clearfix post-1624 type-post status-publish format-standard has-post-thumbnail hentry category-porady has-post-title no-post-date has-post-category has-post-tag has-post-comment has-post-author \">\n\t\n\t\t\t\t<figure class=\"post-image tf_clearfix\">\n\t\t\t    \t\t\t\t\t\t\t\t<a href=\"https:\/\/meblekukulka.pl\/blog\/jak-oduczyc-kota-drapania-kanapy\/\">\n\t\t\t\t\t\t\t\t<img loading=\"lazy\" decoding=\"async\" src=\"https:\/\/meblekukulka.pl\/blog\/wp-content\/uploads\/2023\/07\/kot-drapie-kanape-300x250.jpg\" width=\"300\" height=\"250\" class=\"wp-post-image wp-image-1628\" title=\"kot-drapie-kanape\" alt=\"Kot drapi\u0105cy tapicerowan\u0105 kanap\u0119\">\t\t\t\t\t\t\t\t    \t\t\t\t<\/a>\n\t\t\t\t\t\t\t    \t\t\t<\/figure>\n\t\t\t\n\t<div class=\"post-content\">\n        \t\t<div class=\"post-content-inner-wrapper\">\n\t\t\t<div class=\"post-content-inner\">\n\t\n\t\t\t\t<span class=\"post-cat-tag-wrap\">\n\t\t<span class=\"post-category\"><a href=\"https:\/\/meblekukulka.pl\/blog\/category\/porady\/\" rel=\"tag\" class=\"term-porady\">Porady<\/a><\/span>\t<\/span>\n\t\n\t\t\t\n\t\t\t<h2 class=\"post-title entry-title\"><a href=\"https:\/\/meblekukulka.pl\/blog\/jak-oduczyc-kota-drapania-kanapy\/\">Jak oduczy\u0107 kota drapania kanapy? Kilka praktycznych porad<\/a><\/h2>\t\t\t\n\t\t\t\t\t\t\t<p class=\"post-meta entry-meta\">\n\t\t\t\t\t\t\t\t\t\t\t<span class=\"post-author\"><span class=\"author vcard\"><a class=\"url fn n\" href=\"\" rel=\"author\"><\/a><\/span><\/span>\n\t\t\t\t\t\t\t\t\t\t\n\t\t\t\t\t        <span class=\"post-comment\">\n\t       <a href=\"https:\/\/meblekukulka.pl\/blog\/jak-oduczyc-kota-drapania-kanapy\/#respond\">0 Comments<\/a>\t    <\/span>\n\t\t\t\t\t\t\t\n\t\t\t\t\t\t\t\t\t<\/p>\n\t\t\t\n\t\t\t\t\t\t\n\t\t\t\t<div class=\"entry-content\">\n\n        \n\t\t<p>Wielu mi\u0142o\u015bnik\u00f3w kot\u00f3w z pewno\u015bci\u0105 zetkn\u0119\u0142o si\u0119 z wyzwaniem, jakim jest oduczenie swojego futrzanego przyjaciela od drapania kanapy. Cho\u0107 drapanie jest naturalnym zachowaniem kota, mo\u017cemy zaoferowa\u0107 kilka praktycznych i kreatywnych rozwi\u0105za\u0144, kt\u00f3re pomog\u0105 zabezpieczy\u0107 nasze meble tapicerowane przed pazurami. W tym artykule podzielimy si\u0119 u\u017cytecznymi wskaz\u00f3wkami, aby\u015bcie mogli cieszy\u0107 si\u0119 pi\u0119knymi meblami w swoim domu, [&hellip;]<\/p>\n\n\t\t\n\t    \n\t<\/div><!-- \/.entry-content -->\n\t\t\t\t<\/div>\n\t\t<\/div>\n\t<\/div>\n\t<!-- \/.post-content -->\n\t\n<\/article>\n<!-- \/.post -->\n\n<article id=\"post-1617\" class=\"post tf_clearfix post-1617 type-post status-publish format-standard has-post-thumbnail hentry category-porady has-post-title no-post-date has-post-category has-post-tag has-post-comment has-post-author \">\n\t\n\t\t\t\t<figure class=\"post-image tf_clearfix\">\n\t\t\t    \t\t\t\t\t\t\t\t<a href=\"https:\/\/meblekukulka.pl\/blog\/jak-odswiezyc-zapach-kanapy\/\">\n\t\t\t\t\t\t\t\t<img loading=\"lazy\" decoding=\"async\" src=\"https:\/\/meblekukulka.pl\/blog\/wp-content\/uploads\/2023\/07\/odswiezanie-zapachu-kanapy-300x250.jpg\" width=\"300\" height=\"250\" class=\"wp-post-image wp-image-1621\" title=\"odswiezanie-zapachu-kanapy\" alt=\"Od\u015bwie\u017canie zapachu kanapy tapicerowanej\">\t\t\t\t\t\t\t\t    \t\t\t\t<\/a>\n\t\t\t\t\t\t\t    \t\t\t<\/figure>\n\t\t\t\n\t<div class=\"post-content\">\n        \t\t<div class=\"post-content-inner-wrapper\">\n\t\t\t<div class=\"post-content-inner\">\n\t\n\t\t\t\t<span class=\"post-cat-tag-wrap\">\n\t\t<span class=\"post-category\"><a href=\"https:\/\/meblekukulka.pl\/blog\/category\/porady\/\" rel=\"tag\" class=\"term-porady\">Porady<\/a><\/span>\t<\/span>\n\t\n\t\t\t\n\t\t\t<h2 class=\"post-title entry-title\"><a href=\"https:\/\/meblekukulka.pl\/blog\/jak-odswiezyc-zapach-kanapy\/\">Jak od\u015bwie\u017cy\u0107 zapach kanapy?<\/a><\/h2>\t\t\t\n\t\t\t\t\t\t\t<p class=\"post-meta entry-meta\">\n\t\t\t\t\t\t\t\t\t\t\t<span class=\"post-author\"><span class=\"author vcard\"><a class=\"url fn n\" href=\"\" rel=\"author\"><\/a><\/span><\/span>\n\t\t\t\t\t\t\t\t\t\t\n\t\t\t\t\t        <span class=\"post-comment\">\n\t       <a href=\"https:\/\/meblekukulka.pl\/blog\/jak-odswiezyc-zapach-kanapy\/#respond\">0 Comments<\/a>\t    <\/span>\n\t\t\t\t\t\t\t\n\t\t\t\t\t\t\t\t\t<\/p>\n\t\t\t\n\t\t\t\t\t\t\n\t\t\t\t<div class=\"entry-content\">\n\n        \n\t\t<p>Marzysz o \u015bwie\u017cym zapachu w Twoim salonie, ale nie wiesz, jak skutecznie od\u015bwie\u017cy\u0107 zapach kanapy? Cz\u0119sto u\u017cywane meble tapicerowane mog\u0105 z czasem wch\u0142on\u0105\u0107 r\u00f3\u017cne zapachy, takie jak dym papierosowy, zwierz\u0119cy zapach czy po prostu zapach codziennego u\u017cytkowania. Nie martw si\u0119! W tym artykule podpowiemy Ci kilka sprawdzonych sposob\u00f3w oraz polecimy produkty, kt\u00f3re pomog\u0105 Ci pozby\u0107 [&hellip;]<\/p>\n\n\t\t\n\t    \n\t<\/div><!-- \/.entry-content -->\n\t\t\t\t<\/div>\n\t\t<\/div>\n\t<\/div>\n\t<!-- \/.post-content -->\n\t\n<\/article>\n<!-- \/.post -->\n\n<article id=\"post-1609\" class=\"post tf_clearfix post-1609 type-post status-publish format-standard has-post-thumbnail hentry category-porady has-post-title no-post-date has-post-category has-post-tag has-post-comment has-post-author \">\n\t\n\t\t\t\t<figure class=\"post-image tf_clearfix\">\n\t\t\t    \t\t\t\t\t\t\t\t<a href=\"https:\/\/meblekukulka.pl\/blog\/jak-pozbyc-sie-zapachu-stechlizny-z-kanapy\/\">\n\t\t\t\t\t\t\t\t<img loading=\"lazy\" decoding=\"async\" src=\"https:\/\/meblekukulka.pl\/blog\/wp-content\/uploads\/2023\/07\/brzydki-zapach-kanapy-300x250.jpg\" width=\"300\" height=\"250\" class=\"wp-post-image wp-image-1638\" title=\"brzydki-zapach-kanapy\" alt=\"Kobieta siedz\u0105ca na kanapie zatyka nos przed nieprzyjemnym zapachem\">\t\t\t\t\t\t\t\t    \t\t\t\t<\/a>\n\t\t\t\t\t\t\t    \t\t\t<\/figure>\n\t\t\t\n\t<div class=\"post-content\">\n        \t\t<div class=\"post-content-inner-wrapper\">\n\t\t\t<div class=\"post-content-inner\">\n\t\n\t\t\t\t<span class=\"post-cat-tag-wrap\">\n\t\t<span class=\"post-category\"><a href=\"https:\/\/meblekukulka.pl\/blog\/category\/porady\/\" rel=\"tag\" class=\"term-porady\">Porady<\/a><\/span>\t<\/span>\n\t\n\t\t\t\n\t\t\t<h2 class=\"post-title entry-title\"><a href=\"https:\/\/meblekukulka.pl\/blog\/jak-pozbyc-sie-zapachu-stechlizny-z-kanapy\/\">Jak pozby\u0107 si\u0119 zapachu st\u0119chlizny z kanapy?<\/a><\/h2>\t\t\t\n\t\t\t\t\t\t\t<p class=\"post-meta entry-meta\">\n\t\t\t\t\t\t\t\t\t\t\t<span class=\"post-author\"><span class=\"author vcard\"><a class=\"url fn n\" href=\"\" rel=\"author\"><\/a><\/span><\/span>\n\t\t\t\t\t\t\t\t\t\t\n\t\t\t\t\t        <span class=\"post-comment\">\n\t       <a href=\"https:\/\/meblekukulka.pl\/blog\/jak-pozbyc-sie-zapachu-stechlizny-z-kanapy\/#respond\">0 Comments<\/a>\t    <\/span>\n\t\t\t\t\t\t\t\n\t\t\t\t\t\t\t\t\t<\/p>\n\t\t\t\n\t\t\t\t\t\t\n\t\t\t\t<div class=\"entry-content\">\n\n        \n\t\t<p>Nie ma nic bardziej przygn\u0119biaj\u0105cego ni\u017c poczu\u0107 nieprzyjemny zapach st\u0119chlizny, gdy siadasz na swojej ulubionej kanapie. Wszyscy doskonale wiemy, \u017ce meble tapicerowane, zw\u0142aszcza te, kt\u00f3re maj\u0105 kontakt z wilgotno\u015bci\u0105, czasem nara\u017cone s\u0105 na to nieprzyjemne do\u015bwiadczenie. Ale nie martwcie si\u0119! Przygotowali\u015bmy dla Was poradnik, kt\u00f3ry pomo\u017ce Wam w walce z tym problemem i przywr\u00f3ci\u0107 \u015bwie\u017co\u015b\u0107 [&hellip;]<\/p>\n\n\t\t\n\t    \n\t<\/div><!-- \/.entry-content -->\n\t\t\t\t<\/div>\n\t\t<\/div>\n\t<\/div>\n\t<!-- \/.post-content -->\n\t\n<\/article>\n<!-- \/.post -->\n\n<article id=\"post-1601\" class=\"post tf_clearfix post-1601 type-post status-publish format-standard has-post-thumbnail hentry category-porady has-post-title no-post-date has-post-category has-post-tag has-post-comment has-post-author \">\n\t\n\t\t\t\t<figure class=\"post-image tf_clearfix\">\n\t\t\t    \t\t\t\t\t\t\t\t<a href=\"https:\/\/meblekukulka.pl\/blog\/co-zrobic-zeby-kanapa-sie-nie-elektryzowala\/\">\n\t\t\t\t\t\t\t\t<img loading=\"lazy\" decoding=\"async\" src=\"https:\/\/meblekukulka.pl\/blog\/wp-content\/uploads\/2023\/07\/kanapa-tapicerowana-do-salonu-300x250.jpg\" width=\"300\" height=\"250\" class=\"wp-post-image wp-image-1606\" title=\"kanapa-tapicerowana-do-salonu\" alt=\"Kanapa tapicerowana w salonie\">\t\t\t\t\t\t\t\t    \t\t\t\t<\/a>\n\t\t\t\t\t\t\t    \t\t\t<\/figure>\n\t\t\t\n\t<div class=\"post-content\">\n        \t\t<div class=\"post-content-inner-wrapper\">\n\t\t\t<div class=\"post-content-inner\">\n\t\n\t\t\t\t<span class=\"post-cat-tag-wrap\">\n\t\t<span class=\"post-category\"><a href=\"https:\/\/meblekukulka.pl\/blog\/category\/porady\/\" rel=\"tag\" class=\"term-porady\">Porady<\/a><\/span>\t<\/span>\n\t\n\t\t\t\n\t\t\t<h2 class=\"post-title entry-title\"><a href=\"https:\/\/meblekukulka.pl\/blog\/co-zrobic-zeby-kanapa-sie-nie-elektryzowala\/\">Co zrobi\u0107 \u017ceby kanapa si\u0119 nie elektryzowa\u0142a?<\/a><\/h2>\t\t\t\n\t\t\t\t\t\t\t<p class=\"post-meta entry-meta\">\n\t\t\t\t\t\t\t\t\t\t\t<span class=\"post-author\"><span class=\"author vcard\"><a class=\"url fn n\" href=\"\" rel=\"author\"><\/a><\/span><\/span>\n\t\t\t\t\t\t\t\t\t\t\n\t\t\t\t\t        <span class=\"post-comment\">\n\t       <a href=\"https:\/\/meblekukulka.pl\/blog\/co-zrobic-zeby-kanapa-sie-nie-elektryzowala\/#respond\">0 Comments<\/a>\t    <\/span>\n\t\t\t\t\t\t\t\n\t\t\t\t\t\t\t\t\t<\/p>\n\t\t\t\n\t\t\t\t\t\t\n\t\t\t\t<div class=\"entry-content\">\n\n        \n\t\t<p>Elektryzuj\u0105ca si\u0119 kanapa mo\u017ce by\u0107 uci\u0105\u017cliwym problemem, kt\u00f3ry nie tylko utrudnia komfort u\u017cytkowania mebla, ale tak\u017ce mo\u017ce by\u0107 przyczyn\u0105 nieprzyjemnych dozna\u0144, takich jak lekkie szarpanie sk\u00f3ry lub \u0142adowanie si\u0119 w\u0142os\u00f3w. Je\u015bli chcesz cieszy\u0107 si\u0119 spokojnym relaksem na kanapie bez elektryzowania si\u0119, mamy dla Ciebie kilka sprawdzonych i skutecznych rozwi\u0105za\u0144. W tym artykule przedstawimy Ci praktyczne [&hellip;]<\/p>\n\n\t\t\n\t    \n\t<\/div><!-- \/.entry-content -->\n\t\t\t\t<\/div>\n\t\t<\/div>\n\t<\/div>\n\t<!-- \/.post-content -->\n\t\n<\/article>\n<!-- \/.post -->\n\n<article id=\"post-1592\" class=\"post tf_clearfix post-1592 type-post status-publish format-standard has-post-thumbnail hentry category-inspiracje category-porady has-post-title no-post-date has-post-category has-post-tag has-post-comment has-post-author \">\n\t\n\t\t\t\t<figure class=\"post-image tf_clearfix\">\n\t\t\t    \t\t\t\t\t\t\t\t<a href=\"https:\/\/meblekukulka.pl\/blog\/naroznik-tapicerowany-z-funkcja-spania-do-salonu\/\">\n\t\t\t\t\t\t\t\t<img loading=\"lazy\" decoding=\"async\" src=\"https:\/\/meblekukulka.pl\/blog\/wp-content\/uploads\/2023\/07\/naroznik-z-funckja-spania-do-salonu-300x250.jpg\" width=\"300\" height=\"250\" class=\"wp-post-image wp-image-1597\" title=\"naroznik-z-funckja-spania-do-salonu\" alt=\"Naro\u017cnik w salonie z funkcj\u0105 spania\">\t\t\t\t\t\t\t\t    \t\t\t\t<\/a>\n\t\t\t\t\t\t\t    \t\t\t<\/figure>\n\t\t\t\n\t<div class=\"post-content\">\n        \t\t<div class=\"post-content-inner-wrapper\">\n\t\t\t<div class=\"post-content-inner\">\n\t\n\t\t\t\t<span class=\"post-cat-tag-wrap\">\n\t\t<span class=\"post-category\"><a href=\"https:\/\/meblekukulka.pl\/blog\/category\/inspiracje\/\" rel=\"tag\" class=\"term-inspiracje\">Inspiracje<\/a><span class=\"post-meta-separator\">,<\/span> <a href=\"https:\/\/meblekukulka.pl\/blog\/category\/porady\/\" rel=\"tag\" class=\"term-porady\">Porady<\/a><\/span>\t<\/span>\n\t\n\t\t\t\n\t\t\t<h2 class=\"post-title entry-title\"><a href=\"https:\/\/meblekukulka.pl\/blog\/naroznik-tapicerowany-z-funkcja-spania-do-salonu\/\">Naro\u017cnik tapicerowany z funkcj\u0105 spania \u2013 wygodne rozwi\u0105zanie do salonu<\/a><\/h2>\t\t\t\n\t\t\t\t\t\t\t<p class=\"post-meta entry-meta\">\n\t\t\t\t\t\t\t\t\t\t\t<span class=\"post-author\"><span class=\"author vcard\"><a class=\"url fn n\" href=\"\" rel=\"author\"><\/a><\/span><\/span>\n\t\t\t\t\t\t\t\t\t\t\n\t\t\t\t\t        <span class=\"post-comment\">\n\t       <a href=\"https:\/\/meblekukulka.pl\/blog\/naroznik-tapicerowany-z-funkcja-spania-do-salonu\/#respond\">0 Comments<\/a>\t    <\/span>\n\t\t\t\t\t\t\t\n\t\t\t\t\t\t\t\t\t<\/p>\n\t\t\t\n\t\t\t\t\t\t\n\t\t\t\t<div class=\"entry-content\">\n\n        \n\t\t<p>Salon jest sercem ka\u017cdego domu. To miejsce, gdzie sp\u0119dzamy czas z rodzin\u0105 i przyjaci\u00f3\u0142mi, relaksujemy si\u0119 po ci\u0119\u017ckim dniu pracy i odpoczywamy. Dlatego tak wa\u017cne jest, aby nasz salon by\u0142 nie tylko estetyczny, ale tak\u017ce funkcjonalny. Je\u015bli szukasz mebla, kt\u00f3ry po\u0142\u0105czy te dwie cechy w jednym, warto zwr\u00f3ci\u0107 uwag\u0119 na naro\u017cnik tapicerowany z funkcj\u0105 spania. [&hellip;]<\/p>\n\n\t\t\n\t    \n\t<\/div><!-- \/.entry-content -->\n\t\t\t\t<\/div>\n\t\t<\/div>\n\t<\/div>\n\t<!-- \/.post-content -->\n\t\n<\/article>\n<!-- \/.post -->\n\n<article id=\"post-1539\" class=\"post tf_clearfix post-1539 type-post status-publish format-standard has-post-thumbnail hentry category-inspiracje category-porady has-post-title no-post-date has-post-category has-post-tag has-post-comment has-post-author \">\n\t\n\t\t\t\t<figure class=\"post-image tf_clearfix\">\n\t\t\t    \t\t\t\t\t\t\t\t<a href=\"https:\/\/meblekukulka.pl\/blog\/meble-tapicerowane-wszystko-co-musisz-o-nich-wiedziec\/\">\n\t\t\t\t\t\t\t\t<img loading=\"lazy\" decoding=\"async\" src=\"https:\/\/meblekukulka.pl\/blog\/wp-content\/uploads\/2023\/05\/interior-g1a273e9cb_1280-1-1024x576-300x250.jpg\" width=\"300\" height=\"250\" class=\"wp-post-image wp-image-1547\" title=\"interior-g1a273e9cb_1280\" alt=\"interior-g1a273e9cb_1280\">\t\t\t\t\t\t\t\t    \t\t\t\t<\/a>\n\t\t\t\t\t\t\t    \t\t\t<\/figure>\n\t\t\t\n\t<div class=\"post-content\">\n        \t\t<div class=\"post-content-inner-wrapper\">\n\t\t\t<div class=\"post-content-inner\">\n\t\n\t\t\t\t<span class=\"post-cat-tag-wrap\">\n\t\t<span class=\"post-category\"><a href=\"https:\/\/meblekukulka.pl\/blog\/category\/inspiracje\/\" rel=\"tag\" class=\"term-inspiracje\">Inspiracje<\/a><span class=\"post-meta-separator\">,<\/span> <a href=\"https:\/\/meblekukulka.pl\/blog\/category\/porady\/\" rel=\"tag\" class=\"term-porady\">Porady<\/a><\/span>\t<\/span>\n\t\n\t\t\t\n\t\t\t<h2 class=\"post-title entry-title\"><a href=\"https:\/\/meblekukulka.pl\/blog\/meble-tapicerowane-wszystko-co-musisz-o-nich-wiedziec\/\">Meble tapicerowane &#8211; wszystko, co musisz o nich wiedzie\u0107<\/a><\/h2>\t\t\t\n\t\t\t\t\t\t\t<p class=\"post-meta entry-meta\">\n\t\t\t\t\t\t\t\t\t\t\t<span class=\"post-author\"><span class=\"author vcard\"><a class=\"url fn n\" href=\"\" rel=\"author\"><\/a><\/span><\/span>\n\t\t\t\t\t\t\t\t\t\t\n\t\t\t\t\t        <span class=\"post-comment\">\n\t       <a href=\"https:\/\/meblekukulka.pl\/blog\/meble-tapicerowane-wszystko-co-musisz-o-nich-wiedziec\/#respond\">0 Comments<\/a>\t    <\/span>\n\t\t\t\t\t\t\t\n\t\t\t\t\t\t\t\t\t<\/p>\n\t\t\t\n\t\t\t\t\t\t\n\t\t\t\t<div class=\"entry-content\">\n\n        \n\t\t<p>W dzisiejszych czasach wyb\u00f3r odpowiednich mebli do naszego wn\u0119trza mo\u017ce by\u0107 niezwykle trudnym zadaniem. Je\u015bli szukasz stylowych, wygodnych i trwa\u0142ych rozwi\u0105za\u0144, warto zwr\u00f3ci\u0107 uwag\u0119 na meble tapicerowane. S\u0105 one nie tylko funkcjonalne, ale tak\u017ce stanowi\u0105 wyrazisty element dekoracyjny, kt\u00f3ry nadaje wn\u0119trzu niepowtarzalnego charakteru. W tym artykule przyjrzymy si\u0119 bli\u017cej meblom tapicerowanym. Dowiesz si\u0119, czym s\u0105 [&hellip;]<\/p>\n\n\t\t\n\t    \n\t<\/div><!-- \/.entry-content -->\n\t\t\t\t<\/div>\n\t\t<\/div>\n\t<\/div>\n\t<!-- \/.post-content -->\n\t\n<\/article>\n<!-- \/.post -->\n\n<article id=\"post-1536\" class=\"post tf_clearfix post-1536 type-post status-publish format-standard has-post-thumbnail hentry category-inspiracje category-porady has-post-title no-post-date has-post-category has-post-tag has-post-comment has-post-author \">\n\t\n\t\t\t\t<figure class=\"post-image tf_clearfix\">\n\t\t\t    \t\t\t\t\t\t\t\t<a href=\"https:\/\/meblekukulka.pl\/blog\/jaka-sofa-do-salonu-w-stylu-skandynawskim\/\">\n\t\t\t\t\t\t\t\t<img loading=\"lazy\" decoding=\"async\" src=\"https:\/\/meblekukulka.pl\/blog\/wp-content\/uploads\/2023\/05\/indoors-g02802c329_1280-1024x576-300x250.jpg\" width=\"300\" height=\"250\" class=\"wp-post-image wp-image-1548\" title=\"indoors-g02802c329_1280\" alt=\"indoors-g02802c329_1280\">\t\t\t\t\t\t\t\t    \t\t\t\t<\/a>\n\t\t\t\t\t\t\t    \t\t\t<\/figure>\n\t\t\t\n\t<div class=\"post-content\">\n        \t\t<div class=\"post-content-inner-wrapper\">\n\t\t\t<div class=\"post-content-inner\">\n\t\n\t\t\t\t<span class=\"post-cat-tag-wrap\">\n\t\t<span class=\"post-category\"><a href=\"https:\/\/meblekukulka.pl\/blog\/category\/inspiracje\/\" rel=\"tag\" class=\"term-inspiracje\">Inspiracje<\/a><span class=\"post-meta-separator\">,<\/span> <a href=\"https:\/\/meblekukulka.pl\/blog\/category\/porady\/\" rel=\"tag\" class=\"term-porady\">Porady<\/a><\/span>\t<\/span>\n\t\n\t\t\t\n\t\t\t<h2 class=\"post-title entry-title\"><a href=\"https:\/\/meblekukulka.pl\/blog\/jaka-sofa-do-salonu-w-stylu-skandynawskim\/\">Jaka sofa do salonu w stylu skandynawskim?<\/a><\/h2>\t\t\t\n\t\t\t\t\t\t\t<p class=\"post-meta entry-meta\">\n\t\t\t\t\t\t\t\t\t\t\t<span class=\"post-author\"><span class=\"author vcard\"><a class=\"url fn n\" href=\"\" rel=\"author\"><\/a><\/span><\/span>\n\t\t\t\t\t\t\t\t\t\t\n\t\t\t\t\t        <span class=\"post-comment\">\n\t       <a href=\"https:\/\/meblekukulka.pl\/blog\/jaka-sofa-do-salonu-w-stylu-skandynawskim\/#respond\">0 Comments<\/a>\t    <\/span>\n\t\t\t\t\t\t\t\n\t\t\t\t\t\t\t\t\t<\/p>\n\t\t\t\n\t\t\t\t\t\t\n\t\t\t\t<div class=\"entry-content\">\n\n        \n\t\t<p>Styl skandynawski od lat cieszy si\u0119 ogromn\u0105 popularno\u015bci\u0105 w\u015br\u00f3d mi\u0142o\u015bnik\u00f3w wn\u0119trzarskich trend\u00f3w. Charakteryzuje si\u0119 on minimalistycznym designem, jasnymi kolorami, naturalnymi materia\u0142ami i przytulnym, funkcjonalnym charakterem. Je\u015bli zamierzasz urz\u0105dzi\u0107 sw\u00f3j salon w stylu skandynawskim, niezb\u0119dnym elementem wyposa\u017cenia b\u0119dzie odpowiednio dobrana sofa. W tym artykule przedstawimy Ci kilka wskaz\u00f3wek, jak wybra\u0107 idealn\u0105 sof\u0119 w stylu skandynawskim, kt\u00f3ra [&hellip;]<\/p>\n\n\t\t\n\t    \n\t<\/div><!-- \/.entry-content -->\n\t\t\t\t<\/div>\n\t\t<\/div>\n\t<\/div>\n\t<!-- \/.post-content -->\n\t\n<\/article>\n<!-- \/.post -->\n\n<article id=\"post-1511\" class=\"post tf_clearfix post-1511 type-post status-publish format-standard has-post-thumbnail hentry category-inspiracje category-porady has-post-title no-post-date has-post-category has-post-tag has-post-comment has-post-author \">\n\t\n\t\t\t\t<figure class=\"post-image tf_clearfix\">\n\t\t\t    \t\t\t\t\t\t\t\t<a href=\"https:\/\/meblekukulka.pl\/blog\/jakie-kolory-scian-do-sypialni-modna-sypialnia\/\">\n\t\t\t\t\t\t\t\t<img loading=\"lazy\" decoding=\"async\" src=\"https:\/\/meblekukulka.pl\/blog\/wp-content\/uploads\/2023\/04\/lifestyle-g079f292c0_1280-1024x518-300x250.jpg\" width=\"300\" height=\"250\" class=\"wp-post-image wp-image-1525\" title=\"lifestyle-g079f292c0_1280\" alt=\"lifestyle-g079f292c0_1280\">\t\t\t\t\t\t\t\t    \t\t\t\t<\/a>\n\t\t\t\t\t\t\t    \t\t\t<\/figure>\n\t\t\t\n\t<div class=\"post-content\">\n        \t\t<div class=\"post-content-inner-wrapper\">\n\t\t\t<div class=\"post-content-inner\">\n\t\n\t\t\t\t<span class=\"post-cat-tag-wrap\">\n\t\t<span class=\"post-category\"><a href=\"https:\/\/meblekukulka.pl\/blog\/category\/inspiracje\/\" rel=\"tag\" class=\"term-inspiracje\">Inspiracje<\/a><span class=\"post-meta-separator\">,<\/span> <a href=\"https:\/\/meblekukulka.pl\/blog\/category\/porady\/\" rel=\"tag\" class=\"term-porady\">Porady<\/a><\/span>\t<\/span>\n\t\n\t\t\t\n\t\t\t<h2 class=\"post-title entry-title\"><a href=\"https:\/\/meblekukulka.pl\/blog\/jakie-kolory-scian-do-sypialni-modna-sypialnia\/\">Jakie kolory \u015bcian do sypialni? Modna sypialnia 2025<\/a><\/h2>\t\t\t\n\t\t\t\t\t\t\t<p class=\"post-meta entry-meta\">\n\t\t\t\t\t\t\t\t\t\t\t<span class=\"post-author\"><span class=\"author vcard\"><a class=\"url fn n\" href=\"\" rel=\"author\"><\/a><\/span><\/span>\n\t\t\t\t\t\t\t\t\t\t\n\t\t\t\t\t        <span class=\"post-comment\">\n\t       <a href=\"https:\/\/meblekukulka.pl\/blog\/jakie-kolory-scian-do-sypialni-modna-sypialnia\/#respond\">0 Comments<\/a>\t    <\/span>\n\t\t\t\t\t\t\t\n\t\t\t\t\t\t\t\t\t<\/p>\n\t\t\t\n\t\t\t\t\t\t\n\t\t\t\t<div class=\"entry-content\">\n\n        \n\t\t<p>Planujesz od\u015bwie\u017cy\u0107 swoj\u0105 sypialni\u0119? A mo\u017ce jeste\u015b na etapie wyko\u0144czeniowym i szukasz ciekawego pomys\u0142u na sw\u00f3j pok\u00f3j sypialniany? W takim razie zapraszamy do zapoznania si\u0119 z naszym artyku\u0142em, kt\u00f3ry z pewno\u015bci\u0105 Ci\u0119 zainteresuje \u2013 jaki kolor \u015bcian do sypialni b\u0119dzie modnym hitem w 2025 roku? Przedstawimy w nim najnowsze trendy oraz porady, jak odpowiednio dobiera\u0107 [&hellip;]<\/p>\n\n\t\t\n\t    \n\t<\/div><!-- \/.entry-content -->\n\t\t\t\t<\/div>\n\t\t<\/div>\n\t<\/div>\n\t<!-- \/.post-content -->\n\t\n<\/article>\n<!-- \/.post -->\n\n<article id=\"post-1507\" class=\"post tf_clearfix post-1507 type-post status-publish format-standard has-post-thumbnail hentry category-inspiracje category-porady has-post-title no-post-date has-post-category has-post-tag has-post-comment has-post-author \">\n\t\n\t\t\t\t<figure class=\"post-image tf_clearfix\">\n\t\t\t    \t\t\t\t\t\t\t\t<a href=\"https:\/\/meblekukulka.pl\/blog\/wygodna-wersalka-do-spania-doskonale-rozwiazanie-dla-gosci-i-spania-codziennego\/\">\n\t\t\t\t\t\t\t\t<img loading=\"lazy\" decoding=\"async\" src=\"https:\/\/meblekukulka.pl\/blog\/wp-content\/uploads\/2023\/04\/living-room-gf5ce4a1c9_1280-1-1024x614-300x250.jpg\" width=\"300\" height=\"250\" class=\"wp-post-image wp-image-1516\" title=\"Wygodna wersalka do spania \u2013 doskona\u0142e rozwi\u0105zanie dla go\u015bci i spania codziennego\" alt=\"Wygodna wersalka do spania \u2013 doskona\u0142e rozwi\u0105zanie dla go\u015bci i spania codziennego\">\t\t\t\t\t\t\t\t    \t\t\t\t<\/a>\n\t\t\t\t\t\t\t    \t\t\t<\/figure>\n\t\t\t\n\t<div class=\"post-content\">\n        \t\t<div class=\"post-content-inner-wrapper\">\n\t\t\t<div class=\"post-content-inner\">\n\t\n\t\t\t\t<span class=\"post-cat-tag-wrap\">\n\t\t<span class=\"post-category\"><a href=\"https:\/\/meblekukulka.pl\/blog\/category\/inspiracje\/\" rel=\"tag\" class=\"term-inspiracje\">Inspiracje<\/a><span class=\"post-meta-separator\">,<\/span> <a href=\"https:\/\/meblekukulka.pl\/blog\/category\/porady\/\" rel=\"tag\" class=\"term-porady\">Porady<\/a><\/span>\t<\/span>\n\t\n\t\t\t\n\t\t\t<h2 class=\"post-title entry-title\"><a href=\"https:\/\/meblekukulka.pl\/blog\/wygodna-wersalka-do-spania-doskonale-rozwiazanie-dla-gosci-i-spania-codziennego\/\">Wygodna wersalka do spania \u2013 doskona\u0142e rozwi\u0105zanie dla go\u015bci i spania codziennego<\/a><\/h2>\t\t\t\n\t\t\t\t\t\t\t<p class=\"post-meta entry-meta\">\n\t\t\t\t\t\t\t\t\t\t\t<span class=\"post-author\"><span class=\"author vcard\"><a class=\"url fn n\" href=\"\" rel=\"author\"><\/a><\/span><\/span>\n\t\t\t\t\t\t\t\t\t\t\n\t\t\t\t\t        <span class=\"post-comment\">\n\t       <a href=\"https:\/\/meblekukulka.pl\/blog\/wygodna-wersalka-do-spania-doskonale-rozwiazanie-dla-gosci-i-spania-codziennego\/#respond\">0 Comments<\/a>\t    <\/span>\n\t\t\t\t\t\t\t\n\t\t\t\t\t\t\t\t\t<\/p>\n\t\t\t\n\t\t\t\t\t\t\n\t\t\t\t<div class=\"entry-content\">\n\n        \n\t\t<p>Szukasz rozwi\u0105zania, kt\u00f3re pozwoli Ci zaoszcz\u0119dzi\u0107 miejsce w salonie, a jednocze\u015bnie zagwarantuje na wygodne miejsce do spania dla Ciebie oraz Twoich go\u015bci? W takim razie wersalka rozk\u0142adana to doskona\u0142e rozwi\u0105zanie dla Ciebie! W tym artykule dowiesz si\u0119, dlaczego warto zdecydowa\u0107 si\u0119 na ten mebel oraz na co zwr\u00f3ci\u0107 uwag\u0119 podczas wyboru. Sprawd\u017a najlepsze meble w [&hellip;]<\/p>\n\n\t\t\n\t    \n\t<\/div><!-- \/.entry-content -->\n\t\t\t\t<\/div>\n\t\t<\/div>\n\t<\/div>\n\t<!-- \/.post-content -->\n\t\n<\/article>\n<!-- \/.post -->\n\n<article id=\"post-1469\" class=\"post tf_clearfix post-1469 type-post status-publish format-standard has-post-thumbnail hentry category-inspiracje category-porady has-post-title no-post-date has-post-category has-post-tag has-post-comment has-post-author \">\n\t\n\t\t\t\t<figure class=\"post-image tf_clearfix\">\n\t\t\t    \t\t\t\t\t\t\t\t<a href=\"https:\/\/meblekukulka.pl\/blog\/jaka-wybrac-idealna-mebloscianke-do-salonu\/\">\n\t\t\t\t\t\t\t\t<img loading=\"lazy\" decoding=\"async\" src=\"https:\/\/meblekukulka.pl\/blog\/wp-content\/uploads\/2023\/03\/interior-ga87760b7c_1280-1-1024x683-300x250.jpg\" width=\"300\" height=\"250\" class=\"wp-post-image wp-image-1476\" title=\"interior-ga87760b7c_1280 (1)\" alt=\"interior-ga87760b7c_1280 (1)\">\t\t\t\t\t\t\t\t    \t\t\t\t<\/a>\n\t\t\t\t\t\t\t    \t\t\t<\/figure>\n\t\t\t\n\t<div class=\"post-content\">\n        \t\t<div class=\"post-content-inner-wrapper\">\n\t\t\t<div class=\"post-content-inner\">\n\t\n\t\t\t\t<span class=\"post-cat-tag-wrap\">\n\t\t<span class=\"post-category\"><a href=\"https:\/\/meblekukulka.pl\/blog\/category\/inspiracje\/\" rel=\"tag\" class=\"term-inspiracje\">Inspiracje<\/a><span class=\"post-meta-separator\">,<\/span> <a href=\"https:\/\/meblekukulka.pl\/blog\/category\/porady\/\" rel=\"tag\" class=\"term-porady\">Porady<\/a><\/span>\t<\/span>\n\t\n\t\t\t\n\t\t\t<h2 class=\"post-title entry-title\"><a href=\"https:\/\/meblekukulka.pl\/blog\/jaka-wybrac-idealna-mebloscianke-do-salonu\/\">Jak wybra\u0107 idealn\u0105 meblo\u015bciank\u0119 do salonu?<\/a><\/h2>\t\t\t\n\t\t\t\t\t\t\t<p class=\"post-meta entry-meta\">\n\t\t\t\t\t\t\t\t\t\t\t<span class=\"post-author\"><span class=\"author vcard\"><a class=\"url fn n\" href=\"\" rel=\"author\"><\/a><\/span><\/span>\n\t\t\t\t\t\t\t\t\t\t\n\t\t\t\t\t        <span class=\"post-comment\">\n\t       <a href=\"https:\/\/meblekukulka.pl\/blog\/jaka-wybrac-idealna-mebloscianke-do-salonu\/#respond\">0 Comments<\/a>\t    <\/span>\n\t\t\t\t\t\t\t\n\t\t\t\t\t\t\t\t\t<\/p>\n\t\t\t\n\t\t\t\t\t\t\n\t\t\t\t<div class=\"entry-content\">\n\n        \n\t\t<p>Szukasz idealnej meblo\u015bcianki do swojego salonu? Wiesz, \u017ce to nie lada wyzwanie! Przecie\u017c salon to miejsce, w kt\u00f3rym sp\u0119dzasz wiele czasu z rodzin\u0105 i przyjaci\u00f3\u0142mi, wi\u0119c powinien by\u0107 nie tylko pi\u0119kny, ale i funkcjonalny. Nic dziwnego, \u017ce wyb\u00f3r meblo\u015bcianki to jedno z najwa\u017cniejszych zada\u0144 przy aran\u017cacji salonu. Co zrobi\u0107, aby wyb\u00f3r by\u0142 udany? Przede wszystkim, [&hellip;]<\/p>\n\n\t\t\n\t    \n\t<\/div><!-- \/.entry-content -->\n\t\t\t\t<\/div>\n\t\t<\/div>\n\t<\/div>\n\t<!-- \/.post-content -->\n\t\n<\/article>\n<!-- \/.post -->\n\n<article id=\"post-1455\" class=\"post tf_clearfix post-1455 type-post status-publish format-standard has-post-thumbnail hentry category-inspiracje category-porady has-post-title no-post-date has-post-category has-post-tag has-post-comment has-post-author \">\n\t\n\t\t\t\t<figure class=\"post-image tf_clearfix\">\n\t\t\t    \t\t\t\t\t\t\t\t<a href=\"https:\/\/meblekukulka.pl\/blog\/trendy-wnetrza-modne-meble-do-mieszkania-i-domu\/\">\n\t\t\t\t\t\t\t\t<img loading=\"lazy\" decoding=\"async\" src=\"https:\/\/meblekukulka.pl\/blog\/wp-content\/uploads\/2023\/03\/living-room-g938ff0be5_1280-1024x658-300x250.jpg\" width=\"300\" height=\"250\" class=\"wp-post-image wp-image-1464\" title=\"living-room-g938ff0be5_1280\" alt=\"living-room-g938ff0be5_1280\">\t\t\t\t\t\t\t\t    \t\t\t\t<\/a>\n\t\t\t\t\t\t\t    \t\t\t<\/figure>\n\t\t\t\n\t<div class=\"post-content\">\n        \t\t<div class=\"post-content-inner-wrapper\">\n\t\t\t<div class=\"post-content-inner\">\n\t\n\t\t\t\t<span class=\"post-cat-tag-wrap\">\n\t\t<span class=\"post-category\"><a href=\"https:\/\/meblekukulka.pl\/blog\/category\/inspiracje\/\" rel=\"tag\" class=\"term-inspiracje\">Inspiracje<\/a><span class=\"post-meta-separator\">,<\/span> <a href=\"https:\/\/meblekukulka.pl\/blog\/category\/porady\/\" rel=\"tag\" class=\"term-porady\">Porady<\/a><\/span>\t<\/span>\n\t\n\t\t\t\n\t\t\t<h2 class=\"post-title entry-title\"><a href=\"https:\/\/meblekukulka.pl\/blog\/trendy-wnetrza-modne-meble-do-mieszkania-i-domu\/\">Trendy wn\u0119trza 2025: modne meble do mieszkania i domu<\/a><\/h2>\t\t\t\n\t\t\t\t\t\t\t<p class=\"post-meta entry-meta\">\n\t\t\t\t\t\t\t\t\t\t\t<span class=\"post-author\"><span class=\"author vcard\"><a class=\"url fn n\" href=\"\" rel=\"author\"><\/a><\/span><\/span>\n\t\t\t\t\t\t\t\t\t\t\n\t\t\t\t\t        <span class=\"post-comment\">\n\t       <a href=\"https:\/\/meblekukulka.pl\/blog\/trendy-wnetrza-modne-meble-do-mieszkania-i-domu\/#respond\">0 Comments<\/a>\t    <\/span>\n\t\t\t\t\t\t\t\n\t\t\t\t\t\t\t\t\t<\/p>\n\t\t\t\n\t\t\t\t\t\t\n\t\t\t\t<div class=\"entry-content\">\n\n        \n\t\t<p>Corocznie projektanci wn\u0119trz prezentuj\u0105 nowe trendy, kt\u00f3re okre\u015blaj\u0105 stylizacje i wystr\u00f3j wn\u0119trz. W 2025 roku ponownie dominowa\u0107 b\u0119d\u0105 nowe style, a meble stan\u0105 si\u0119 jednym z wa\u017cniejszych element\u00f3w. Dzi\u0119ki nim wn\u0119trza nabior\u0105 nowego, \u015bwie\u017cego charakteru. W dzisiejszym artykule przedstawimy najmodniejsze meble do mieszkania i domu, takie jak modne meble do salonu, kuchni, sypialni, oraz innych [&hellip;]<\/p>\n\n\t\t\n\t    \n\t<\/div><!-- \/.entry-content -->\n\t\t\t\t<\/div>\n\t\t<\/div>\n\t<\/div>\n\t<!-- \/.post-content -->\n\t\n<\/article>\n<!-- \/.post -->\n\n<article id=\"post-1451\" class=\"post tf_clearfix post-1451 type-post status-publish format-standard has-post-thumbnail hentry category-inspiracje category-porady has-post-title no-post-date has-post-category has-post-tag has-post-comment has-post-author \">\n\t\n\t\t\t\t<figure class=\"post-image tf_clearfix\">\n\t\t\t    \t\t\t\t\t\t\t\t<a href=\"https:\/\/meblekukulka.pl\/blog\/styl-retro-wnetrza-czym-sie-charakteryzuje\/\">\n\t\t\t\t\t\t\t\t<img loading=\"lazy\" decoding=\"async\" src=\"https:\/\/meblekukulka.pl\/blog\/wp-content\/uploads\/2023\/03\/decoration-g3c38bee1d_1280-1-1024x374-300x250.jpg\" width=\"300\" height=\"250\" class=\"wp-post-image wp-image-1461\" title=\"decoration-g3c38bee1d_1280\" alt=\"decoration-g3c38bee1d_1280\">\t\t\t\t\t\t\t\t    \t\t\t\t<\/a>\n\t\t\t\t\t\t\t    \t\t\t<\/figure>\n\t\t\t\n\t<div class=\"post-content\">\n        \t\t<div class=\"post-content-inner-wrapper\">\n\t\t\t<div class=\"post-content-inner\">\n\t\n\t\t\t\t<span class=\"post-cat-tag-wrap\">\n\t\t<span class=\"post-category\"><a href=\"https:\/\/meblekukulka.pl\/blog\/category\/inspiracje\/\" rel=\"tag\" class=\"term-inspiracje\">Inspiracje<\/a><span class=\"post-meta-separator\">,<\/span> <a href=\"https:\/\/meblekukulka.pl\/blog\/category\/porady\/\" rel=\"tag\" class=\"term-porady\">Porady<\/a><\/span>\t<\/span>\n\t\n\t\t\t\n\t\t\t<h2 class=\"post-title entry-title\"><a href=\"https:\/\/meblekukulka.pl\/blog\/styl-retro-wnetrza-czym-sie-charakteryzuje\/\">Styl retro wn\u0119trza \u2013 czym si\u0119 charakteryzuje?<\/a><\/h2>\t\t\t\n\t\t\t\t\t\t\t<p class=\"post-meta entry-meta\">\n\t\t\t\t\t\t\t\t\t\t\t<span class=\"post-author\"><span class=\"author vcard\"><a class=\"url fn n\" href=\"\" rel=\"author\"><\/a><\/span><\/span>\n\t\t\t\t\t\t\t\t\t\t\n\t\t\t\t\t        <span class=\"post-comment\">\n\t       <a href=\"https:\/\/meblekukulka.pl\/blog\/styl-retro-wnetrza-czym-sie-charakteryzuje\/#respond\">0 Comments<\/a>\t    <\/span>\n\t\t\t\t\t\t\t\n\t\t\t\t\t\t\t\t\t<\/p>\n\t\t\t\n\t\t\t\t\t\t\n\t\t\t\t<div class=\"entry-content\">\n\n        \n\t\t<p>Styl wn\u0119trza retro to jeden z najbardziej charakterystycznych i rozpoznawalnych styl\u00f3w aran\u017cacji wn\u0119trz. Wyr\u00f3\u017cnia si\u0119 on przede wszystkim nawi\u0105zaniami do klasycznego wzornictwa z lat 50. i 60. XX wieku, ale r\u00f3wnie\u017c z lat 20. i 30. w Europie. Wprowadzenie do wn\u0119trz, mebli i dodatk\u00f3w w stylu retro, nawi\u0105zuj\u0105cych do czas\u00f3w minionej epoki, pozwala na stworzenie [&hellip;]<\/p>\n\n\t\t\n\t    \n\t<\/div><!-- \/.entry-content -->\n\t\t\t\t<\/div>\n\t\t<\/div>\n\t<\/div>\n\t<!-- \/.post-content -->\n\t\n<\/article>\n<!-- \/.post -->\n\n<article id=\"post-1439\" class=\"post tf_clearfix post-1439 type-post status-publish format-standard has-post-thumbnail hentry category-inspiracje category-porady has-post-title no-post-date has-post-category has-post-tag has-post-comment has-post-author \">\n\t\n\t\t\t\t<figure class=\"post-image tf_clearfix\">\n\t\t\t    \t\t\t\t\t\t\t\t<a href=\"https:\/\/meblekukulka.pl\/blog\/wnetrze-w-stylu-klasycznym-czym-sie-charakteryzuje\/\">\n\t\t\t\t\t\t\t\t<img loading=\"lazy\" decoding=\"async\" src=\"https:\/\/meblekukulka.pl\/blog\/wp-content\/uploads\/2023\/02\/couch-gd46efc7ab_1280-1024x768-300x250.jpg\" width=\"300\" height=\"250\" class=\"wp-post-image wp-image-1445\" title=\"styl klasyczny\" alt=\"styl klasyczny\">\t\t\t\t\t\t\t\t    \t\t\t\t<\/a>\n\t\t\t\t\t\t\t    \t\t\t<\/figure>\n\t\t\t\n\t<div class=\"post-content\">\n        \t\t<div class=\"post-content-inner-wrapper\">\n\t\t\t<div class=\"post-content-inner\">\n\t\n\t\t\t\t<span class=\"post-cat-tag-wrap\">\n\t\t<span class=\"post-category\"><a href=\"https:\/\/meblekukulka.pl\/blog\/category\/inspiracje\/\" rel=\"tag\" class=\"term-inspiracje\">Inspiracje<\/a><span class=\"post-meta-separator\">,<\/span> <a href=\"https:\/\/meblekukulka.pl\/blog\/category\/porady\/\" rel=\"tag\" class=\"term-porady\">Porady<\/a><\/span>\t<\/span>\n\t\n\t\t\t\n\t\t\t<h2 class=\"post-title entry-title\"><a href=\"https:\/\/meblekukulka.pl\/blog\/wnetrze-w-stylu-klasycznym-czym-sie-charakteryzuje\/\">Wn\u0119trze w stylu klasycznym \u2013 czym si\u0119 charakteryzuje?<\/a><\/h2>\t\t\t\n\t\t\t\t\t\t\t<p class=\"post-meta entry-meta\">\n\t\t\t\t\t\t\t\t\t\t\t<span class=\"post-author\"><span class=\"author vcard\"><a class=\"url fn n\" href=\"\" rel=\"author\"><\/a><\/span><\/span>\n\t\t\t\t\t\t\t\t\t\t\n\t\t\t\t\t        <span class=\"post-comment\">\n\t       <a href=\"https:\/\/meblekukulka.pl\/blog\/wnetrze-w-stylu-klasycznym-czym-sie-charakteryzuje\/#respond\">0 Comments<\/a>\t    <\/span>\n\t\t\t\t\t\t\t\n\t\t\t\t\t\t\t\t\t<\/p>\n\t\t\t\n\t\t\t\t\t\t\n\t\t\t\t<div class=\"entry-content\">\n\n        \n\t\t<p>Ile razy odwo\u0142ujemy si\u0119 do klasyki? Bez wzgl\u0119du na to jakie nowo\u015bci i trendy si\u0119 pojawiaj\u0105, zawsze znajd\u0105 si\u0119 fani najbardziej klasycznych rozwi\u0105za\u0144. I to w\u0142a\u015bnie styl klasyczny chcemy przedstawi\u0107 w poni\u017cszym artykule. Jakie s\u0105 jego podstawowe elementy, czym wyr\u00f3\u017cnia si\u0119 klasyczny styl wn\u0119trz oraz sk\u0105d si\u0119 on wywodzi? Zapraszamy do lektury! Sprawd\u017a najlepsze meble [&hellip;]<\/p>\n\n\t\t\n\t    \n\t<\/div><!-- \/.entry-content -->\n\t\t\t\t<\/div>\n\t\t<\/div>\n\t<\/div>\n\t<!-- \/.post-content -->\n\t\n<\/article>\n<!-- \/.post -->\n\n<article id=\"post-1435\" class=\"post tf_clearfix post-1435 type-post status-publish format-standard has-post-thumbnail hentry category-inspiracje category-porady has-post-title no-post-date has-post-category has-post-tag has-post-comment has-post-author \">\n\t\n\t\t\t\t<figure class=\"post-image tf_clearfix\">\n\t\t\t    \t\t\t\t\t\t\t\t<a href=\"https:\/\/meblekukulka.pl\/blog\/wnetrze-w-stylu-prowansalskim-czym-sie-charakteryzuje\/\">\n\t\t\t\t\t\t\t\t<img loading=\"lazy\" decoding=\"async\" src=\"https:\/\/meblekukulka.pl\/blog\/wp-content\/uploads\/2023\/02\/Depositphotos_87649168_L-1024x768-300x250.jpg\" width=\"300\" height=\"250\" class=\"wp-post-image wp-image-1444\" title=\"Furniture in shavvy-chic living\" alt=\"Furniture in shavvy-chic living\">\t\t\t\t\t\t\t\t    \t\t\t\t<\/a>\n\t\t\t\t\t\t\t    \t\t\t<\/figure>\n\t\t\t\n\t<div class=\"post-content\">\n        \t\t<div class=\"post-content-inner-wrapper\">\n\t\t\t<div class=\"post-content-inner\">\n\t\n\t\t\t\t<span class=\"post-cat-tag-wrap\">\n\t\t<span class=\"post-category\"><a href=\"https:\/\/meblekukulka.pl\/blog\/category\/inspiracje\/\" rel=\"tag\" class=\"term-inspiracje\">Inspiracje<\/a><span class=\"post-meta-separator\">,<\/span> <a href=\"https:\/\/meblekukulka.pl\/blog\/category\/porady\/\" rel=\"tag\" class=\"term-porady\">Porady<\/a><\/span>\t<\/span>\n\t\n\t\t\t\n\t\t\t<h2 class=\"post-title entry-title\"><a href=\"https:\/\/meblekukulka.pl\/blog\/wnetrze-w-stylu-prowansalskim-czym-sie-charakteryzuje\/\">Wn\u0119trze w stylu prowansalskim \u2013 czym si\u0119 charakteryzuje?<\/a><\/h2>\t\t\t\n\t\t\t\t\t\t\t<p class=\"post-meta entry-meta\">\n\t\t\t\t\t\t\t\t\t\t\t<span class=\"post-author\"><span class=\"author vcard\"><a class=\"url fn n\" href=\"\" rel=\"author\"><\/a><\/span><\/span>\n\t\t\t\t\t\t\t\t\t\t\n\t\t\t\t\t        <span class=\"post-comment\">\n\t       <a href=\"https:\/\/meblekukulka.pl\/blog\/wnetrze-w-stylu-prowansalskim-czym-sie-charakteryzuje\/#respond\">0 Comments<\/a>\t    <\/span>\n\t\t\t\t\t\t\t\n\t\t\t\t\t\t\t\t\t<\/p>\n\t\t\t\n\t\t\t\t\t\t\n\t\t\t\t<div class=\"entry-content\">\n\n        \n\t\t<p>Styl prowansalski, czyli kwintesencja Francji, a szczeg\u00f3lnie jej po\u0142udniowo-wschodniej cz\u0119\u015bci. Jest to niezwykle subtelny i delikatny styl, kt\u00f3ry fantastycznie potrafi odmieni\u0107 wn\u0119trze ka\u017cdego domu. Czym jednak wyr\u00f3\u017cniaj\u0105 si\u0119 wn\u0119trza w stylu prowansalskim oraz jakie s\u0105 jego pocz\u0105tki? O wszystkim tym piszemy w poni\u017cszym artykule! Sprawd\u017a najlepsze meble w naszym sklepie meblekukulka.pl Sofy Kanapy \u0141\u00f3\u017cka Fotele [&hellip;]<\/p>\n\n\t\t\n\t    \n\t<\/div><!-- \/.entry-content -->\n\t\t\t\t<\/div>\n\t\t<\/div>\n\t<\/div>\n\t<!-- \/.post-content -->\n\t\n<\/article>\n<!-- \/.post -->\n\n<article id=\"post-1410\" class=\"post tf_clearfix post-1410 type-post status-publish format-standard has-post-thumbnail hentry category-inspiracje category-porady has-post-title no-post-date has-post-category has-post-tag has-post-comment has-post-author \">\n\t\n\t\t\t\t<figure class=\"post-image tf_clearfix\">\n\t\t\t    \t\t\t\t\t\t\t\t<a href=\"https:\/\/meblekukulka.pl\/blog\/wnetrze-w-stylu-nowoczesnym-czym-sie-charakteryzuje\/\">\n\t\t\t\t\t\t\t\t<img loading=\"lazy\" decoding=\"async\" src=\"https:\/\/meblekukulka.pl\/blog\/wp-content\/uploads\/2023\/01\/home-office-ge45ac68bd_1280-1024x576-300x250.jpg\" width=\"300\" height=\"250\" class=\"wp-post-image wp-image-1417\" title=\"home-office-ge45ac68bd_1280\" alt=\"home-office-ge45ac68bd_1280\">\t\t\t\t\t\t\t\t    \t\t\t\t<\/a>\n\t\t\t\t\t\t\t    \t\t\t<\/figure>\n\t\t\t\n\t<div class=\"post-content\">\n        \t\t<div class=\"post-content-inner-wrapper\">\n\t\t\t<div class=\"post-content-inner\">\n\t\n\t\t\t\t<span class=\"post-cat-tag-wrap\">\n\t\t<span class=\"post-category\"><a href=\"https:\/\/meblekukulka.pl\/blog\/category\/inspiracje\/\" rel=\"tag\" class=\"term-inspiracje\">Inspiracje<\/a><span class=\"post-meta-separator\">,<\/span> <a href=\"https:\/\/meblekukulka.pl\/blog\/category\/porady\/\" rel=\"tag\" class=\"term-porady\">Porady<\/a><\/span>\t<\/span>\n\t\n\t\t\t\n\t\t\t<h2 class=\"post-title entry-title\"><a href=\"https:\/\/meblekukulka.pl\/blog\/wnetrze-w-stylu-nowoczesnym-czym-sie-charakteryzuje\/\">Wn\u0119trze w stylu nowoczesnym \u2013 czym si\u0119 charakteryzuje?<\/a><\/h2>\t\t\t\n\t\t\t\t\t\t\t<p class=\"post-meta entry-meta\">\n\t\t\t\t\t\t\t\t\t\t\t<span class=\"post-author\"><span class=\"author vcard\"><a class=\"url fn n\" href=\"\" rel=\"author\"><\/a><\/span><\/span>\n\t\t\t\t\t\t\t\t\t\t\n\t\t\t\t\t        <span class=\"post-comment\">\n\t       <a href=\"https:\/\/meblekukulka.pl\/blog\/wnetrze-w-stylu-nowoczesnym-czym-sie-charakteryzuje\/#respond\">0 Comments<\/a>\t    <\/span>\n\t\t\t\t\t\t\t\n\t\t\t\t\t\t\t\t\t<\/p>\n\t\t\t\n\t\t\t\t\t\t\n\t\t\t\t<div class=\"entry-content\">\n\n        \n\t\t<p>Styl nowoczesny to przede wszystkim wn\u0119trza minimalistyczne, proste oraz funkcjonalne. G\u0142\u00f3wn\u0105 przes\u0142ank\u0105 tego stylu jest to, aby dom by\u0142 miejscem praktycznym i nieprzesadzonym. W stylu nowoczesnym nie odnajdziemy wielu dodatk\u00f3w, dekoracji i ozdobnych akcesori\u00f3w. Mimo to styl ten cieszy si\u0119 niema\u0142\u0105 popularno\u015bci\u0105 i coraz ch\u0119tniej wykorzystywany jest w polskich domach. Co na to wp\u0142ywa, jak [&hellip;]<\/p>\n\n\t\t\n\t    \n\t<\/div><!-- \/.entry-content -->\n\t\t\t\t<\/div>\n\t\t<\/div>\n\t<\/div>\n\t<!-- \/.post-content -->\n\t\n<\/article>\n<!-- \/.post -->\n\n<article id=\"post-1406\" class=\"post tf_clearfix post-1406 type-post status-publish format-standard has-post-thumbnail hentry category-inspiracje category-porady has-post-title no-post-date has-post-category has-post-tag has-post-comment has-post-author \">\n\t\n\t\t\t\t<figure class=\"post-image tf_clearfix\">\n\t\t\t    \t\t\t\t\t\t\t\t<a href=\"https:\/\/meblekukulka.pl\/blog\/wnetrze-w-stylu-skandynawskim-czym-sie-charakteryzuje\/\">\n\t\t\t\t\t\t\t\t<img loading=\"lazy\" decoding=\"async\" src=\"https:\/\/meblekukulka.pl\/blog\/wp-content\/uploads\/2023\/01\/Depositphotos_136388972_L-1024x683-300x250.jpg\" width=\"300\" height=\"250\" class=\"wp-post-image wp-image-1419\" title=\"Flat with desk and chair\" alt=\"Flat with desk and chair\">\t\t\t\t\t\t\t\t    \t\t\t\t<\/a>\n\t\t\t\t\t\t\t    \t\t\t<\/figure>\n\t\t\t\n\t<div class=\"post-content\">\n        \t\t<div class=\"post-content-inner-wrapper\">\n\t\t\t<div class=\"post-content-inner\">\n\t\n\t\t\t\t<span class=\"post-cat-tag-wrap\">\n\t\t<span class=\"post-category\"><a href=\"https:\/\/meblekukulka.pl\/blog\/category\/inspiracje\/\" rel=\"tag\" class=\"term-inspiracje\">Inspiracje<\/a><span class=\"post-meta-separator\">,<\/span> <a href=\"https:\/\/meblekukulka.pl\/blog\/category\/porady\/\" rel=\"tag\" class=\"term-porady\">Porady<\/a><\/span>\t<\/span>\n\t\n\t\t\t\n\t\t\t<h2 class=\"post-title entry-title\"><a href=\"https:\/\/meblekukulka.pl\/blog\/wnetrze-w-stylu-skandynawskim-czym-sie-charakteryzuje\/\">Wn\u0119trze w stylu skandynawskim \u2013 czym si\u0119 charakteryzuje?<\/a><\/h2>\t\t\t\n\t\t\t\t\t\t\t<p class=\"post-meta entry-meta\">\n\t\t\t\t\t\t\t\t\t\t\t<span class=\"post-author\"><span class=\"author vcard\"><a class=\"url fn n\" href=\"\" rel=\"author\"><\/a><\/span><\/span>\n\t\t\t\t\t\t\t\t\t\t\n\t\t\t\t\t        <span class=\"post-comment\">\n\t       <a href=\"https:\/\/meblekukulka.pl\/blog\/wnetrze-w-stylu-skandynawskim-czym-sie-charakteryzuje\/#respond\">0 Comments<\/a>\t    <\/span>\n\t\t\t\t\t\t\t\n\t\t\t\t\t\t\t\t\t<\/p>\n\t\t\t\n\t\t\t\t\t\t\n\t\t\t\t<div class=\"entry-content\">\n\n        \n\t\t<p>Styl skandynawski przebojem wkrad\u0142 si\u0119 do polskich dom\u00f3w. Podbi\u0142 on serca wielu os\u00f3b i zapewniamy, szybko si\u0119 to nie zmieni. Co wi\u0119cej, styl skandynawski stale si\u0119 zmienia, udoskonala i pokazuje swoje nowe ods\u0142ony. To tylko pokazuje, \u017ce warto zdecydowa\u0107 si\u0119 na drobn\u0105 modyfikacj\u0119 swojego wn\u0119trza i urz\u0105dzi\u0107 je w ods\u0142onie prosto ze Skandynawii. Zanim jednak [&hellip;]<\/p>\n\n\t\t\n\t    \n\t<\/div><!-- \/.entry-content -->\n\t\t\t\t<\/div>\n\t\t<\/div>\n\t<\/div>\n\t<!-- \/.post-content -->\n\t\n<\/article>\n<!-- \/.post -->\n\n<article id=\"post-1346\" class=\"post tf_clearfix post-1346 type-post status-publish format-standard has-post-thumbnail hentry category-inspiracje category-porady has-post-title no-post-date has-post-category has-post-tag has-post-comment has-post-author \">\n\t\n\t\t\t\t<figure class=\"post-image tf_clearfix\">\n\t\t\t    \t\t\t\t\t\t\t\t<a href=\"https:\/\/meblekukulka.pl\/blog\/meble-na-drewnianych-nozkach-prawdziwy-hit-meblowy\/\">\n\t\t\t\t\t\t\t\t<img loading=\"lazy\" decoding=\"async\" src=\"https:\/\/meblekukulka.pl\/blog\/wp-content\/uploads\/2022\/11\/armchair-g53091af7b_1280-1024x783-300x250.jpg\" width=\"300\" height=\"250\" class=\"wp-post-image wp-image-1355\" title=\"krzeslo-z-drewnianymi-nogami\" alt=\"krzeslo-z-drewnianymi-nogami\">\t\t\t\t\t\t\t\t    \t\t\t\t<\/a>\n\t\t\t\t\t\t\t    \t\t\t<\/figure>\n\t\t\t\n\t<div class=\"post-content\">\n        \t\t<div class=\"post-content-inner-wrapper\">\n\t\t\t<div class=\"post-content-inner\">\n\t\n\t\t\t\t<span class=\"post-cat-tag-wrap\">\n\t\t<span class=\"post-category\"><a href=\"https:\/\/meblekukulka.pl\/blog\/category\/inspiracje\/\" rel=\"tag\" class=\"term-inspiracje\">Inspiracje<\/a><span class=\"post-meta-separator\">,<\/span> <a href=\"https:\/\/meblekukulka.pl\/blog\/category\/porady\/\" rel=\"tag\" class=\"term-porady\">Porady<\/a><\/span>\t<\/span>\n\t\n\t\t\t\n\t\t\t<h2 class=\"post-title entry-title\"><a href=\"https:\/\/meblekukulka.pl\/blog\/meble-na-drewnianych-nozkach-prawdziwy-hit-meblowy\/\">Meble na drewnianych n\u00f3\u017ckach \u2013 prawdziwy hit meblowy<\/a><\/h2>\t\t\t\n\t\t\t\t\t\t\t<p class=\"post-meta entry-meta\">\n\t\t\t\t\t\t\t\t\t\t\t<span class=\"post-author\"><span class=\"author vcard\"><a class=\"url fn n\" href=\"\" rel=\"author\"><\/a><\/span><\/span>\n\t\t\t\t\t\t\t\t\t\t\n\t\t\t\t\t        <span class=\"post-comment\">\n\t       <a href=\"https:\/\/meblekukulka.pl\/blog\/meble-na-drewnianych-nozkach-prawdziwy-hit-meblowy\/#respond\">0 Comments<\/a>\t    <\/span>\n\t\t\t\t\t\t\t\n\t\t\t\t\t\t\t\t\t<\/p>\n\t\t\t\n\t\t\t\t\t\t\n\t\t\t\t<div class=\"entry-content\">\n\n        \n\t\t<p>Meble z drewna lub wzbogacone o drewniane elementy to klasyka i ponadczasowy styl. Dzi\u0119ki nim ca\u0142e pomieszczenie prezentuje si\u0119 nadzwyczajnie, modnie i stylowo. Co jednak, gdy po\u0142\u0105czymy niesamowity wygl\u0105d z komfortem i wygod\u0105? W\u00f3wczas otrzymamy mebel idealny. I takimi w\u0142a\u015bnie s\u0105 meble na drewnianych n\u00f3\u017ckach, kt\u00f3re przedstawimy w poni\u017cszym wpisie!<\/p>\n\n\t\t\n\t    \n\t<\/div><!-- \/.entry-content -->\n\t\t\t\t<\/div>\n\t\t<\/div>\n\t<\/div>\n\t<!-- \/.post-content -->\n\t\n<\/article>\n<!-- \/.post -->\n\n<article id=\"post-1334\" class=\"post tf_clearfix post-1334 type-post status-publish format-standard has-post-thumbnail hentry category-inspiracje category-porady has-post-title no-post-date has-post-category has-post-tag has-post-comment has-post-author \">\n\t\n\t\t\t\t<figure class=\"post-image tf_clearfix\">\n\t\t\t    \t\t\t\t\t\t\t\t<a href=\"https:\/\/meblekukulka.pl\/blog\/meble-do-malego-pokoju-czyli-jak-zaaranzowac-male-pomieszczenie\/\">\n\t\t\t\t\t\t\t\t<img loading=\"lazy\" decoding=\"async\" src=\"https:\/\/meblekukulka.pl\/blog\/wp-content\/uploads\/2022\/10\/render-g729244519_1280-1024x512-300x250.jpg\" width=\"300\" height=\"250\" class=\"wp-post-image wp-image-1343\" title=\"render-g729244519_1280\" alt=\"render-g729244519_1280\">\t\t\t\t\t\t\t\t    \t\t\t\t<\/a>\n\t\t\t\t\t\t\t    \t\t\t<\/figure>\n\t\t\t\n\t<div class=\"post-content\">\n        \t\t<div class=\"post-content-inner-wrapper\">\n\t\t\t<div class=\"post-content-inner\">\n\t\n\t\t\t\t<span class=\"post-cat-tag-wrap\">\n\t\t<span class=\"post-category\"><a href=\"https:\/\/meblekukulka.pl\/blog\/category\/inspiracje\/\" rel=\"tag\" class=\"term-inspiracje\">Inspiracje<\/a><span class=\"post-meta-separator\">,<\/span> <a href=\"https:\/\/meblekukulka.pl\/blog\/category\/porady\/\" rel=\"tag\" class=\"term-porady\">Porady<\/a><\/span>\t<\/span>\n\t\n\t\t\t\n\t\t\t<h2 class=\"post-title entry-title\"><a href=\"https:\/\/meblekukulka.pl\/blog\/meble-do-malego-pokoju-czyli-jak-zaaranzowac-male-pomieszczenie\/\">Meble do ma\u0142ego pokoju czyli jak zaaran\u017cowa\u0107 ma\u0142e pomieszczenie<\/a><\/h2>\t\t\t\n\t\t\t\t\t\t\t<p class=\"post-meta entry-meta\">\n\t\t\t\t\t\t\t\t\t\t\t<span class=\"post-author\"><span class=\"author vcard\"><a class=\"url fn n\" href=\"\" rel=\"author\"><\/a><\/span><\/span>\n\t\t\t\t\t\t\t\t\t\t\n\t\t\t\t\t        <span class=\"post-comment\">\n\t       <a href=\"https:\/\/meblekukulka.pl\/blog\/meble-do-malego-pokoju-czyli-jak-zaaranzowac-male-pomieszczenie\/#respond\">0 Comments<\/a>\t    <\/span>\n\t\t\t\t\t\t\t\n\t\t\t\t\t\t\t\t\t<\/p>\n\t\t\t\n\t\t\t\t\t\t\n\t\t\t\t<div class=\"entry-content\">\n\n        \n\t\t<p>Aran\u017cacja wn\u0119trza to proces, kt\u00f3ry wymaga kreatywno\u015bci i pomys\u0142owo\u015bci. Zdarza si\u0119 jednak, \u017ce niekt\u00f3rzy maj\u0105 mniejszy czy wi\u0119kszy problem podczas projektowania poszczeg\u00f3lnych pomieszcze\u0144 w mieszkaniu czy domu. Szczeg\u00f3lnie trudne do zaaran\u017cowania s\u0105 pomieszczenia o ma\u0142ym metra\u017cu. W ko\u0144cu musimy zmie\u015bci\u0107 w nich r\u00f3\u017cne meble, aby spe\u0142nia\u0142y one okre\u015blone funkcje, a przy tym pozostawa\u0142y wygodne i [&hellip;]<\/p>\n\n\t\t\n\t    \n\t<\/div><!-- \/.entry-content -->\n\t\t\t\t<\/div>\n\t\t<\/div>\n\t<\/div>\n\t<!-- \/.post-content -->\n\t\n<\/article>\n<!-- \/.post -->\n\n<article id=\"post-1330\" class=\"post tf_clearfix post-1330 type-post status-publish format-standard has-post-thumbnail hentry category-inspiracje category-porady has-post-title no-post-date has-post-category has-post-tag has-post-comment has-post-author \">\n\t\n\t\t\t\t<figure class=\"post-image tf_clearfix\">\n\t\t\t    \t\t\t\t\t\t\t\t<a href=\"https:\/\/meblekukulka.pl\/blog\/maly-pokoj-dla-dwojki-dzieci-jak-go-urzadzic\/\">\n\t\t\t\t\t\t\t\t<img loading=\"lazy\" decoding=\"async\" src=\"https:\/\/meblekukulka.pl\/blog\/wp-content\/uploads\/2022\/10\/building-blocks-gda9232f9d_1280-1024x682-300x250.jpg\" width=\"300\" height=\"250\" class=\"wp-post-image wp-image-1339\" title=\"building-blocks-gda9232f9d_1280\" alt=\"building-blocks-gda9232f9d_1280\">\t\t\t\t\t\t\t\t    \t\t\t\t<\/a>\n\t\t\t\t\t\t\t    \t\t\t<\/figure>\n\t\t\t\n\t<div class=\"post-content\">\n        \t\t<div class=\"post-content-inner-wrapper\">\n\t\t\t<div class=\"post-content-inner\">\n\t\n\t\t\t\t<span class=\"post-cat-tag-wrap\">\n\t\t<span class=\"post-category\"><a href=\"https:\/\/meblekukulka.pl\/blog\/category\/inspiracje\/\" rel=\"tag\" class=\"term-inspiracje\">Inspiracje<\/a><span class=\"post-meta-separator\">,<\/span> <a href=\"https:\/\/meblekukulka.pl\/blog\/category\/porady\/\" rel=\"tag\" class=\"term-porady\">Porady<\/a><\/span>\t<\/span>\n\t\n\t\t\t\n\t\t\t<h2 class=\"post-title entry-title\"><a href=\"https:\/\/meblekukulka.pl\/blog\/maly-pokoj-dla-dwojki-dzieci-jak-go-urzadzic\/\">Ma\u0142y pok\u00f3j dla dw\u00f3jki dzieci \u2013 jak go urz\u0105dzi\u0107<\/a><\/h2>\t\t\t\n\t\t\t\t\t\t\t<p class=\"post-meta entry-meta\">\n\t\t\t\t\t\t\t\t\t\t\t<span class=\"post-author\"><span class=\"author vcard\"><a class=\"url fn n\" href=\"\" rel=\"author\"><\/a><\/span><\/span>\n\t\t\t\t\t\t\t\t\t\t\n\t\t\t\t\t        <span class=\"post-comment\">\n\t       <a href=\"https:\/\/meblekukulka.pl\/blog\/maly-pokoj-dla-dwojki-dzieci-jak-go-urzadzic\/#respond\">0 Comments<\/a>\t    <\/span>\n\t\t\t\t\t\t\t\n\t\t\t\t\t\t\t\t\t<\/p>\n\t\t\t\n\t\t\t\t\t\t\n\t\t\t\t<div class=\"entry-content\">\n\n        \n\t\t<p>Przygotowanie przytulnego, a jednocze\u015bnie praktycznego pokoju dla dziecka bywa nie lada wyzwaniem. Jeszcze trudniej jest kiedy musimy urz\u0105dzi\u0107 jeden pok\u00f3j dla dw\u00f3jki dzieci. Takie zadanie wymaga od nas du\u017cej kreatywno\u015bci i pomys\u0142owo\u015bci. Co wi\u0119cej, musimy pami\u0119ta\u0107, aby pok\u00f3j by\u0142 dostosowany do preferencji i potrzeb ka\u017cdego z maluch\u00f3w, zatem nie powinien by\u0107 urz\u0105dzony zbyt uniwersalnie. Jak [&hellip;]<\/p>\n\n\t\t\n\t    \n\t<\/div><!-- \/.entry-content -->\n\t\t\t\t<\/div>\n\t\t<\/div>\n\t<\/div>\n\t<!-- \/.post-content -->\n\t\n<\/article>\n<!-- \/.post -->\n\n<article id=\"post-1285\" class=\"post tf_clearfix post-1285 type-post status-publish format-standard has-post-thumbnail hentry category-inspiracje category-porady has-post-title no-post-date has-post-category has-post-tag has-post-comment has-post-author \">\n\t\n\t\t\t\t<figure class=\"post-image tf_clearfix\">\n\t\t\t    \t\t\t\t\t\t\t\t<a href=\"https:\/\/meblekukulka.pl\/blog\/jaka-szafa-do-przedpokoju\/\">\n\t\t\t\t\t\t\t\t<img loading=\"lazy\" decoding=\"async\" src=\"https:\/\/meblekukulka.pl\/blog\/wp-content\/uploads\/2022\/08\/Depositphotos_83412912_S-300x250.jpg\" width=\"300\" height=\"250\" class=\"wp-post-image wp-image-1324\" title=\"Spacious hallway art deco style\" alt=\"Spacious hallway art deco style\">\t\t\t\t\t\t\t\t    \t\t\t\t<\/a>\n\t\t\t\t\t\t\t    \t\t\t<\/figure>\n\t\t\t\n\t<div class=\"post-content\">\n        \t\t<div class=\"post-content-inner-wrapper\">\n\t\t\t<div class=\"post-content-inner\">\n\t\n\t\t\t\t<span class=\"post-cat-tag-wrap\">\n\t\t<span class=\"post-category\"><a href=\"https:\/\/meblekukulka.pl\/blog\/category\/inspiracje\/\" rel=\"tag\" class=\"term-inspiracje\">Inspiracje<\/a><span class=\"post-meta-separator\">,<\/span> <a href=\"https:\/\/meblekukulka.pl\/blog\/category\/porady\/\" rel=\"tag\" class=\"term-porady\">Porady<\/a><\/span>\t<\/span>\n\t\n\t\t\t\n\t\t\t<h2 class=\"post-title entry-title\"><a href=\"https:\/\/meblekukulka.pl\/blog\/jaka-szafa-do-przedpokoju\/\">Jaka szafa do przedpokoju?<\/a><\/h2>\t\t\t\n\t\t\t\t\t\t\t<p class=\"post-meta entry-meta\">\n\t\t\t\t\t\t\t\t\t\t\t<span class=\"post-author\"><span class=\"author vcard\"><a class=\"url fn n\" href=\"\" rel=\"author\"><\/a><\/span><\/span>\n\t\t\t\t\t\t\t\t\t\t\n\t\t\t\t\t        <span class=\"post-comment\">\n\t       <a href=\"https:\/\/meblekukulka.pl\/blog\/jaka-szafa-do-przedpokoju\/#respond\">0 Comments<\/a>\t    <\/span>\n\t\t\t\t\t\t\t\n\t\t\t\t\t\t\t\t\t<\/p>\n\t\t\t\n\t\t\t\t\t\t\n\t\t\t\t<div class=\"entry-content\">\n\n        \n\t\t<p>Przedpok\u00f3j jest pomieszczeniem, o aran\u017cacji kt\u00f3rego zapomina wiele os\u00f3b. Urz\u0105dzaj\u0105c lub remontuj\u0105c mieszkanie nasza uwaga najcz\u0119\u015bciej skoncentrowana jest na salonie, kuchni, \u0142azience czy poszczeg\u00f3lnych pokojach, a najmniejsz\u0105 uwag\u0119 przyk\u0142adamy przedpokojowi. Musimy jednak przyzna\u0107, \u017ce jest to du\u017cy b\u0142\u0105d! W ko\u0144cu przedpok\u00f3j to pomieszczenie, w kt\u00f3rym zazwyczaj witamy naszych go\u015bci, i kt\u00f3re robi na naszych bliskich [&hellip;]<\/p>\n\n\t\t\n\t    \n\t<\/div><!-- \/.entry-content -->\n\t\t\t\t<\/div>\n\t\t<\/div>\n\t<\/div>\n\t<!-- \/.post-content -->\n\t\n<\/article>\n<!-- \/.post -->\n\n<article id=\"post-1259\" class=\"post tf_clearfix post-1259 type-post status-publish format-standard has-post-thumbnail hentry category-porady has-post-title no-post-date has-post-category has-post-tag has-post-comment has-post-author \">\n\t\n\t\t\t\t<figure class=\"post-image tf_clearfix\">\n\t\t\t    \t\t\t\t\t\t\t\t<a href=\"https:\/\/meblekukulka.pl\/blog\/tapicerowana-kanapa-z-funkcja-spania-czy-to-sie-oplaca\/\">\n\t\t\t\t\t\t\t\t<img loading=\"lazy\" decoding=\"async\" src=\"https:\/\/meblekukulka.pl\/blog\/wp-content\/uploads\/2022\/07\/Depositphotos_60965207_L-1024x768-300x250.jpg\" width=\"300\" height=\"250\" class=\"wp-post-image wp-image-1277\" title=\"Sofa in a modern style upholstered\" alt=\"Sofa in a modern style upholstered\">\t\t\t\t\t\t\t\t    \t\t\t\t<\/a>\n\t\t\t\t\t\t\t    \t\t\t<\/figure>\n\t\t\t\n\t<div class=\"post-content\">\n        \t\t<div class=\"post-content-inner-wrapper\">\n\t\t\t<div class=\"post-content-inner\">\n\t\n\t\t\t\t<span class=\"post-cat-tag-wrap\">\n\t\t<span class=\"post-category\"><a href=\"https:\/\/meblekukulka.pl\/blog\/category\/porady\/\" rel=\"tag\" class=\"term-porady\">Porady<\/a><\/span>\t<\/span>\n\t\n\t\t\t\n\t\t\t<h2 class=\"post-title entry-title\"><a href=\"https:\/\/meblekukulka.pl\/blog\/tapicerowana-kanapa-z-funkcja-spania-czy-to-sie-oplaca\/\">Tapicerowana kanapa z funkcj\u0105 spania &#8211; czy to si\u0119 op\u0142aca?<\/a><\/h2>\t\t\t\n\t\t\t\t\t\t\t<p class=\"post-meta entry-meta\">\n\t\t\t\t\t\t\t\t\t\t\t<span class=\"post-author\"><span class=\"author vcard\"><a class=\"url fn n\" href=\"\" rel=\"author\"><\/a><\/span><\/span>\n\t\t\t\t\t\t\t\t\t\t\n\t\t\t\t\t        <span class=\"post-comment\">\n\t       <a href=\"https:\/\/meblekukulka.pl\/blog\/tapicerowana-kanapa-z-funkcja-spania-czy-to-sie-oplaca\/#respond\">0 Comments<\/a>\t    <\/span>\n\t\t\t\t\t\t\t\n\t\t\t\t\t\t\t\t\t<\/p>\n\t\t\t\n\t\t\t\t\t\t\n\t\t\t\t<div class=\"entry-content\">\n\n        \n\t\t<p>Kanapa tapicerowana to doskona\u0142y mebel, kt\u00f3ry znakomicie odnajduje si\u0119 we wn\u0119trzu urz\u0105dzonym w dowolnym stylu. Kanapy tapicerowane \u0142\u0105cz\u0105 si\u0119 zar\u00f3wno z wn\u0119trzami nowoczesnymi, jak i klasycznymi. To sprawia, \u017ce jest to bardzo uniwersalny mebel. W niniejszym wpisie skupimy si\u0119 jednak na tapicerowanych kanapach z funkcj\u0105 spania, czyli meblach nie tylko uniwersalnych pod wzgl\u0119dem stylu, ale [&hellip;]<\/p>\n\n\t\t\n\t    \n\t<\/div><!-- \/.entry-content -->\n\t\t\t\t<\/div>\n\t\t<\/div>\n\t<\/div>\n\t<!-- \/.post-content -->\n\t\n<\/article>\n<!-- \/.post -->\n\n<article id=\"post-1256\" class=\"post tf_clearfix post-1256 type-post status-publish format-standard has-post-thumbnail hentry category-inspiracje category-porady has-post-title no-post-date has-post-category has-post-tag has-post-comment has-post-author \">\n\t\n\t\t\t\t<figure class=\"post-image tf_clearfix\">\n\t\t\t    \t\t\t\t\t\t\t\t<a href=\"https:\/\/meblekukulka.pl\/blog\/jak-urzadzic-salon-w-stylu-skandynawskim\/\">\n\t\t\t\t\t\t\t\t<img loading=\"lazy\" decoding=\"async\" src=\"https:\/\/meblekukulka.pl\/blog\/wp-content\/uploads\/2022\/07\/Depositphotos_188467348_L-1024x768-300x250.jpg\" width=\"300\" height=\"250\" class=\"wp-post-image wp-image-1272\" title=\"Scandinavian style interior design 3D rendering\" alt=\"Scandinavian style interior design 3D rendering\">\t\t\t\t\t\t\t\t    \t\t\t\t<\/a>\n\t\t\t\t\t\t\t    \t\t\t<\/figure>\n\t\t\t\n\t<div class=\"post-content\">\n        \t\t<div class=\"post-content-inner-wrapper\">\n\t\t\t<div class=\"post-content-inner\">\n\t\n\t\t\t\t<span class=\"post-cat-tag-wrap\">\n\t\t<span class=\"post-category\"><a href=\"https:\/\/meblekukulka.pl\/blog\/category\/inspiracje\/\" rel=\"tag\" class=\"term-inspiracje\">Inspiracje<\/a><span class=\"post-meta-separator\">,<\/span> <a href=\"https:\/\/meblekukulka.pl\/blog\/category\/porady\/\" rel=\"tag\" class=\"term-porady\">Porady<\/a><\/span>\t<\/span>\n\t\n\t\t\t\n\t\t\t<h2 class=\"post-title entry-title\"><a href=\"https:\/\/meblekukulka.pl\/blog\/jak-urzadzic-salon-w-stylu-skandynawskim\/\">Jak urz\u0105dzi\u0107 salon w stylu skandynawskim?<\/a><\/h2>\t\t\t\n\t\t\t\t\t\t\t<p class=\"post-meta entry-meta\">\n\t\t\t\t\t\t\t\t\t\t\t<span class=\"post-author\"><span class=\"author vcard\"><a class=\"url fn n\" href=\"\" rel=\"author\"><\/a><\/span><\/span>\n\t\t\t\t\t\t\t\t\t\t\n\t\t\t\t\t        <span class=\"post-comment\">\n\t       <a href=\"https:\/\/meblekukulka.pl\/blog\/jak-urzadzic-salon-w-stylu-skandynawskim\/#respond\">0 Comments<\/a>\t    <\/span>\n\t\t\t\t\t\t\t\n\t\t\t\t\t\t\t\t\t<\/p>\n\t\t\t\n\t\t\t\t\t\t\n\t\t\t\t<div class=\"entry-content\">\n\n        \n\t\t<p>Styl skandynawski to trend, kt\u00f3ry aktualnie znajduje si\u0119 w \u015bcis\u0142ym topie list popularno\u015bci. Polacy zachowali si\u0119 w skandynawskich meblach i pomieszczeniach urz\u0105dzonych w tym stylu. Jasne dodatki, ciep\u0142o, przytulno\u015b\u0107 i naturalno\u015b\u0107 to elementy, kt\u00f3re charakteryzuj\u0105 styl skandynawski i kt\u00f3re coraz cz\u0119\u015bciej mo\u017cemy zauwa\u017cy\u0107 w naszych domach. W dzisiejszym wpisie sprawdzimy jak urz\u0105dzi\u0107 salon w stylu [&hellip;]<\/p>\n\n\t\t\n\t    \n\t<\/div><!-- \/.entry-content -->\n\t\t\t\t<\/div>\n\t\t<\/div>\n\t<\/div>\n\t<!-- \/.post-content -->\n\t\n<\/article>\n<!-- \/.post -->\n\n<article id=\"post-1252\" class=\"post tf_clearfix post-1252 type-post status-publish format-standard has-post-thumbnail hentry category-inspiracje has-post-title no-post-date has-post-category has-post-tag has-post-comment has-post-author \">\n\t\n\t\t\t\t<figure class=\"post-image tf_clearfix\">\n\t\t\t    \t\t\t\t\t\t\t\t<a href=\"https:\/\/meblekukulka.pl\/blog\/biuro-w-domu-aranzacje\/\">\n\t\t\t\t\t\t\t\t<img loading=\"lazy\" decoding=\"async\" src=\"https:\/\/meblekukulka.pl\/blog\/wp-content\/uploads\/2022\/07\/office-730681_1280-1024x683-300x250.jpg\" width=\"300\" height=\"250\" class=\"wp-post-image wp-image-1268\" title=\"office-730681_1280\" alt=\"office-730681_1280\">\t\t\t\t\t\t\t\t    \t\t\t\t<\/a>\n\t\t\t\t\t\t\t    \t\t\t<\/figure>\n\t\t\t\n\t<div class=\"post-content\">\n        \t\t<div class=\"post-content-inner-wrapper\">\n\t\t\t<div class=\"post-content-inner\">\n\t\n\t\t\t\t<span class=\"post-cat-tag-wrap\">\n\t\t<span class=\"post-category\"><a href=\"https:\/\/meblekukulka.pl\/blog\/category\/inspiracje\/\" rel=\"tag\" class=\"term-inspiracje\">Inspiracje<\/a><\/span>\t<\/span>\n\t\n\t\t\t\n\t\t\t<h2 class=\"post-title entry-title\"><a href=\"https:\/\/meblekukulka.pl\/blog\/biuro-w-domu-aranzacje\/\">Biuro w domu aran\u017cacje<\/a><\/h2>\t\t\t\n\t\t\t\t\t\t\t<p class=\"post-meta entry-meta\">\n\t\t\t\t\t\t\t\t\t\t\t<span class=\"post-author\"><span class=\"author vcard\"><a class=\"url fn n\" href=\"\" rel=\"author\"><\/a><\/span><\/span>\n\t\t\t\t\t\t\t\t\t\t\n\t\t\t\t\t        <span class=\"post-comment\">\n\t       <a href=\"https:\/\/meblekukulka.pl\/blog\/biuro-w-domu-aranzacje\/#respond\">0 Comments<\/a>\t    <\/span>\n\t\t\t\t\t\t\t\n\t\t\t\t\t\t\t\t\t<\/p>\n\t\t\t\n\t\t\t\t\t\t\n\t\t\t\t<div class=\"entry-content\">\n\n        \n\t\t<p>Wraz z rozwojem nowych technologii, ale tak\u017ce pandemii, z kt\u00f3r\u0105 przysz\u0142o nam si\u0119 zmaga\u0107 coraz popularniejsza sta\u0142a si\u0119 praca zdalna, praca w domu. Co za tym idzie, sporo os\u00f3b zdecydowa\u0142o si\u0119 na zagospodarowanie jednego z pomieszcze\u0144 w swoim domu i urz\u0105dzenie w nim domowego biura. Rozwi\u0105zanie to jest bardzo wygodne oraz praktyczne i pozwala na [&hellip;]<\/p>\n\n\t\t\n\t    \n\t<\/div><!-- \/.entry-content -->\n\t\t\t\t<\/div>\n\t\t<\/div>\n\t<\/div>\n\t<!-- \/.post-content -->\n\t\n<\/article>\n<!-- \/.post -->\n\n<article id=\"post-1248\" class=\"post tf_clearfix post-1248 type-post status-publish format-standard has-post-thumbnail hentry category-inspiracje category-porady has-post-title no-post-date has-post-category has-post-tag has-post-comment has-post-author \">\n\t\n\t\t\t\t<figure class=\"post-image tf_clearfix\">\n\t\t\t    \t\t\t\t\t\t\t\t<a href=\"https:\/\/meblekukulka.pl\/blog\/meble-wypoczynkowe-do-salonu-co-wybrac\/\">\n\t\t\t\t\t\t\t\t<img loading=\"lazy\" decoding=\"async\" src=\"https:\/\/meblekukulka.pl\/blog\/wp-content\/uploads\/2022\/07\/Depositphotos_534192556_L-1024x1024-300x250.jpg\" width=\"300\" height=\"250\" class=\"wp-post-image wp-image-1264\" title=\"Luxurious living room seating area with blue upholstered furniture in a white interior with high ceilings and large windows with beautiful views.\" alt=\"Luxurious living room seating area with blue upholstered furniture in a white interior with high ceilings and large windows with beautiful views.\">\t\t\t\t\t\t\t\t    \t\t\t\t<\/a>\n\t\t\t\t\t\t\t    \t\t\t<\/figure>\n\t\t\t\n\t<div class=\"post-content\">\n        \t\t<div class=\"post-content-inner-wrapper\">\n\t\t\t<div class=\"post-content-inner\">\n\t\n\t\t\t\t<span class=\"post-cat-tag-wrap\">\n\t\t<span class=\"post-category\"><a href=\"https:\/\/meblekukulka.pl\/blog\/category\/inspiracje\/\" rel=\"tag\" class=\"term-inspiracje\">Inspiracje<\/a><span class=\"post-meta-separator\">,<\/span> <a href=\"https:\/\/meblekukulka.pl\/blog\/category\/porady\/\" rel=\"tag\" class=\"term-porady\">Porady<\/a><\/span>\t<\/span>\n\t\n\t\t\t\n\t\t\t<h2 class=\"post-title entry-title\"><a href=\"https:\/\/meblekukulka.pl\/blog\/meble-wypoczynkowe-do-salonu-co-wybrac\/\">Meble wypoczynkowe do salonu \u2013 co wybra\u0107?<\/a><\/h2>\t\t\t\n\t\t\t\t\t\t\t<p class=\"post-meta entry-meta\">\n\t\t\t\t\t\t\t\t\t\t\t<span class=\"post-author\"><span class=\"author vcard\"><a class=\"url fn n\" href=\"\" rel=\"author\"><\/a><\/span><\/span>\n\t\t\t\t\t\t\t\t\t\t\n\t\t\t\t\t        <span class=\"post-comment\">\n\t       <a href=\"https:\/\/meblekukulka.pl\/blog\/meble-wypoczynkowe-do-salonu-co-wybrac\/#respond\">0 Comments<\/a>\t    <\/span>\n\t\t\t\t\t\t\t\n\t\t\t\t\t\t\t\t\t<\/p>\n\t\t\t\n\t\t\t\t\t\t\n\t\t\t\t<div class=\"entry-content\">\n\n        \n\t\t<p>Aran\u017cacja salonu to niema\u0142e wyzwanie. Szczeg\u00f3lnie trudne wydaje si\u0119 dobranie odpowiednich mebli wypoczynkowych do salonu. W ko\u0144cu musz\u0105 one wsp\u00f3\u0142gra\u0107 z innymi elementami wystroju, og\u00f3lnym stylem pomieszczenia, a przy tym musz\u0105 by\u0107 wygodne, komfortowe i wystarczaj\u0105co du\u017ce, by pomie\u015bci\u0107 domownik\u00f3w i go\u015bci. Pozostaje zatem pytanie \u2013 jakie meble wypoczynkowe wybra\u0107 do salonu? Sprawd\u017amy to! Sprawd\u017a [&hellip;]<\/p>\n\n\t\t\n\t    \n\t<\/div><!-- \/.entry-content -->\n\t\t\t\t<\/div>\n\t\t<\/div>\n\t<\/div>\n\t<!-- \/.post-content -->\n\t\n<\/article>\n<!-- \/.post -->\n\n<article id=\"post-1199\" class=\"post tf_clearfix post-1199 type-post status-publish format-standard has-post-thumbnail hentry category-inspiracje has-post-title no-post-date has-post-category has-post-tag has-post-comment has-post-author \">\n\t\n\t\t\t\t<figure class=\"post-image tf_clearfix\">\n\t\t\t    \t\t\t\t\t\t\t\t<a href=\"https:\/\/meblekukulka.pl\/blog\/jakie-meble-wypoczynkowe-do-salonu\/\">\n\t\t\t\t\t\t\t\t<img loading=\"lazy\" decoding=\"async\" src=\"https:\/\/meblekukulka.pl\/blog\/wp-content\/uploads\/2022\/02\/chair-270980_1920-1024x683-300x250.jpg\" width=\"300\" height=\"250\" class=\"wp-post-image wp-image-1202\" title=\"chair-270980_1920\" alt=\"chair-270980_1920\">\t\t\t\t\t\t\t\t    \t\t\t\t<\/a>\n\t\t\t\t\t\t\t    \t\t\t<\/figure>\n\t\t\t\n\t<div class=\"post-content\">\n        \t\t<div class=\"post-content-inner-wrapper\">\n\t\t\t<div class=\"post-content-inner\">\n\t\n\t\t\t\t<span class=\"post-cat-tag-wrap\">\n\t\t<span class=\"post-category\"><a href=\"https:\/\/meblekukulka.pl\/blog\/category\/inspiracje\/\" rel=\"tag\" class=\"term-inspiracje\">Inspiracje<\/a><\/span>\t<\/span>\n\t\n\t\t\t\n\t\t\t<h2 class=\"post-title entry-title\"><a href=\"https:\/\/meblekukulka.pl\/blog\/jakie-meble-wypoczynkowe-do-salonu\/\">Jakie meble wypoczynkowe do salonu?<\/a><\/h2>\t\t\t\n\t\t\t\t\t\t\t<p class=\"post-meta entry-meta\">\n\t\t\t\t\t\t\t\t\t\t\t<span class=\"post-author\"><span class=\"author vcard\"><a class=\"url fn n\" href=\"\" rel=\"author\"><\/a><\/span><\/span>\n\t\t\t\t\t\t\t\t\t\t\n\t\t\t\t\t        <span class=\"post-comment\">\n\t       <a href=\"https:\/\/meblekukulka.pl\/blog\/jakie-meble-wypoczynkowe-do-salonu\/#respond\">0 Comments<\/a>\t    <\/span>\n\t\t\t\t\t\t\t\n\t\t\t\t\t\t\t\t\t<\/p>\n\t\t\t\n\t\t\t\t\t\t\n\t\t\t\t<div class=\"entry-content\">\n\n        \n\t\t<p>Podczas urz\u0105dzania mieszkania jednym z pomieszcze\u0144, nad kt\u00f3rym warto odrobin\u0119 d\u0142u\u017cej si\u0119 zastanowi\u0107 jest salon. Dlaczego? Ot\u00f3\u017c salon, zwany tak\u017ce pokojem dziennym jest miejscem, w kt\u00f3rym cz\u0119sto sp\u0119dzamy wi\u0119kszo\u015b\u0107 czasu w ci\u0105gu dnia. Z tego wzgl\u0119du powinien by\u0107 on przytulny, a przy tym komfortowy, wygodny i praktyczny, aby ka\u017cda chwila w nim sp\u0119dzana by\u0142a dla [&hellip;]<\/p>\n\n\t\t\n\t    \n\t<\/div><!-- \/.entry-content -->\n\t\t\t\t<\/div>\n\t\t<\/div>\n\t<\/div>\n\t<!-- \/.post-content -->\n\t\n<\/article>\n<!-- \/.post -->\n\n<article id=\"post-1094\" class=\"post tf_clearfix post-1094 type-post status-publish format-standard has-post-thumbnail hentry category-inspiracje has-post-title no-post-date has-post-category has-post-tag has-post-comment has-post-author \">\n\t\n\t\t\t\t<figure class=\"post-image tf_clearfix\">\n\t\t\t    \t\t\t\t\t\t\t\t<a href=\"https:\/\/meblekukulka.pl\/blog\/lozko-tapicerowane-czy-drewniane-ktore-lepsze\/\">\n\t\t\t\t\t\t\t\t<img loading=\"lazy\" decoding=\"async\" src=\"https:\/\/meblekukulka.pl\/blog\/wp-content\/uploads\/2022\/01\/bed-g8592ae2e4_1920-1024x676-300x250.jpg\" width=\"300\" height=\"250\" class=\"wp-post-image wp-image-1095\" title=\"bed-g8592ae2e4_1920\" alt=\"bed-g8592ae2e4_1920\">\t\t\t\t\t\t\t\t    \t\t\t\t<\/a>\n\t\t\t\t\t\t\t    \t\t\t<\/figure>\n\t\t\t\n\t<div class=\"post-content\">\n        \t\t<div class=\"post-content-inner-wrapper\">\n\t\t\t<div class=\"post-content-inner\">\n\t\n\t\t\t\t<span class=\"post-cat-tag-wrap\">\n\t\t<span class=\"post-category\"><a href=\"https:\/\/meblekukulka.pl\/blog\/category\/inspiracje\/\" rel=\"tag\" class=\"term-inspiracje\">Inspiracje<\/a><\/span>\t<\/span>\n\t\n\t\t\t\n\t\t\t<h2 class=\"post-title entry-title\"><a href=\"https:\/\/meblekukulka.pl\/blog\/lozko-tapicerowane-czy-drewniane-ktore-lepsze\/\">\u0141\u00f3\u017cko tapicerowane czy drewniane &#8211; kt\u00f3re lepsze?<\/a><\/h2>\t\t\t\n\t\t\t\t\t\t\t<p class=\"post-meta entry-meta\">\n\t\t\t\t\t\t\t\t\t\t\t<span class=\"post-author\"><span class=\"author vcard\"><a class=\"url fn n\" href=\"\" rel=\"author\"><\/a><\/span><\/span>\n\t\t\t\t\t\t\t\t\t\t\n\t\t\t\t\t        <span class=\"post-comment\">\n\t       <a href=\"https:\/\/meblekukulka.pl\/blog\/lozko-tapicerowane-czy-drewniane-ktore-lepsze\/#comments\">2 komentarze<\/a>\t    <\/span>\n\t\t\t\t\t\t\t\n\t\t\t\t\t\t\t\t\t<\/p>\n\t\t\t\n\t\t\t\t\t\t\n\t\t\t\t<div class=\"entry-content\">\n\n        \n\t\t<p>Urz\u0105dzaj\u0105c sypialnie jednym z podstawowych mebli, po kt\u00f3re si\u0119gamy jest \u0142\u00f3\u017cko. Mebel ten stanowi zazwyczaj wyb\u00f3r na d\u0142ugie lata, tym samym powinien by\u0107 on dokonany \u015bwiadomie i spos\u00f3b przemy\u015blany. Na rynku dost\u0119pnych jest wiele rodzaj\u00f3w \u0142\u00f3\u017cek sypialnych, jednak dwa z nich ciesz\u0105 si\u0119 najwi\u0119kszym zainteresowaniem. Mowa o \u0142\u00f3\u017ckach do sypialni drewnianych i tapicerowanych. Ka\u017cda z [&hellip;]<\/p>\n\n\t\t\n\t    \n\t<\/div><!-- \/.entry-content -->\n\t\t\t\t<\/div>\n\t\t<\/div>\n\t<\/div>\n\t<!-- \/.post-content -->\n\t\n<\/article>\n<!-- \/.post -->\n    <\/div><!-- .builder-posts-wrap -->\n    <\/div>\n    <!-- \/module post -->\n\t        <\/div>\n\t    \t<\/div>\n\t\t    <\/div>\n\t    <!-- \/row_inner -->\n\t<\/div>\n\t<!-- \/module_row -->\n\t<\/div>\n<!--\/themify_builder_content-->","protected":false},"excerpt":{"rendered":"<p>Blog Meble Kuku\u0142ka Sprawd\u017a najlepsze meble w naszym sklepie meblekukulka.pl Sofy Kanapy \u0141\u00f3\u017cka Fotele<\/p>\n","protected":false},"author":1,"featured_media":0,"parent":0,"menu_order":0,"comment_status":"closed","ping_status":"closed","template":"","meta":{"footnotes":""},"class_list":["post-54","page","type-page","status-publish","hentry","has-post-title","has-post-date","has-post-category","has-post-tag","has-post-comment","has-post-author",""],"yoast_head":"<!-- This site is optimized with the Yoast SEO plugin v23.1 - https:\/\/yoast.com\/wordpress\/plugins\/seo\/ -->\n<title>Porady &amp; Aran\u017cacje Wn\u0119trz | Blog Meble Kuku\u0142ka<\/title>\n<meta name=\"robots\" content=\"index, follow, max-snippet:-1, max-image-preview:large, max-video-preview:-1\" \/>\n<link rel=\"canonical\" href=\"https:\/\/meblekukulka.pl\/blog\/\" \/>\n<meta property=\"og:locale\" content=\"pl_PL\" \/>\n<meta property=\"og:type\" content=\"article\" \/>\n<meta property=\"og:title\" content=\"Porady &amp; Aran\u017cacje Wn\u0119trz | Blog Meble Kuku\u0142ka\" \/>\n<meta property=\"og:description\" content=\"Blog Meble Kuku\u0142ka Sprawd\u017a najlepsze meble w naszym sklepie meblekukulka.pl Sofy Kanapy \u0141\u00f3\u017cka Fotele\" \/>\n<meta property=\"og:url\" content=\"https:\/\/meblekukulka.pl\/blog\/\" \/>\n<meta property=\"og:site_name\" content=\"Blog Meble Kuku\u0142ka\" \/>\n<meta property=\"article:publisher\" content=\"https:\/\/www.facebook.com\/meblekukulka\/\" \/>\n<meta property=\"article:modified_time\" content=\"2022-08-08T16:22:41+00:00\" \/>\n<meta property=\"og:image\" content=\"https:\/\/www.meblekukulka.pl\/blog\/wp-content\/uploads\/2022\/02\/living-room-g4f220dce2_1920-1024x683-200x160.jpg\" \/>\n<meta name=\"twitter:card\" content=\"summary_large_image\" \/>\n<script type=\"application\/ld+json\" class=\"yoast-schema-graph\">{\"@context\":\"https:\/\/schema.org\",\"@graph\":[{\"@type\":\"WebPage\",\"@id\":\"https:\/\/meblekukulka.pl\/blog\/\",\"url\":\"https:\/\/meblekukulka.pl\/blog\/\",\"name\":\"Porady & Aran\u017cacje Wn\u0119trz | Blog Meble Kuku\u0142ka\",\"isPartOf\":{\"@id\":\"https:\/\/meblekukulka.pl\/blog\/#website\"},\"primaryImageOfPage\":{\"@id\":\"https:\/\/meblekukulka.pl\/blog\/#primaryimage\"},\"image\":{\"@id\":\"https:\/\/meblekukulka.pl\/blog\/#primaryimage\"},\"thumbnailUrl\":\"https:\/\/www.meblekukulka.pl\/blog\/wp-content\/uploads\/2022\/02\/living-room-g4f220dce2_1920-1024x683-200x160.jpg\",\"datePublished\":\"2018-09-05T14:31:04+00:00\",\"dateModified\":\"2022-08-08T16:22:41+00:00\",\"breadcrumb\":{\"@id\":\"https:\/\/meblekukulka.pl\/blog\/#breadcrumb\"},\"inLanguage\":\"pl-PL\",\"potentialAction\":[{\"@type\":\"ReadAction\",\"target\":[\"https:\/\/meblekukulka.pl\/blog\/\"]}]},{\"@type\":\"ImageObject\",\"inLanguage\":\"pl-PL\",\"@id\":\"https:\/\/meblekukulka.pl\/blog\/#primaryimage\",\"url\":\"https:\/\/www.meblekukulka.pl\/blog\/wp-content\/uploads\/2022\/02\/living-room-g4f220dce2_1920-1024x683-200x160.jpg\",\"contentUrl\":\"https:\/\/www.meblekukulka.pl\/blog\/wp-content\/uploads\/2022\/02\/living-room-g4f220dce2_1920-1024x683-200x160.jpg\"},{\"@type\":\"BreadcrumbList\",\"@id\":\"https:\/\/meblekukulka.pl\/blog\/#breadcrumb\",\"itemListElement\":[{\"@type\":\"ListItem\",\"position\":1,\"name\":\"Strona g\u0142\u00f3wna\",\"item\":\"https:\/\/meblekukulka.pl\/blog\/\"},{\"@type\":\"ListItem\",\"position\":2,\"name\":\"Front Page\"}]},{\"@type\":\"WebSite\",\"@id\":\"https:\/\/meblekukulka.pl\/blog\/#website\",\"url\":\"https:\/\/meblekukulka.pl\/blog\/\",\"name\":\"Blog Meble Kuku\u0142ka\",\"description\":\"\",\"potentialAction\":[{\"@type\":\"SearchAction\",\"target\":{\"@type\":\"EntryPoint\",\"urlTemplate\":\"https:\/\/meblekukulka.pl\/blog\/?s={search_term_string}\"},\"query-input\":\"required name=search_term_string\"}],\"inLanguage\":\"pl-PL\"}]}<\/script>\n<!-- \/ Yoast SEO plugin. -->","yoast_head_json":{"title":"Porady & Aran\u017cacje Wn\u0119trz | Blog Meble Kuku\u0142ka","robots":{"index":"index","follow":"follow","max-snippet":"max-snippet:-1","max-image-preview":"max-image-preview:large","max-video-preview":"max-video-preview:-1"},"canonical":"https:\/\/meblekukulka.pl\/blog\/","og_locale":"pl_PL","og_type":"article","og_title":"Porady & Aran\u017cacje Wn\u0119trz | Blog Meble Kuku\u0142ka","og_description":"Blog Meble Kuku\u0142ka Sprawd\u017a najlepsze meble w naszym sklepie meblekukulka.pl Sofy Kanapy \u0141\u00f3\u017cka Fotele","og_url":"https:\/\/meblekukulka.pl\/blog\/","og_site_name":"Blog Meble Kuku\u0142ka","article_publisher":"https:\/\/www.facebook.com\/meblekukulka\/","article_modified_time":"2022-08-08T16:22:41+00:00","og_image":[{"url":"https:\/\/www.meblekukulka.pl\/blog\/wp-content\/uploads\/2022\/02\/living-room-g4f220dce2_1920-1024x683-200x160.jpg"}],"twitter_card":"summary_large_image","schema":{"@context":"https:\/\/schema.org","@graph":[{"@type":"WebPage","@id":"https:\/\/meblekukulka.pl\/blog\/","url":"https:\/\/meblekukulka.pl\/blog\/","name":"Porady & Aran\u017cacje Wn\u0119trz | Blog Meble Kuku\u0142ka","isPartOf":{"@id":"https:\/\/meblekukulka.pl\/blog\/#website"},"primaryImageOfPage":{"@id":"https:\/\/meblekukulka.pl\/blog\/#primaryimage"},"image":{"@id":"https:\/\/meblekukulka.pl\/blog\/#primaryimage"},"thumbnailUrl":"https:\/\/www.meblekukulka.pl\/blog\/wp-content\/uploads\/2022\/02\/living-room-g4f220dce2_1920-1024x683-200x160.jpg","datePublished":"2018-09-05T14:31:04+00:00","dateModified":"2022-08-08T16:22:41+00:00","breadcrumb":{"@id":"https:\/\/meblekukulka.pl\/blog\/#breadcrumb"},"inLanguage":"pl-PL","potentialAction":[{"@type":"ReadAction","target":["https:\/\/meblekukulka.pl\/blog\/"]}]},{"@type":"ImageObject","inLanguage":"pl-PL","@id":"https:\/\/meblekukulka.pl\/blog\/#primaryimage","url":"https:\/\/www.meblekukulka.pl\/blog\/wp-content\/uploads\/2022\/02\/living-room-g4f220dce2_1920-1024x683-200x160.jpg","contentUrl":"https:\/\/www.meblekukulka.pl\/blog\/wp-content\/uploads\/2022\/02\/living-room-g4f220dce2_1920-1024x683-200x160.jpg"},{"@type":"BreadcrumbList","@id":"https:\/\/meblekukulka.pl\/blog\/#breadcrumb","itemListElement":[{"@type":"ListItem","position":1,"name":"Strona g\u0142\u00f3wna","item":"https:\/\/meblekukulka.pl\/blog\/"},{"@type":"ListItem","position":2,"name":"Front Page"}]},{"@type":"WebSite","@id":"https:\/\/meblekukulka.pl\/blog\/#website","url":"https:\/\/meblekukulka.pl\/blog\/","name":"Blog Meble Kuku\u0142ka","description":"","potentialAction":[{"@type":"SearchAction","target":{"@type":"EntryPoint","urlTemplate":"https:\/\/meblekukulka.pl\/blog\/?s={search_term_string}"},"query-input":"required name=search_term_string"}],"inLanguage":"pl-PL"}]}},"builder_content":"<h1>Blog Meble Kuku\u0142ka<\/h1>\n<h2>Sprawd\u017a najlepsze meble w naszym sklepie meblekukulka.pl<\/h2>\n<a href=\"https:\/\/meblekukulka.pl\/30-sofy-tapicerowane\" > <img src=\"https:\/\/www.meblekukulka.pl\/blog\/wp-content\/uploads\/2022\/02\/living-room-g4f220dce2_1920.jpg\" width=\"200\" height=\"160\" title=\"Sofy\" alt=\"Sofy tapicerowane\"> <\/a> <h3> <a href=\"https:\/\/meblekukulka.pl\/30-sofy-tapicerowane\" > Sofy <\/a> <\/h3> \n <a href=\"https:\/\/meblekukulka.pl\/16-kanapy-tapicerowane\" > <img src=\"https:\/\/www.meblekukulka.pl\/blog\/wp-content\/uploads\/2022\/02\/sofa-ge04f51e67_1920.jpg\" width=\"200\" height=\"160\" title=\"Kanapy\" alt=\"Kanapy tapicerowane\"> <\/a> <h3> <a href=\"https:\/\/meblekukulka.pl\/16-kanapy-tapicerowane\" > Kanapy <\/a> <\/h3> \n <a href=\"https:\/\/meblekukulka.pl\/22-lozka\" > <img src=\"https:\/\/www.meblekukulka.pl\/blog\/wp-content\/uploads\/2022\/02\/reside-ga3051e18d_1920.jpg\" width=\"200\" height=\"160\" title=\"\u0141\u00f3\u017cka\" alt=\"\u0141\u00f3\u017cka tapicerowane\"> <\/a> <h3> <a href=\"https:\/\/meblekukulka.pl\/22-lozka\" > \u0141\u00f3\u017cka <\/a> <\/h3> \n <a href=\"https:\/\/meblekukulka.pl\/12-fotele-tapicerowane\" > <img src=\"https:\/\/www.meblekukulka.pl\/blog\/wp-content\/uploads\/2022\/02\/design-g97ccecc88_1920.jpg\" width=\"200\" height=\"160\" title=\"Fotele\" alt=\"Fotele tapicerowane\"> <\/a> <h3> <a href=\"https:\/\/meblekukulka.pl\/12-fotele-tapicerowane\" > Fotele <\/a> <\/h3>","_links":{"self":[{"href":"https:\/\/meblekukulka.pl\/blog\/wp-json\/wp\/v2\/pages\/54"}],"collection":[{"href":"https:\/\/meblekukulka.pl\/blog\/wp-json\/wp\/v2\/pages"}],"about":[{"href":"https:\/\/meblekukulka.pl\/blog\/wp-json\/wp\/v2\/types\/page"}],"author":[{"embeddable":true,"href":"https:\/\/meblekukulka.pl\/blog\/wp-json\/wp\/v2\/users\/1"}],"replies":[{"embeddable":true,"href":"https:\/\/meblekukulka.pl\/blog\/wp-json\/wp\/v2\/comments?post=54"}],"version-history":[{"count":19,"href":"https:\/\/meblekukulka.pl\/blog\/wp-json\/wp\/v2\/pages\/54\/revisions"}],"predecessor-version":[{"id":1303,"href":"https:\/\/meblekukulka.pl\/blog\/wp-json\/wp\/v2\/pages\/54\/revisions\/1303"}],"wp:attachment":[{"href":"https:\/\/meblekukulka.pl\/blog\/wp-json\/wp\/v2\/media?parent=54"}],"curies":[{"name":"wp","href":"https:\/\/api.w.org\/{rel}","templated":true}]}}